{"id":15,"date":"2016-02-02T18:00:58","date_gmt":"2016-02-02T17:00:58","guid":{"rendered":"http:\/\/rotary.zamosc.pl\/?page_id=15"},"modified":"2026-07-02T17:28:52","modified_gmt":"2026-07-02T15:28:52","slug":"zarzad","status":"publish","type":"page","link":"https:\/\/rotary.zamosc.pl\/index.php\/zarzad\/","title":{"rendered":"Zarz\u0105d"},"content":{"rendered":"\t\t<div data-elementor-type=\"wp-page\" data-elementor-id=\"15\" class=\"elementor elementor-15\">\n\t\t\t\t\t\t<section class=\"elementor-section elementor-top-section elementor-element elementor-element-wxxlntd elementor-section-stretched elementor-section-boxed elementor-section-height-default elementor-section-height-default\" data-id=\"wxxlntd\" data-element_type=\"section\" data-e-type=\"section\" data-settings=\"{&quot;stretch_section&quot;:&quot;section-stretched&quot;}\">\n\t\t\t\t\t\t<div class=\"elementor-container elementor-column-gap-default\">\n\t\t\t\t\t<div class=\"elementor-column elementor-col-100 elementor-top-column elementor-element elementor-element-lsrhyfu\" data-id=\"lsrhyfu\" data-element_type=\"column\" data-e-type=\"column\">\n\t\t\t<div class=\"elementor-widget-wrap elementor-element-populated\">\n\t\t\t\t\t\t<div class=\"elementor-element elementor-element-a74rw4e elementor-widget elementor-widget-heading\" data-id=\"a74rw4e\" data-element_type=\"widget\" data-e-type=\"widget\" data-widget_type=\"heading.default\">\n\t\t\t\t<div class=\"elementor-widget-container\">\n\t\t\t\t\t<h2 class=\"elementor-heading-title elementor-size-default\">Dane rejestrowe<\/h2>\t\t\t\t<\/div>\n\t\t\t\t<\/div>\n\t\t\t\t<div class=\"elementor-element elementor-element-rk8f732 elementor-widget elementor-widget-shortcode\" data-id=\"rk8f732\" data-element_type=\"widget\" data-e-type=\"widget\" data-widget_type=\"shortcode.default\">\n\t\t\t\t<div class=\"elementor-widget-container\">\n\t\t\t\t\t\t\t<div class=\"elementor-shortcode\">\n<table id=\"tablepress-2\" class=\"tablepress tablepress-id-2\">\n<tbody class=\"row-striping row-hover\">\n<tr class=\"row-1\">\n\t<td class=\"column-1\">DATA REJESTRACJI W S\u0104DZIE<\/td><td class=\"column-2\">12.07.1993<\/td>\n<\/tr>\n<tr class=\"row-2\">\n\t<td class=\"column-1\">NUMER REJESTRACYJNY RI<\/td><td class=\"column-2\">RI 0030379<\/td>\n<\/tr>\n<tr class=\"row-3\">\n\t<td class=\"column-1\">DATA CHARTERU<\/td><td class=\"column-2\">20.09.1994<\/td>\n<\/tr>\n<tr class=\"row-4\">\n\t<td class=\"column-1\">ZA\u0141O\u017bONY PRZEZ<\/td><td class=\"column-2\">RC LUBLIN, RC COMINES (FRANCJA)<\/td>\n<\/tr>\n<tr class=\"row-5\">\n\t<td class=\"column-1\">LICZBA CZ\u0141ONK\u00d3W HONOROWYCH<\/td><td class=\"column-2\">7<\/td>\n<\/tr>\n<tr class=\"row-6\">\n\t<td class=\"column-1\">LICZBA CZ\u0141ONK\u00d3W<\/td><td class=\"column-2\">25<\/td>\n<\/tr>\n<\/tbody>\n<\/table>\n<!-- #tablepress-2 from cache --><\/div>\n\t\t\t\t\t\t<\/div>\n\t\t\t\t<\/div>\n\t\t\t\t\t<\/div>\n\t\t<\/div>\n\t\t\t\t\t<\/div>\n\t\t<\/section>\n\t\t\t\t<section class=\"elementor-section elementor-top-section elementor-element elementor-element-409yonj elementor-section-stretched elementor-section-boxed elementor-section-height-default elementor-section-height-default\" data-id=\"409yonj\" data-element_type=\"section\" data-e-type=\"section\" data-settings=\"{&quot;stretch_section&quot;:&quot;section-stretched&quot;}\">\n\t\t\t\t\t\t<div class=\"elementor-container elementor-column-gap-default\">\n\t\t\t\t\t<div class=\"elementor-column elementor-col-100 elementor-top-column elementor-element elementor-element-8zvxgqj\" data-id=\"8zvxgqj\" data-element_type=\"column\" data-e-type=\"column\">\n\t\t\t<div class=\"elementor-widget-wrap elementor-element-populated\">\n\t\t\t\t\t\t<div class=\"elementor-element elementor-element-5zpk2fv elementor-widget elementor-widget-spacer\" data-id=\"5zpk2fv\" data-element_type=\"widget\" data-e-type=\"widget\" data-widget_type=\"spacer.default\">\n\t\t\t\t<div class=\"elementor-widget-container\">\n\t\t\t\t\t\t\t<div class=\"elementor-spacer\">\n\t\t\t<div class=\"elementor-spacer-inner\"><\/div>\n\t\t<\/div>\n\t\t\t\t\t\t<\/div>\n\t\t\t\t<\/div>\n\t\t\t\t\t<\/div>\n\t\t<\/div>\n\t\t\t\t\t<\/div>\n\t\t<\/section>\n\t\t\t\t<section class=\"elementor-section elementor-top-section elementor-element elementor-element-1b43371 elementor-section-stretched elementor-section-boxed elementor-section-height-default elementor-section-height-default\" data-id=\"1b43371\" data-element_type=\"section\" data-e-type=\"section\" data-settings=\"{&quot;stretch_section&quot;:&quot;section-stretched&quot;}\">\n\t\t\t\t\t\t<div class=\"elementor-container elementor-column-gap-default\">\n\t\t\t\t\t<div class=\"elementor-column elementor-col-33 elementor-top-column elementor-element elementor-element-c233e51\" data-id=\"c233e51\" data-element_type=\"column\" data-e-type=\"column\">\n\t\t\t<div class=\"elementor-widget-wrap elementor-element-populated\">\n\t\t\t\t\t\t<div class=\"elementor-element elementor-element-m1glizl elementor-widget elementor-widget-heading\" data-id=\"m1glizl\" data-element_type=\"widget\" data-e-type=\"widget\" data-widget_type=\"heading.default\">\n\t\t\t\t<div class=\"elementor-widget-container\">\n\t\t\t\t\t<h2 class=\"elementor-heading-title elementor-size-default\">Zarz\u0105d 2026 - 2027<\/h2>\t\t\t\t<\/div>\n\t\t\t\t<\/div>\n\t\t\t\t<div class=\"elementor-element elementor-element-9hlkap8 elementor-widget elementor-widget-text-editor\" data-id=\"9hlkap8\" data-element_type=\"widget\" data-e-type=\"widget\" data-widget_type=\"text-editor.default\">\n\t\t\t\t<div class=\"elementor-widget-container\">\n\t\t\t\t\t\t\t\t\t<p>PREZYDENT &#8211; LECH SIKORA<br \/>WICEPREZYDENT &#8211; SZYMA\u0143SKI BOGDAN<br \/>SEKRETARZ &#8211; PIWKOWSKI MIROS\u0141AW\u00a0<br \/>SKARBNIK &#8211; BUDZY\u0143SKI ADAM<\/p>\t\t\t\t\t\t\t\t<\/div>\n\t\t\t\t<\/div>\n\t\t\t\t\t<\/div>\n\t\t<\/div>\n\t\t\t\t<div class=\"elementor-column elementor-col-33 elementor-top-column elementor-element elementor-element-d8dc5b8\" data-id=\"d8dc5b8\" data-element_type=\"column\" data-e-type=\"column\">\n\t\t\t<div class=\"elementor-widget-wrap elementor-element-populated\">\n\t\t\t\t\t\t<div class=\"elementor-element elementor-element-pe1wie6 elementor-widget elementor-widget-heading\" data-id=\"pe1wie6\" data-element_type=\"widget\" data-e-type=\"widget\" data-widget_type=\"heading.default\">\n\t\t\t\t<div class=\"elementor-widget-container\">\n\t\t\t\t\t<h2 class=\"elementor-heading-title elementor-size-default\">Past Prezydenci<\/h2>\t\t\t\t<\/div>\n\t\t\t\t<\/div>\n\t\t\t\t<div class=\"elementor-element elementor-element-3wgpazp elementor-widget elementor-widget-text-editor\" data-id=\"3wgpazp\" data-element_type=\"widget\" data-e-type=\"widget\" data-widget_type=\"text-editor.default\">\n\t\t\t\t<div class=\"elementor-widget-container\">\n\t\t\t\t\t\t\t\t\t<p style=\"text-align: center;\">1994\/1995 &#8211; ZBIGNIEW LITWAJTIS<br \/>1995\/1996 &#8211; W\u0141ODZIMIERZ BENTKOWSKI<br \/>1996\/1997 &#8211; ADAM MAJKUT<br \/>1997\/1998 &#8211; WOJCIECH KARA\u015a<br \/>1998\/1999 &#8211; JERZY LIBERADZKI<br \/>1999\/2000 &#8211; JANUSZ NOWOSAD<br \/>2000\/2001 &#8211; ZBIGNIEW LITWAJTIS<br \/>2001\/2002 &#8211; MAREK KWIECIE\u0143<br \/>2002\/2003 &#8211; KRZYSZTOF BORK<br \/>2003\/2004 &#8211; ANDRZEJ BEDNARZ<br \/>2004\/2005 &#8211; RYSZARD \u0141UCZYN<br \/>2005\/2006 &#8211; CEZARY ZI\u00d3\u0141KOWSKI<br \/>2006\/2007 &#8211; W\u0141ODZIMIERZ BENTKOWSKI<br \/>2007\/2008 &#8211; TOMASZ ANASIEWICZ<br \/>2008\/2009 &#8211; ANDRZEJ \u015aNIE\u017bKO<br \/>2009\/2010 &#8211; KRZYSZTOF WR\u00d3BLEWSKI<br \/>2010\/2011 &#8211; MAREK KWIECIE\u0143<br \/>2011\/2012 &#8211; MIROS\u0141AW PIWKOWSKI<br \/>2012\/2013 &#8211; SYLWESTER BORKOWSKI<br \/>2013\/2014 &#8211; RADOS\u0141AW \u015aWIERCZY\u0143SKI<br \/>2014\/2015 &#8211; RYSZARD \u0141UCZYN<br \/>2015\/2016 &#8211; JERZY LIBERADZKI<br \/>2016\/2017 &#8211; BOGDAN SZYMA\u0143SKI<br \/>2017\/2018 &#8211; HENRYK GAJEWSKI<br \/>2018\/2019 &#8211; RYSZARD ANTOS<br \/>2019\/2020 &#8211; KRZYSZTOF BORK<br \/>2020\/2021 JERZY LIBERADZKI<br \/>2021\/2022 ZGNIGNIEW \u017bUKOWSKI<br \/>2022\/2023 EL\u017bBIETA SZYMA\u0143SKA<br \/>2023\/2024 ZBIGNIEW GUMULI\u0143SKI<br \/>2024\/2025 BOGDAN SZYMA\u0143SKI<br \/>2025\/2026 RYSZARD ANTOS<\/p>\t\t\t\t\t\t\t\t<\/div>\n\t\t\t\t<\/div>\n\t\t\t\t\t<\/div>\n\t\t<\/div>\n\t\t\t\t<div class=\"elementor-column elementor-col-33 elementor-top-column elementor-element elementor-element-1d8d117\" data-id=\"1d8d117\" data-element_type=\"column\" data-e-type=\"column\">\n\t\t\t<div class=\"elementor-widget-wrap elementor-element-populated\">\n\t\t\t\t\t\t<div class=\"elementor-element elementor-element-wblnnxn elementor-widget elementor-widget-heading\" data-id=\"wblnnxn\" data-element_type=\"widget\" data-e-type=\"widget\" data-widget_type=\"heading.default\">\n\t\t\t\t<div class=\"elementor-widget-container\">\n\t\t\t\t\t<h2 class=\"elementor-heading-title elementor-size-default\">Wyr\u00f3\u017cnieni odznak\u0105 Paul Harris<\/h2>\t\t\t\t<\/div>\n\t\t\t\t<\/div>\n\t\t\t\t<div class=\"elementor-element elementor-element-uc960vu elementor-widget elementor-widget-image\" data-id=\"uc960vu\" data-element_type=\"widget\" data-e-type=\"widget\" data-widget_type=\"image.default\">\n\t\t\t\t<div class=\"elementor-widget-container\">\n\t\t\t\t\t\t\t\t\t\t\t\t\t\t\t<img fetchpriority=\"high\" decoding=\"async\" width=\"350\" height=\"214\" src=\"https:\/\/rotary.zamosc.pl\/wp-content\/uploads\/2016\/02\/paul-harris-1.png\" class=\"attachment-large size-large wp-image-1574\" alt=\"\" srcset=\"https:\/\/rotary.zamosc.pl\/wp-content\/uploads\/2016\/02\/paul-harris-1.png 350w, https:\/\/rotary.zamosc.pl\/wp-content\/uploads\/2016\/02\/paul-harris-1-300x183.png 300w\" sizes=\"(max-width: 350px) 100vw, 350px\" \/>\t\t\t\t\t\t\t\t\t\t\t\t\t\t\t<\/div>\n\t\t\t\t<\/div>\n\t\t\t\t<div class=\"elementor-element elementor-element-1qalnsu elementor-widget elementor-widget-text-editor\" data-id=\"1qalnsu\" data-element_type=\"widget\" data-e-type=\"widget\" data-widget_type=\"text-editor.default\">\n\t\t\t\t<div class=\"elementor-widget-container\">\n\t\t\t\t\t\t\t\t\t<p style=\"text-align: center;\">Jerzy Liberadzki<br \/>Sylwester Borkowski<br \/>Tomasz Anasiewicz<br \/>Zbigniew \u017bukowski<br \/>Krzysztof Wr\u00f3blewski<br \/>Zbigniew Litwajtis<br \/>W\u0142odzimierz Bentkowski<br \/>Adam Majkut<br \/>Marcin Zamoyski<br \/>Janusz Nowosad<br \/>Miros\u0142aw Piwkowski<br \/>Ryszard \u0141uczyn<br \/>Marek Kwiecie\u0144<br \/>Andrzej Bednarz<br \/>Rados\u0142aw \u015awierczy\u0144ski<br \/>Krzysztof Bork (z Szafirem)<br \/>Henryk Gajewski<br \/>Ryszard Antos<br \/>Bogdan Szyma\u0144ski<br \/>El\u017cbieta Anna Szyma\u0144ska<br \/>Zbigniew Gumuli\u0144ski<br \/>Rafa\u0142 Pasieka<br \/>El\u017cbieta Szyma\u0144ska (z Szafirem)<\/p>\t\t\t\t\t\t\t\t<\/div>\n\t\t\t\t<\/div>\n\t\t\t\t\t<\/div>\n\t\t<\/div>\n\t\t\t\t\t<\/div>\n\t\t<\/section>\n\t\t\t\t<section class=\"elementor-section elementor-top-section elementor-element elementor-element-999uz62 elementor-section-stretched elementor-section-boxed elementor-section-height-default elementor-section-height-default\" data-id=\"999uz62\" data-element_type=\"section\" data-e-type=\"section\" data-settings=\"{&quot;stretch_section&quot;:&quot;section-stretched&quot;}\">\n\t\t\t\t\t\t<div class=\"elementor-container elementor-column-gap-extended\">\n\t\t\t\t\t<div class=\"elementor-column elementor-col-50 elementor-top-column elementor-element elementor-element-dikwnks\" data-id=\"dikwnks\" data-element_type=\"column\" data-e-type=\"column\">\n\t\t\t<div class=\"elementor-widget-wrap\">\n\t\t\t\t\t\t\t<\/div>\n\t\t<\/div>\n\t\t\t\t<div class=\"elementor-column elementor-col-50 elementor-top-column elementor-element elementor-element-sjscx1a\" data-id=\"sjscx1a\" data-element_type=\"column\" data-e-type=\"column\">\n\t\t\t<div class=\"elementor-widget-wrap\">\n\t\t\t\t\t\t\t<\/div>\n\t\t<\/div>\n\t\t\t\t\t<\/div>\n\t\t<\/section>\n\t\t\t\t<\/div>\n\t\t","protected":false},"excerpt":{"rendered":"<p>Dane rejestrowe Zarz\u0105d 2026 &#8211; 2027 PREZYDENT &#8211; LECH SIKORAWICEPREZYDENT &#8211; SZYMA\u0143SKI BOGDANSEKRETARZ &#8211; PIWKOWSKI MIROS\u0141AW\u00a0SKARBNIK &#8211; BUDZY\u0143SKI ADAM Past Prezydenci 1994\/1995 &#8211; ZBIGNIEW LITWAJTIS1995\/1996 &#8211; W\u0141ODZIMIERZ BENTKOWSKI1996\/1997 &#8211; ADAM MAJKUT1997\/1998 &#8211; WOJCIECH KARA\u015a1998\/1999 &#8211; JERZY LIBERADZKI1999\/2000 &#8211; JANUSZ NOWOSAD2000\/2001 &#8211; ZBIGNIEW LITWAJTIS2001\/2002 &#8211; MAREK KWIECIE\u01432002\/2003 &#8211; KRZYSZTOF BORK2003\/2004 &#8211; ANDRZEJ BEDNARZ2004\/2005 &#8211; RYSZARD \u0141UCZYN2005\/2006&#8230;<\/p>\n","protected":false},"author":1,"featured_media":0,"parent":0,"menu_order":0,"comment_status":"closed","ping_status":"closed","template":"","meta":{"footnotes":""},"class_list":["post-15","page","type-page","status-publish","hentry"],"rttpg_featured_image_url":null,"rttpg_author":{"display_name":"rotaryzamosc","author_link":"https:\/\/rotary.zamosc.pl\/index.php\/author\/rotaryzamosc\/"},"rttpg_comment":0,"rttpg_category":null,"rttpg_excerpt":"Dane rejestrowe Zarz\u0105d 2026 &#8211; 2027 PREZYDENT &#8211; LECH SIKORAWICEPREZYDENT &#8211; SZYMA\u0143SKI BOGDANSEKRETARZ &#8211; PIWKOWSKI MIROS\u0141AW\u00a0SKARBNIK &#8211; BUDZY\u0143SKI ADAM Past Prezydenci 1994\/1995 &#8211; ZBIGNIEW LITWAJTIS1995\/1996 &#8211; W\u0141ODZIMIERZ BENTKOWSKI1996\/1997 &#8211; ADAM MAJKUT1997\/1998 &#8211; WOJCIECH KARA\u015a1998\/1999 &#8211; JERZY LIBERADZKI1999\/2000 &#8211; JANUSZ NOWOSAD2000\/2001 &#8211; ZBIGNIEW LITWAJTIS2001\/2002 &#8211; MAREK KWIECIE\u01432002\/2003 &#8211; KRZYSZTOF BORK2003\/2004 &#8211; ANDRZEJ BEDNARZ2004\/2005 &#8211; RYSZARD \u0141UCZYN2005\/2006...","_links":{"self":[{"href":"https:\/\/rotary.zamosc.pl\/index.php\/wp-json\/wp\/v2\/pages\/15","targetHints":{"allow":["GET"]}}],"collection":[{"href":"https:\/\/rotary.zamosc.pl\/index.php\/wp-json\/wp\/v2\/pages"}],"about":[{"href":"https:\/\/rotary.zamosc.pl\/index.php\/wp-json\/wp\/v2\/types\/page"}],"author":[{"embeddable":true,"href":"https:\/\/rotary.zamosc.pl\/index.php\/wp-json\/wp\/v2\/users\/1"}],"replies":[{"embeddable":true,"href":"https:\/\/rotary.zamosc.pl\/index.php\/wp-json\/wp\/v2\/comments?post=15"}],"version-history":[{"count":147,"href":"https:\/\/rotary.zamosc.pl\/index.php\/wp-json\/wp\/v2\/pages\/15\/revisions"}],"predecessor-version":[{"id":8371,"href":"https:\/\/rotary.zamosc.pl\/index.php\/wp-json\/wp\/v2\/pages\/15\/revisions\/8371"}],"wp:attachment":[{"href":"https:\/\/rotary.zamosc.pl\/index.php\/wp-json\/wp\/v2\/media?parent=15"}],"curies":[{"name":"wp","href":"https:\/\/api.w.org\/{rel}","templated":true}]}}