{"id":228,"date":"2016-02-10T11:52:40","date_gmt":"2016-02-10T10:52:40","guid":{"rendered":"http:\/\/rotary.zamosc.pl\/?page_id=228"},"modified":"2023-07-24T14:17:10","modified_gmt":"2023-07-24T12:17:10","slug":"witamy-stronie-rotary-klub-zamosc","status":"publish","type":"page","link":"https:\/\/rotary.zamosc.pl\/index.php\/witamy-stronie-rotary-klub-zamosc\/","title":{"rendered":"Witamy na stronie Rotary Klub Zamo\u015b\u0107"},"content":{"rendered":"\t\t<div data-elementor-type=\"wp-page\" data-elementor-id=\"228\" class=\"elementor elementor-228\">\n\t\t\t\t\t\t<section class=\"elementor-section elementor-top-section elementor-element elementor-element-ruvglcd elementor-section-boxed elementor-section-height-default elementor-section-height-default\" data-id=\"ruvglcd\" data-element_type=\"section\" data-e-type=\"section\">\n\t\t\t\t\t\t<div class=\"elementor-container elementor-column-gap-default\">\n\t\t\t\t\t<div class=\"elementor-column elementor-col-100 elementor-top-column elementor-element elementor-element-pruqoae\" data-id=\"pruqoae\" data-element_type=\"column\" data-e-type=\"column\">\n\t\t\t<div class=\"elementor-widget-wrap elementor-element-populated\">\n\t\t\t\t\t\t<div class=\"elementor-element elementor-element-uxzjnhg elementor-widget elementor-widget-text-editor\" data-id=\"uxzjnhg\" data-element_type=\"widget\" data-e-type=\"widget\" data-widget_type=\"text-editor.default\">\n\t\t\t\t<div class=\"elementor-widget-container\">\n\t\t\t\t\t\t\t\t\t<p><img fetchpriority=\"high\" decoding=\"async\" class=\"aligncenter wp-image-326 size-large\" src=\"https:\/\/rotary.zamosc.pl\/wp-content\/uploads\/2016\/02\/21061605-1024x715.jpg\" width=\"700\" height=\"489\" srcset=\"https:\/\/rotary.zamosc.pl\/wp-content\/uploads\/2016\/02\/21061605-1024x715.jpg 1024w, https:\/\/rotary.zamosc.pl\/wp-content\/uploads\/2016\/02\/21061605-300x209.jpg 300w, https:\/\/rotary.zamosc.pl\/wp-content\/uploads\/2016\/02\/21061605-768x536.jpg 768w, https:\/\/rotary.zamosc.pl\/wp-content\/uploads\/2016\/02\/21061605-800x559.jpg 800w\" sizes=\"(max-width: 700px) 100vw, 700px\" \/><\/p>\t\t\t\t\t\t\t\t<\/div>\n\t\t\t\t<\/div>\n\t\t\t\t<div class=\"elementor-element elementor-element-baba1c0 elementor-widget elementor-widget-html\" data-id=\"baba1c0\" data-element_type=\"widget\" data-e-type=\"widget\" data-widget_type=\"html.default\">\n\t\t\t\t<div class=\"elementor-widget-container\">\n\t\t\t\t\t<script src=\"https:\/\/www.siepomaga.pl\/organizacje\/widget.js\" async=\"async\" data-organization-id=\"2578\" data-openable=\"true\"><\/script>\t\t\t\t<\/div>\n\t\t\t\t<\/div>\n\t\t\t\t\t<\/div>\n\t\t<\/div>\n\t\t\t\t\t<\/div>\n\t\t<\/section>\n\t\t\t\t<section class=\"elementor-section elementor-top-section elementor-element elementor-element-arfsxah elementor-section-boxed elementor-section-height-default elementor-section-height-default\" data-id=\"arfsxah\" data-element_type=\"section\" data-e-type=\"section\">\n\t\t\t\t\t\t<div class=\"elementor-container elementor-column-gap-default\">\n\t\t\t\t\t<div class=\"elementor-column elementor-col-100 elementor-top-column elementor-element elementor-element-nle6nv7\" data-id=\"nle6nv7\" data-element_type=\"column\" data-e-type=\"column\">\n\t\t\t<div class=\"elementor-widget-wrap elementor-element-populated\">\n\t\t\t\t\t\t<div class=\"elementor-element elementor-element-1908o1u elementor-widget elementor-widget-heading\" data-id=\"1908o1u\" data-element_type=\"widget\" data-e-type=\"widget\" data-widget_type=\"heading.default\">\n\t\t\t\t<div class=\"elementor-widget-container\">\n\t\t\t\t\t<h2 class=\"elementor-heading-title elementor-size-default\">ZAS\u0141U\u017bENI DLA MIASTA ZAMO\u015aCIA<\/h2>\t\t\t\t<\/div>\n\t\t\t\t<\/div>\n\t\t\t\t<div class=\"elementor-element elementor-element-pe3ptgw elementor-widget elementor-widget-text-editor\" data-id=\"pe3ptgw\" data-element_type=\"widget\" data-e-type=\"widget\" data-widget_type=\"text-editor.default\">\n\t\t\t\t<div class=\"elementor-widget-container\">\n\t\t\t\t\t\t\t\t\t<p style=\"text-align: justify;\">W dniu 5 pa\u017adziernika 2019 roku, w Sali Consulatus Zamojskiego Ratusza, podczas uroczystych obchod\u00f3w 25 lecia RC Zamo\u015b\u0107, nasz klubowy kolega Jerzy Liberadzki, za dzia\u0142alno\u015b\u0107 na rzecz miasta i jego mieszka\u0144c\u00f3w, zosta\u0142 uhonorowany medalem \u201eZas\u0142u\u017cony dla Miasta Zamo\u015bcia. R\u00f3wnie\u017c Rotary Klub Zamo\u015b\u0107 jako stowarzyszenie zosta\u0142 odznaczony medalem \u201eZas\u0142u\u017cony dla Miasta Zamo\u015bcia\u201d, za wieloletnie zaanga\u017cowanie w dzia\u0142ania na rzecz miasta Zamo\u015b\u0107 i spo\u0142eczno\u015bci lokalnej.<\/p><p style=\"text-align: justify;\">Jerzy Liberadzki oraz Prezydent RC Zamo\u015b\u0107 Krzysztof Bork, odebrali medale od Prezydenta Miasta Zamo\u015bcia pana Andrzeja Wnuka.<\/p>\t\t\t\t\t\t\t\t<\/div>\n\t\t\t\t<\/div>\n\t\t\t\t\t<\/div>\n\t\t<\/div>\n\t\t\t\t\t<\/div>\n\t\t<\/section>\n\t\t\t\t<section class=\"elementor-section elementor-top-section elementor-element elementor-element-8p66ner elementor-section-stretched elementor-section-boxed elementor-section-height-default elementor-section-height-default\" data-id=\"8p66ner\" data-element_type=\"section\" data-e-type=\"section\" data-settings=\"{&quot;stretch_section&quot;:&quot;section-stretched&quot;}\">\n\t\t\t\t\t\t<div class=\"elementor-container elementor-column-gap-default\">\n\t\t\t\t\t<div class=\"elementor-column elementor-col-50 elementor-top-column elementor-element elementor-element-de9xsj2\" data-id=\"de9xsj2\" data-element_type=\"column\" data-e-type=\"column\">\n\t\t\t<div class=\"elementor-widget-wrap elementor-element-populated\">\n\t\t\t\t\t\t<div class=\"elementor-element elementor-element-lzc4rjg elementor-widget elementor-widget-image\" data-id=\"lzc4rjg\" data-element_type=\"widget\" data-e-type=\"widget\" data-widget_type=\"image.default\">\n\t\t\t\t<div class=\"elementor-widget-container\">\n\t\t\t\t\t\t\t\t\t\t\t\t\t\t\t<img decoding=\"async\" width=\"700\" height=\"1244\" src=\"https:\/\/rotary.zamosc.pl\/wp-content\/uploads\/2016\/02\/indeks-700x1244.jpg\" class=\"elementor-animation-grow attachment-large size-large wp-image-1349\" alt=\"\" srcset=\"https:\/\/rotary.zamosc.pl\/wp-content\/uploads\/2016\/02\/indeks-700x1244.jpg 700w, https:\/\/rotary.zamosc.pl\/wp-content\/uploads\/2016\/02\/indeks-169x300.jpg 169w, https:\/\/rotary.zamosc.pl\/wp-content\/uploads\/2016\/02\/indeks-768x1365.jpg 768w, https:\/\/rotary.zamosc.pl\/wp-content\/uploads\/2016\/02\/indeks-800x1422.jpg 800w, https:\/\/rotary.zamosc.pl\/wp-content\/uploads\/2016\/02\/indeks.jpg 900w\" sizes=\"(max-width: 700px) 100vw, 700px\" \/>\t\t\t\t\t\t\t\t\t\t\t\t\t\t\t<\/div>\n\t\t\t\t<\/div>\n\t\t\t\t\t<\/div>\n\t\t<\/div>\n\t\t\t\t<div class=\"elementor-column elementor-col-50 elementor-top-column elementor-element elementor-element-ergjza7\" data-id=\"ergjza7\" data-element_type=\"column\" data-e-type=\"column\">\n\t\t\t<div class=\"elementor-widget-wrap elementor-element-populated\">\n\t\t\t\t\t\t<div class=\"elementor-element elementor-element-r39pabn elementor-widget elementor-widget-image\" data-id=\"r39pabn\" data-element_type=\"widget\" data-e-type=\"widget\" data-widget_type=\"image.default\">\n\t\t\t\t<div class=\"elementor-widget-container\">\n\t\t\t\t\t\t\t\t\t\t\t\t\t\t\t<img decoding=\"async\" width=\"700\" height=\"1244\" src=\"https:\/\/rotary.zamosc.pl\/wp-content\/uploads\/2016\/02\/indeks1-700x1244.jpg\" class=\"elementor-animation-grow attachment-large size-large wp-image-1350\" alt=\"\" srcset=\"https:\/\/rotary.zamosc.pl\/wp-content\/uploads\/2016\/02\/indeks1-700x1244.jpg 700w, https:\/\/rotary.zamosc.pl\/wp-content\/uploads\/2016\/02\/indeks1-169x300.jpg 169w, https:\/\/rotary.zamosc.pl\/wp-content\/uploads\/2016\/02\/indeks1-768x1365.jpg 768w, https:\/\/rotary.zamosc.pl\/wp-content\/uploads\/2016\/02\/indeks1-800x1422.jpg 800w, https:\/\/rotary.zamosc.pl\/wp-content\/uploads\/2016\/02\/indeks1.jpg 900w\" sizes=\"(max-width: 700px) 100vw, 700px\" \/>\t\t\t\t\t\t\t\t\t\t\t\t\t\t\t<\/div>\n\t\t\t\t<\/div>\n\t\t\t\t\t<\/div>\n\t\t<\/div>\n\t\t\t\t\t<\/div>\n\t\t<\/section>\n\t\t\t\t<section class=\"elementor-section elementor-top-section elementor-element elementor-element-5xdjpkr elementor-section-boxed elementor-section-height-default elementor-section-height-default\" data-id=\"5xdjpkr\" data-element_type=\"section\" data-e-type=\"section\">\n\t\t\t\t\t\t<div class=\"elementor-container elementor-column-gap-default\">\n\t\t\t\t\t<div class=\"elementor-column elementor-col-100 elementor-top-column elementor-element elementor-element-agayv5g\" data-id=\"agayv5g\" data-element_type=\"column\" data-e-type=\"column\">\n\t\t\t<div class=\"elementor-widget-wrap elementor-element-populated\">\n\t\t\t\t\t\t<div class=\"elementor-element elementor-element-k2c6dmd elementor-widget elementor-widget-spacer\" data-id=\"k2c6dmd\" data-element_type=\"widget\" data-e-type=\"widget\" data-widget_type=\"spacer.default\">\n\t\t\t\t<div class=\"elementor-widget-container\">\n\t\t\t\t\t\t\t<div class=\"elementor-spacer\">\n\t\t\t<div class=\"elementor-spacer-inner\"><\/div>\n\t\t<\/div>\n\t\t\t\t\t\t<\/div>\n\t\t\t\t<\/div>\n\t\t\t\t<div class=\"elementor-element elementor-element-64eju63 elementor-widget elementor-widget-heading\" data-id=\"64eju63\" data-element_type=\"widget\" data-e-type=\"widget\" data-widget_type=\"heading.default\">\n\t\t\t\t<div class=\"elementor-widget-container\">\n\t\t\t\t\t<h2 class=\"elementor-heading-title elementor-size-default\">ODZNAKI HONOROWE PCK DLA RC ZAMO\u015a\u0106<\/h2>\t\t\t\t<\/div>\n\t\t\t\t<\/div>\n\t\t\t\t<div class=\"elementor-element elementor-element-x2sb9op elementor-widget elementor-widget-text-editor\" data-id=\"x2sb9op\" data-element_type=\"widget\" data-e-type=\"widget\" data-widget_type=\"text-editor.default\">\n\t\t\t\t<div class=\"elementor-widget-container\">\n\t\t\t\t\t\t\t\t\t<p>Uchwa\u0142\u0105 Kapitu\u0142y Odznaki Honorowej Polskiego Czerwonego Krzy\u017ca, Rotary Club Zamo\u015b\u0107 zosta\u0142 wyr\u00f3\u017cniony w 2013 roku Odznak\u0105 Honorow\u0105 PCK III stopnia i w 2020 roku Odznak\u0105 Honorow\u0105 PCK IIstopnia.<\/p>\t\t\t\t\t\t\t\t<\/div>\n\t\t\t\t<\/div>\n\t\t\t\t\t<\/div>\n\t\t<\/div>\n\t\t\t\t\t<\/div>\n\t\t<\/section>\n\t\t\t\t<section class=\"elementor-section elementor-top-section elementor-element elementor-element-f5i49de elementor-section-stretched elementor-section-boxed elementor-section-height-default elementor-section-height-default\" data-id=\"f5i49de\" data-element_type=\"section\" data-e-type=\"section\" data-settings=\"{&quot;stretch_section&quot;:&quot;section-stretched&quot;}\">\n\t\t\t\t\t\t<div class=\"elementor-container elementor-column-gap-default\">\n\t\t\t\t\t<div class=\"elementor-column elementor-col-100 elementor-top-column elementor-element elementor-element-issbbf3\" data-id=\"issbbf3\" data-element_type=\"column\" data-e-type=\"column\">\n\t\t\t<div class=\"elementor-widget-wrap elementor-element-populated\">\n\t\t\t\t\t\t<div class=\"elementor-element elementor-element-2sn6leh elementor-widget elementor-widget-image-gallery\" data-id=\"2sn6leh\" data-element_type=\"widget\" data-e-type=\"widget\" data-widget_type=\"image-gallery.default\">\n\t\t\t\t<div class=\"elementor-widget-container\">\n\t\t\t\t\t\t\t<div class=\"elementor-image-gallery\">\n\t\t\t<div id='gallery-1' class='gallery galleryid-228 gallery-columns-3 gallery-size-medium'><figure class='gallery-item'>\n\t\t\t<div class='gallery-icon portrait'>\n\t\t\t\t<a data-elementor-open-lightbox=\"yes\" data-elementor-lightbox-slideshow=\"2sn6leh\" data-elementor-lightbox-title=\"medal 3\" data-e-action-hash=\"#elementor-action%3Aaction%3Dlightbox%26settings%3DeyJpZCI6MTcyMywidXJsIjoiaHR0cHM6XC9cL3JvdGFyeS56YW1vc2MucGxcL3dwLWNvbnRlbnRcL3VwbG9hZHNcLzIwMTZcLzAyXC9tZWRhbC0zLnBuZyIsInNsaWRlc2hvdyI6IjJzbjZsZWgifQ%3D%3D\" href='https:\/\/rotary.zamosc.pl\/wp-content\/uploads\/2016\/02\/medal-3.png'><img loading=\"lazy\" decoding=\"async\" width=\"103\" height=\"300\" src=\"https:\/\/rotary.zamosc.pl\/wp-content\/uploads\/2016\/02\/medal-3-103x300.png\" class=\"attachment-medium size-medium\" alt=\"\" srcset=\"https:\/\/rotary.zamosc.pl\/wp-content\/uploads\/2016\/02\/medal-3-103x300.png 103w, https:\/\/rotary.zamosc.pl\/wp-content\/uploads\/2016\/02\/medal-3-768x2242.png 768w, https:\/\/rotary.zamosc.pl\/wp-content\/uploads\/2016\/02\/medal-3-700x2043.png 700w, https:\/\/rotary.zamosc.pl\/wp-content\/uploads\/2016\/02\/medal-3.png 800w\" sizes=\"(max-width: 103px) 100vw, 103px\" \/><\/a>\n\t\t\t<\/div><\/figure><figure class='gallery-item'>\n\t\t\t<div class='gallery-icon portrait'>\n\t\t\t\t<a data-elementor-open-lightbox=\"yes\" data-elementor-lightbox-slideshow=\"2sn6leh\" data-elementor-lightbox-title=\"medal 2\" data-e-action-hash=\"#elementor-action%3Aaction%3Dlightbox%26settings%3DeyJpZCI6MTcyMiwidXJsIjoiaHR0cHM6XC9cL3JvdGFyeS56YW1vc2MucGxcL3dwLWNvbnRlbnRcL3VwbG9hZHNcLzIwMTZcLzAyXC9tZWRhbC0yLnBuZyIsInNsaWRlc2hvdyI6IjJzbjZsZWgifQ%3D%3D\" href='https:\/\/rotary.zamosc.pl\/wp-content\/uploads\/2016\/02\/medal-2.png'><img loading=\"lazy\" decoding=\"async\" width=\"209\" height=\"300\" src=\"https:\/\/rotary.zamosc.pl\/wp-content\/uploads\/2016\/02\/medal-2-209x300.png\" class=\"attachment-medium size-medium\" alt=\"\" srcset=\"https:\/\/rotary.zamosc.pl\/wp-content\/uploads\/2016\/02\/medal-2-209x300.png 209w, https:\/\/rotary.zamosc.pl\/wp-content\/uploads\/2016\/02\/medal-2-768x1100.png 768w, https:\/\/rotary.zamosc.pl\/wp-content\/uploads\/2016\/02\/medal-2-700x1003.png 700w, https:\/\/rotary.zamosc.pl\/wp-content\/uploads\/2016\/02\/medal-2-800x1146.png 800w, https:\/\/rotary.zamosc.pl\/wp-content\/uploads\/2016\/02\/medal-2.png 1473w\" sizes=\"(max-width: 209px) 100vw, 209px\" \/><\/a>\n\t\t\t<\/div><\/figure><figure class='gallery-item'>\n\t\t\t<div class='gallery-icon portrait'>\n\t\t\t\t<a data-elementor-open-lightbox=\"yes\" data-elementor-lightbox-slideshow=\"2sn6leh\" data-elementor-lightbox-title=\"medal4\" data-e-action-hash=\"#elementor-action%3Aaction%3Dlightbox%26settings%3DeyJpZCI6MTcyOSwidXJsIjoiaHR0cHM6XC9cL3JvdGFyeS56YW1vc2MucGxcL3dwLWNvbnRlbnRcL3VwbG9hZHNcLzIwMTZcLzAyXC9tZWRhbDQucG5nIiwic2xpZGVzaG93IjoiMnNuNmxlaCJ9\" href='https:\/\/rotary.zamosc.pl\/wp-content\/uploads\/2016\/02\/medal4.png'><img loading=\"lazy\" decoding=\"async\" width=\"114\" height=\"300\" src=\"https:\/\/rotary.zamosc.pl\/wp-content\/uploads\/2016\/02\/medal4-114x300.png\" class=\"attachment-medium size-medium\" alt=\"\" srcset=\"https:\/\/rotary.zamosc.pl\/wp-content\/uploads\/2016\/02\/medal4-114x300.png 114w, https:\/\/rotary.zamosc.pl\/wp-content\/uploads\/2016\/02\/medal4-768x2026.png 768w, https:\/\/rotary.zamosc.pl\/wp-content\/uploads\/2016\/02\/medal4-700x1846.png 700w, https:\/\/rotary.zamosc.pl\/wp-content\/uploads\/2016\/02\/medal4.png 800w\" sizes=\"(max-width: 114px) 100vw, 114px\" \/><\/a>\n\t\t\t<\/div><\/figure>\n\t\t<\/div>\n\t\t<\/div>\n\t\t\t\t\t\t<\/div>\n\t\t\t\t<\/div>\n\t\t\t\t\t<\/div>\n\t\t<\/div>\n\t\t\t\t\t<\/div>\n\t\t<\/section>\n\t\t\t\t<\/div>\n\t\t","protected":false},"excerpt":{"rendered":"<p>ZAS\u0141U\u017bENI DLA MIASTA ZAMO\u015aCIA W dniu 5 pa\u017adziernika 2019 roku, w Sali Consulatus Zamojskiego Ratusza, podczas uroczystych obchod\u00f3w 25 lecia RC Zamo\u015b\u0107, nasz klubowy kolega Jerzy Liberadzki, za dzia\u0142alno\u015b\u0107 na rzecz miasta i jego mieszka\u0144c\u00f3w, zosta\u0142 uhonorowany medalem \u201eZas\u0142u\u017cony dla Miasta Zamo\u015bcia. R\u00f3wnie\u017c Rotary Klub Zamo\u015b\u0107 jako stowarzyszenie zosta\u0142 odznaczony medalem \u201eZas\u0142u\u017cony dla Miasta Zamo\u015bcia\u201d,&#8230;<\/p>\n","protected":false},"author":1,"featured_media":297,"parent":0,"menu_order":0,"comment_status":"closed","ping_status":"closed","template":"","meta":{"footnotes":""},"class_list":["post-228","page","type-page","status-publish","has-post-thumbnail","hentry"],"rttpg_featured_image_url":{"full":["https:\/\/rotary.zamosc.pl\/wp-content\/uploads\/2016\/06\/cropped-2009_08_13_-_028_-_Zamosc.jpg",1260,350,false],"landscape":["https:\/\/rotary.zamosc.pl\/wp-content\/uploads\/2016\/06\/cropped-2009_08_13_-_028_-_Zamosc.jpg",1260,350,false],"portraits":["https:\/\/rotary.zamosc.pl\/wp-content\/uploads\/2016\/06\/cropped-2009_08_13_-_028_-_Zamosc.jpg",1260,350,false],"thumbnail":["https:\/\/rotary.zamosc.pl\/wp-content\/uploads\/2016\/06\/cropped-2009_08_13_-_028_-_Zamosc-150x150.jpg",150,150,true],"medium":["https:\/\/rotary.zamosc.pl\/wp-content\/uploads\/2016\/06\/cropped-2009_08_13_-_028_-_Zamosc-300x83.jpg",300,83,true],"large":["https:\/\/rotary.zamosc.pl\/wp-content\/uploads\/2016\/06\/cropped-2009_08_13_-_028_-_Zamosc-1024x284.jpg",700,194,true],"1536x1536":["https:\/\/rotary.zamosc.pl\/wp-content\/uploads\/2016\/06\/cropped-2009_08_13_-_028_-_Zamosc.jpg",1260,350,false],"2048x2048":["https:\/\/rotary.zamosc.pl\/wp-content\/uploads\/2016\/06\/cropped-2009_08_13_-_028_-_Zamosc.jpg",1260,350,false],"post-thumbnail":["https:\/\/rotary.zamosc.pl\/wp-content\/uploads\/2016\/06\/cropped-2009_08_13_-_028_-_Zamosc-800x222.jpg",800,222,true],"graphy-post-thumbnail-large":["https:\/\/rotary.zamosc.pl\/wp-content\/uploads\/2016\/06\/cropped-2009_08_13_-_028_-_Zamosc.jpg",1080,300,false],"graphy-post-thumbnail-medium":["https:\/\/rotary.zamosc.pl\/wp-content\/uploads\/2016\/06\/cropped-2009_08_13_-_028_-_Zamosc.jpg",482,134,false],"graphy-post-thumbnail-small":["https:\/\/rotary.zamosc.pl\/wp-content\/uploads\/2016\/06\/cropped-2009_08_13_-_028_-_Zamosc.jpg",80,22,false],"graphy-page-thumbnail":["https:\/\/rotary.zamosc.pl\/wp-content\/uploads\/2016\/06\/cropped-2009_08_13_-_028_-_Zamosc.jpg",1260,350,false],"sow-carousel-default":["https:\/\/rotary.zamosc.pl\/wp-content\/uploads\/2016\/06\/cropped-2009_08_13_-_028_-_Zamosc.jpg",272,76,false]},"rttpg_author":{"display_name":"rotaryzamosc","author_link":"https:\/\/rotary.zamosc.pl\/index.php\/author\/rotaryzamosc\/"},"rttpg_comment":0,"rttpg_category":null,"rttpg_excerpt":"ZAS\u0141U\u017bENI DLA MIASTA ZAMO\u015aCIA W dniu 5 pa\u017adziernika 2019 roku, w Sali Consulatus Zamojskiego Ratusza, podczas uroczystych obchod\u00f3w 25 lecia RC Zamo\u015b\u0107, nasz klubowy kolega Jerzy Liberadzki, za dzia\u0142alno\u015b\u0107 na rzecz miasta i jego mieszka\u0144c\u00f3w, zosta\u0142 uhonorowany medalem \u201eZas\u0142u\u017cony dla Miasta Zamo\u015bcia. R\u00f3wnie\u017c Rotary Klub Zamo\u015b\u0107 jako stowarzyszenie zosta\u0142 odznaczony medalem \u201eZas\u0142u\u017cony dla Miasta Zamo\u015bcia\u201d,...","_links":{"self":[{"href":"https:\/\/rotary.zamosc.pl\/index.php\/wp-json\/wp\/v2\/pages\/228","targetHints":{"allow":["GET"]}}],"collection":[{"href":"https:\/\/rotary.zamosc.pl\/index.php\/wp-json\/wp\/v2\/pages"}],"about":[{"href":"https:\/\/rotary.zamosc.pl\/index.php\/wp-json\/wp\/v2\/types\/page"}],"author":[{"embeddable":true,"href":"https:\/\/rotary.zamosc.pl\/index.php\/wp-json\/wp\/v2\/users\/1"}],"replies":[{"embeddable":true,"href":"https:\/\/rotary.zamosc.pl\/index.php\/wp-json\/wp\/v2\/comments?post=228"}],"version-history":[{"count":54,"href":"https:\/\/rotary.zamosc.pl\/index.php\/wp-json\/wp\/v2\/pages\/228\/revisions"}],"predecessor-version":[{"id":3735,"href":"https:\/\/rotary.zamosc.pl\/index.php\/wp-json\/wp\/v2\/pages\/228\/revisions\/3735"}],"wp:featuredmedia":[{"embeddable":true,"href":"https:\/\/rotary.zamosc.pl\/index.php\/wp-json\/wp\/v2\/media\/297"}],"wp:attachment":[{"href":"https:\/\/rotary.zamosc.pl\/index.php\/wp-json\/wp\/v2\/media?parent=228"}],"curies":[{"name":"wp","href":"https:\/\/api.w.org\/{rel}","templated":true}]}}