{"id":23,"date":"2016-02-02T18:02:18","date_gmt":"2016-02-02T17:02:18","guid":{"rendered":"http:\/\/rotary.zamosc.pl\/?page_id=23"},"modified":"2026-07-02T17:25:35","modified_gmt":"2026-07-02T15:25:35","slug":"czlonkowie","status":"publish","type":"page","link":"https:\/\/rotary.zamosc.pl\/index.php\/czlonkowie\/","title":{"rendered":"Cz\u0142onkowie"},"content":{"rendered":"\t\t<div data-elementor-type=\"wp-page\" data-elementor-id=\"23\" class=\"elementor elementor-23\">\n\t\t\t\t\t\t<section class=\"elementor-section elementor-top-section elementor-element elementor-element-a6986d3 elementor-section-stretched elementor-section-boxed elementor-section-height-default elementor-section-height-default\" data-id=\"a6986d3\" data-element_type=\"section\" data-e-type=\"section\" data-settings=\"{&quot;stretch_section&quot;:&quot;section-stretched&quot;}\">\n\t\t\t\t\t\t<div class=\"elementor-container elementor-column-gap-default\">\n\t\t\t\t\t<div class=\"elementor-column elementor-col-50 elementor-top-column elementor-element elementor-element-c9c41d1\" data-id=\"c9c41d1\" data-element_type=\"column\" data-e-type=\"column\">\n\t\t\t<div class=\"elementor-widget-wrap elementor-element-populated\">\n\t\t\t\t\t\t<div class=\"elementor-element elementor-element-8354115 elementor-widget elementor-widget-text-editor\" data-id=\"8354115\" data-element_type=\"widget\" data-e-type=\"widget\" data-widget_type=\"text-editor.default\">\n\t\t\t\t<div class=\"elementor-widget-container\">\n\t\t\t\t\t\t\t\t\t<p>RYSZARD ANTOS<\/p><p>KRZYSZTOF BORK<\/p><p>SYLWESTER BORKOWSKI<\/p><p>ADAM BUDZY\u0143SKI<\/p><p>JADWIGA DADIA<\/p><p>TOMASZ DADIA<\/p><p>ARKADIUSZ GAJEWSKI<\/p><p>HENRYK GAJEWSKI<\/p><p>ZBIGNIEW GUMULI\u0143SKI<\/p><p>KONRAD JAESCHKE<\/p><p>EL\u017bBIETA JAWOR<\/p><p>KRZYSZTOF KRUPA<\/p><p>JERZY LIBERADZKI<\/p><p>WOJCIECH \u0141OSIEWICZ<\/p><p>JANUSZ NOWOSAD<\/p><p>ROBERT NOWOSAD<\/p><p>MIROS\u0141AW PIWKOWSKI<\/p><p>ANNA SIKORA<\/p><p>LECH SIKORA<\/p><p>ANDRZEJ \u015aNIE\u017bKO<\/p><p>ALFRED SZWAJKOWSKI<\/p><p>EL\u017bBIETA SZYMA\u0143SKA<\/p><p>BOGDAN SZYMA\u0143SKI<\/p><p>MARIA ZYGO<\/p><p>ZBIGNIEW \u017bUKOWSKI<\/p>\t\t\t\t\t\t\t\t<\/div>\n\t\t\t\t<\/div>\n\t\t\t\t\t<\/div>\n\t\t<\/div>\n\t\t\t\t<div class=\"elementor-column elementor-col-50 elementor-top-column elementor-element elementor-element-9503b7d\" data-id=\"9503b7d\" data-element_type=\"column\" data-e-type=\"column\">\n\t\t\t<div class=\"elementor-widget-wrap elementor-element-populated\">\n\t\t\t\t\t\t<div class=\"elementor-element elementor-element-79a46376 elementor-widget elementor-widget-accordion\" data-id=\"79a46376\" data-element_type=\"widget\" data-e-type=\"widget\" data-widget_type=\"accordion.default\">\n\t\t\t\t<div class=\"elementor-widget-container\">\n\t\t\t\t\t\t\t<div class=\"elementor-accordion\">\n\t\t\t\t\t\t\t<div class=\"elementor-accordion-item\">\n\t\t\t\t\t<div id=\"elementor-tab-title-2041\" class=\"elementor-tab-title\" data-tab=\"1\" role=\"button\" aria-controls=\"elementor-tab-content-2041\" aria-expanded=\"false\">\n\t\t\t\t\t\t\t\t\t\t\t\t\t<span class=\"elementor-accordion-icon elementor-accordion-icon-right\" aria-hidden=\"true\">\n\t\t\t\t\t\t\t\t\t\t\t\t\t\t\t<span class=\"elementor-accordion-icon-closed\"><i class=\"fas fa-plus\"><\/i><\/span>\n\t\t\t\t\t\t\t\t<span class=\"elementor-accordion-icon-opened\"><i class=\"fas fa-minus\"><\/i><\/span>\n\t\t\t\t\t\t\t\t\t\t\t\t\t\t<\/span>\n\t\t\t\t\t\t\t\t\t\t\t\t<a class=\"elementor-accordion-title\" tabindex=\"0\">Czlonkowie honorowi w 2025 roku<\/a>\n\t\t\t\t\t<\/div>\n\t\t\t\t\t<div id=\"elementor-tab-content-2041\" class=\"elementor-tab-content elementor-clearfix\" data-tab=\"1\" role=\"region\" aria-labelledby=\"elementor-tab-title-2041\"><p style=\"text-align: center;\">JANUSZ LISIECKI<br \/>ZBIGNIEW DZIEDZIC<br \/>TADEUSZ KO\u0143CZY\u0143SKI\u00a0 <br \/>ANTONI FLORCZAK<br \/>KRZYSZTOF BANACH<\/p><\/div>\n\t\t\t\t<\/div>\n\t\t\t\t\t\t\t<div class=\"elementor-accordion-item\">\n\t\t\t\t\t<div id=\"elementor-tab-title-2042\" class=\"elementor-tab-title\" data-tab=\"2\" role=\"button\" aria-controls=\"elementor-tab-content-2042\" aria-expanded=\"false\">\n\t\t\t\t\t\t\t\t\t\t\t\t\t<span class=\"elementor-accordion-icon elementor-accordion-icon-right\" aria-hidden=\"true\">\n\t\t\t\t\t\t\t\t\t\t\t\t\t\t\t<span class=\"elementor-accordion-icon-closed\"><i class=\"fas fa-plus\"><\/i><\/span>\n\t\t\t\t\t\t\t\t<span class=\"elementor-accordion-icon-opened\"><i class=\"fas fa-minus\"><\/i><\/span>\n\t\t\t\t\t\t\t\t\t\t\t\t\t\t<\/span>\n\t\t\t\t\t\t\t\t\t\t\t\t<a class=\"elementor-accordion-title\" tabindex=\"0\">Czlonkowie honorowi w 2024 roku<\/a>\n\t\t\t\t\t<\/div>\n\t\t\t\t\t<div id=\"elementor-tab-content-2042\" class=\"elementor-tab-content elementor-clearfix\" data-tab=\"2\" role=\"region\" aria-labelledby=\"elementor-tab-title-2042\"><p style=\"text-align: center;\">JANUSZ LISIECKI<br \/>ZBIGNIEW DZIEDZIC<br \/>TADEUSZ KO\u0143CZY\u0143SKI\u00a0 <br \/>ANTONI FLORCZAK<br \/>KRZYSZTOF BANACH<\/p><\/div>\n\t\t\t\t<\/div>\n\t\t\t\t\t\t\t<div class=\"elementor-accordion-item\">\n\t\t\t\t\t<div id=\"elementor-tab-title-2043\" class=\"elementor-tab-title\" data-tab=\"3\" role=\"button\" aria-controls=\"elementor-tab-content-2043\" aria-expanded=\"false\">\n\t\t\t\t\t\t\t\t\t\t\t\t\t<span class=\"elementor-accordion-icon elementor-accordion-icon-right\" aria-hidden=\"true\">\n\t\t\t\t\t\t\t\t\t\t\t\t\t\t\t<span class=\"elementor-accordion-icon-closed\"><i class=\"fas fa-plus\"><\/i><\/span>\n\t\t\t\t\t\t\t\t<span class=\"elementor-accordion-icon-opened\"><i class=\"fas fa-minus\"><\/i><\/span>\n\t\t\t\t\t\t\t\t\t\t\t\t\t\t<\/span>\n\t\t\t\t\t\t\t\t\t\t\t\t<a class=\"elementor-accordion-title\" tabindex=\"0\">Czlonkowie honorowi w 2023 roku<\/a>\n\t\t\t\t\t<\/div>\n\t\t\t\t\t<div id=\"elementor-tab-content-2043\" class=\"elementor-tab-content elementor-clearfix\" data-tab=\"3\" role=\"region\" aria-labelledby=\"elementor-tab-title-2043\"><p style=\"text-align: center;\">JANUSZ LISIECKI<br \/>ZBIGNIEW DZIEDZIC<br \/>TADEUSZ KO\u0143CZY\u0143SKI\u00a0 <br \/>ANTONI FLORCZAK<br \/>KRZYSZTOF BANACH<\/p><\/div>\n\t\t\t\t<\/div>\n\t\t\t\t\t\t\t<div class=\"elementor-accordion-item\">\n\t\t\t\t\t<div id=\"elementor-tab-title-2044\" class=\"elementor-tab-title\" data-tab=\"4\" role=\"button\" aria-controls=\"elementor-tab-content-2044\" aria-expanded=\"false\">\n\t\t\t\t\t\t\t\t\t\t\t\t\t<span class=\"elementor-accordion-icon elementor-accordion-icon-right\" aria-hidden=\"true\">\n\t\t\t\t\t\t\t\t\t\t\t\t\t\t\t<span class=\"elementor-accordion-icon-closed\"><i class=\"fas fa-plus\"><\/i><\/span>\n\t\t\t\t\t\t\t\t<span class=\"elementor-accordion-icon-opened\"><i class=\"fas fa-minus\"><\/i><\/span>\n\t\t\t\t\t\t\t\t\t\t\t\t\t\t<\/span>\n\t\t\t\t\t\t\t\t\t\t\t\t<a class=\"elementor-accordion-title\" tabindex=\"0\">Cz\u0142onkowie honorowi w 2022 roku<\/a>\n\t\t\t\t\t<\/div>\n\t\t\t\t\t<div id=\"elementor-tab-content-2044\" class=\"elementor-tab-content elementor-clearfix\" data-tab=\"4\" role=\"region\" aria-labelledby=\"elementor-tab-title-2044\"><p style=\"text-align: center;\">JANUSZ LISIECKI<br \/>ZBIGNIEW DZIEDZIC<br \/>TADEUSZ KO\u0143CZY\u0143SKI\u00a0 <br \/>ANTONI FLORCZAK<br \/>KRZYSZTOF BANACH<br \/>JERZY LE\u015aNIEWSKI<br \/>JACEK PODKO\u015aCIELNY<\/p><\/div>\n\t\t\t\t<\/div>\n\t\t\t\t\t\t\t<div class=\"elementor-accordion-item\">\n\t\t\t\t\t<div id=\"elementor-tab-title-2045\" class=\"elementor-tab-title\" data-tab=\"5\" role=\"button\" aria-controls=\"elementor-tab-content-2045\" aria-expanded=\"false\">\n\t\t\t\t\t\t\t\t\t\t\t\t\t<span class=\"elementor-accordion-icon elementor-accordion-icon-right\" aria-hidden=\"true\">\n\t\t\t\t\t\t\t\t\t\t\t\t\t\t\t<span class=\"elementor-accordion-icon-closed\"><i class=\"fas fa-plus\"><\/i><\/span>\n\t\t\t\t\t\t\t\t<span class=\"elementor-accordion-icon-opened\"><i class=\"fas fa-minus\"><\/i><\/span>\n\t\t\t\t\t\t\t\t\t\t\t\t\t\t<\/span>\n\t\t\t\t\t\t\t\t\t\t\t\t<a class=\"elementor-accordion-title\" tabindex=\"0\">Cz\u0142onkowie honorowi w 2021 roku<\/a>\n\t\t\t\t\t<\/div>\n\t\t\t\t\t<div id=\"elementor-tab-content-2045\" class=\"elementor-tab-content elementor-clearfix\" data-tab=\"5\" role=\"region\" aria-labelledby=\"elementor-tab-title-2045\"><p style=\"text-align: center;\">JANUSZ LISIECKI<br \/>ZBIGNIEW DZIEDZIC<br \/>TADEUSZ KO\u0143CZY\u0143SKI\u00a0 <br \/>ANTONI FLORCZAK<br \/>KRZYSZTOF BANACH<br \/>JERZY LE\u015aNIEWSKI<\/p><\/div>\n\t\t\t\t<\/div>\n\t\t\t\t\t\t\t<div class=\"elementor-accordion-item\">\n\t\t\t\t\t<div id=\"elementor-tab-title-2046\" class=\"elementor-tab-title\" data-tab=\"6\" role=\"button\" aria-controls=\"elementor-tab-content-2046\" aria-expanded=\"false\">\n\t\t\t\t\t\t\t\t\t\t\t\t\t<span class=\"elementor-accordion-icon elementor-accordion-icon-right\" aria-hidden=\"true\">\n\t\t\t\t\t\t\t\t\t\t\t\t\t\t\t<span class=\"elementor-accordion-icon-closed\"><i class=\"fas fa-plus\"><\/i><\/span>\n\t\t\t\t\t\t\t\t<span class=\"elementor-accordion-icon-opened\"><i class=\"fas fa-minus\"><\/i><\/span>\n\t\t\t\t\t\t\t\t\t\t\t\t\t\t<\/span>\n\t\t\t\t\t\t\t\t\t\t\t\t<a class=\"elementor-accordion-title\" tabindex=\"0\">Cz\u0142onkowie honorowi w 2020 roku<\/a>\n\t\t\t\t\t<\/div>\n\t\t\t\t\t<div id=\"elementor-tab-content-2046\" class=\"elementor-tab-content elementor-clearfix\" data-tab=\"6\" role=\"region\" aria-labelledby=\"elementor-tab-title-2046\"><p style=\"text-align: center;\">JANUSZ LISIECKI<br \/>ZBIGNIEW DZIEDZIC<br \/>TADEUSZ KO\u0143CZY\u0143SKI\u00a0 <br \/>ANTONI FLORCZAK<br \/>KRZYSZTOF BANACH<\/p><\/div>\n\t\t\t\t<\/div>\n\t\t\t\t\t\t\t<div class=\"elementor-accordion-item\">\n\t\t\t\t\t<div id=\"elementor-tab-title-2047\" class=\"elementor-tab-title\" data-tab=\"7\" role=\"button\" aria-controls=\"elementor-tab-content-2047\" aria-expanded=\"false\">\n\t\t\t\t\t\t\t\t\t\t\t\t\t<span class=\"elementor-accordion-icon elementor-accordion-icon-right\" aria-hidden=\"true\">\n\t\t\t\t\t\t\t\t\t\t\t\t\t\t\t<span class=\"elementor-accordion-icon-closed\"><i class=\"fas fa-plus\"><\/i><\/span>\n\t\t\t\t\t\t\t\t<span class=\"elementor-accordion-icon-opened\"><i class=\"fas fa-minus\"><\/i><\/span>\n\t\t\t\t\t\t\t\t\t\t\t\t\t\t<\/span>\n\t\t\t\t\t\t\t\t\t\t\t\t<a class=\"elementor-accordion-title\" tabindex=\"0\">Cz\u0142onkowie honorowi w 2019 roku<\/a>\n\t\t\t\t\t<\/div>\n\t\t\t\t\t<div id=\"elementor-tab-content-2047\" class=\"elementor-tab-content elementor-clearfix\" data-tab=\"7\" role=\"region\" aria-labelledby=\"elementor-tab-title-2047\"><p style=\"text-align: center;\">Ma\u0142gorzata Czerniak<br \/>Alfred Szwajkowski<br \/>Krzysztof Piotrowski<br \/>Marian Szewera<br \/>Witold Koberski<br \/>Jerzy \u0141opaty\u0144ski<\/p><\/div>\n\t\t\t\t<\/div>\n\t\t\t\t\t\t\t<div class=\"elementor-accordion-item\">\n\t\t\t\t\t<div id=\"elementor-tab-title-2048\" class=\"elementor-tab-title\" data-tab=\"8\" role=\"button\" aria-controls=\"elementor-tab-content-2048\" aria-expanded=\"false\">\n\t\t\t\t\t\t\t\t\t\t\t\t\t<span class=\"elementor-accordion-icon elementor-accordion-icon-right\" aria-hidden=\"true\">\n\t\t\t\t\t\t\t\t\t\t\t\t\t\t\t<span class=\"elementor-accordion-icon-closed\"><i class=\"fas fa-plus\"><\/i><\/span>\n\t\t\t\t\t\t\t\t<span class=\"elementor-accordion-icon-opened\"><i class=\"fas fa-minus\"><\/i><\/span>\n\t\t\t\t\t\t\t\t\t\t\t\t\t\t<\/span>\n\t\t\t\t\t\t\t\t\t\t\t\t<a class=\"elementor-accordion-title\" tabindex=\"0\">Cz\u0142onkowie honorowi w 2018 roku<\/a>\n\t\t\t\t\t<\/div>\n\t\t\t\t\t<div id=\"elementor-tab-content-2048\" class=\"elementor-tab-content elementor-clearfix\" data-tab=\"8\" role=\"region\" aria-labelledby=\"elementor-tab-title-2048\"><\/div>\n\t\t\t\t<\/div>\n\t\t\t\t\t\t\t\t<\/div>\n\t\t\t\t\t\t<\/div>\n\t\t\t\t<\/div>\n\t\t\t\t\t<\/div>\n\t\t<\/div>\n\t\t\t\t\t<\/div>\n\t\t<\/section>\n\t\t\t\t<\/div>\n\t\t","protected":false},"excerpt":{"rendered":"<p>RYSZARD ANTOS KRZYSZTOF BORK SYLWESTER BORKOWSKI ADAM BUDZY\u0143SKI JADWIGA DADIA TOMASZ DADIA ARKADIUSZ GAJEWSKI HENRYK GAJEWSKI ZBIGNIEW GUMULI\u0143SKI KONRAD JAESCHKE EL\u017bBIETA JAWOR KRZYSZTOF KRUPA JERZY LIBERADZKI WOJCIECH \u0141OSIEWICZ JANUSZ NOWOSAD ROBERT NOWOSAD MIROS\u0141AW PIWKOWSKI ANNA SIKORA LECH SIKORA ANDRZEJ \u015aNIE\u017bKO ALFRED SZWAJKOWSKI EL\u017bBIETA SZYMA\u0143SKA BOGDAN SZYMA\u0143SKI MARIA ZYGO ZBIGNIEW \u017bUKOWSKI Czlonkowie honorowi w 2025 roku&#8230;<\/p>\n","protected":false},"author":1,"featured_media":0,"parent":0,"menu_order":0,"comment_status":"closed","ping_status":"closed","template":"","meta":{"footnotes":""},"class_list":["post-23","page","type-page","status-publish","hentry"],"rttpg_featured_image_url":null,"rttpg_author":{"display_name":"rotaryzamosc","author_link":"https:\/\/rotary.zamosc.pl\/index.php\/author\/rotaryzamosc\/"},"rttpg_comment":0,"rttpg_category":null,"rttpg_excerpt":"RYSZARD ANTOS KRZYSZTOF BORK SYLWESTER BORKOWSKI ADAM BUDZY\u0143SKI JADWIGA DADIA TOMASZ DADIA ARKADIUSZ GAJEWSKI HENRYK GAJEWSKI ZBIGNIEW GUMULI\u0143SKI KONRAD JAESCHKE EL\u017bBIETA JAWOR KRZYSZTOF KRUPA JERZY LIBERADZKI WOJCIECH \u0141OSIEWICZ JANUSZ NOWOSAD ROBERT NOWOSAD MIROS\u0141AW PIWKOWSKI ANNA SIKORA LECH SIKORA ANDRZEJ \u015aNIE\u017bKO ALFRED SZWAJKOWSKI EL\u017bBIETA SZYMA\u0143SKA BOGDAN SZYMA\u0143SKI MARIA ZYGO ZBIGNIEW \u017bUKOWSKI Czlonkowie honorowi w 2025 roku...","_links":{"self":[{"href":"https:\/\/rotary.zamosc.pl\/index.php\/wp-json\/wp\/v2\/pages\/23","targetHints":{"allow":["GET"]}}],"collection":[{"href":"https:\/\/rotary.zamosc.pl\/index.php\/wp-json\/wp\/v2\/pages"}],"about":[{"href":"https:\/\/rotary.zamosc.pl\/index.php\/wp-json\/wp\/v2\/types\/page"}],"author":[{"embeddable":true,"href":"https:\/\/rotary.zamosc.pl\/index.php\/wp-json\/wp\/v2\/users\/1"}],"replies":[{"embeddable":true,"href":"https:\/\/rotary.zamosc.pl\/index.php\/wp-json\/wp\/v2\/comments?post=23"}],"version-history":[{"count":129,"href":"https:\/\/rotary.zamosc.pl\/index.php\/wp-json\/wp\/v2\/pages\/23\/revisions"}],"predecessor-version":[{"id":8368,"href":"https:\/\/rotary.zamosc.pl\/index.php\/wp-json\/wp\/v2\/pages\/23\/revisions\/8368"}],"wp:attachment":[{"href":"https:\/\/rotary.zamosc.pl\/index.php\/wp-json\/wp\/v2\/media?parent=23"}],"curies":[{"name":"wp","href":"https:\/\/api.w.org\/{rel}","templated":true}]}}