{"id":5206,"date":"2025-02-12T11:25:11","date_gmt":"2025-02-12T10:25:11","guid":{"rendered":"http:\/\/rotary.zamosc.pl\/?page_id=5206"},"modified":"2026-05-08T12:50:11","modified_gmt":"2026-05-08T10:50:11","slug":"razem-dla-zdrowia-psychicznego-dzieci-i-mlodziezy","status":"publish","type":"page","link":"https:\/\/rotary.zamosc.pl\/index.php\/razem-dla-zdrowia-psychicznego-dzieci-i-mlodziezy\/","title":{"rendered":"Razem dla zdrowia psychicznego dzieci I m\u0142odzie\u017cy"},"content":{"rendered":"\t\t<div data-elementor-type=\"wp-page\" data-elementor-id=\"5206\" class=\"elementor elementor-5206\">\n\t\t\t\t\t\t<section class=\"elementor-section elementor-top-section elementor-element elementor-element-93a4989 elementor-section-boxed elementor-section-height-default elementor-section-height-default\" data-id=\"93a4989\" data-element_type=\"section\" data-e-type=\"section\">\n\t\t\t\t\t\t<div class=\"elementor-container elementor-column-gap-default\">\n\t\t\t\t\t<div class=\"elementor-column elementor-col-33 elementor-top-column elementor-element elementor-element-f01d6e9\" data-id=\"f01d6e9\" data-element_type=\"column\" data-e-type=\"column\">\n\t\t\t<div class=\"elementor-widget-wrap elementor-element-populated\">\n\t\t\t\t\t\t<div class=\"elementor-element elementor-element-571ad10 elementor-button-warning elementor-align-center elementor-widget elementor-widget-button\" data-id=\"571ad10\" data-element_type=\"widget\" data-e-type=\"widget\" data-widget_type=\"button.default\">\n\t\t\t\t<div class=\"elementor-widget-container\">\n\t\t\t\t\t\t\t\t\t<div class=\"elementor-button-wrapper\">\n\t\t\t\t\t<a class=\"elementor-button elementor-button-link elementor-size-sm\" href=\"#rok2026\">\n\t\t\t\t\t\t<span class=\"elementor-button-content-wrapper\">\n\t\t\t\t\t\t\t\t\t<span class=\"elementor-button-text\">2026<\/span>\n\t\t\t\t\t<\/span>\n\t\t\t\t\t<\/a>\n\t\t\t\t<\/div>\n\t\t\t\t\t\t\t\t<\/div>\n\t\t\t\t<\/div>\n\t\t\t\t\t<\/div>\n\t\t<\/div>\n\t\t\t\t<div class=\"elementor-column elementor-col-33 elementor-top-column elementor-element elementor-element-d9db36f\" data-id=\"d9db36f\" data-element_type=\"column\" data-e-type=\"column\">\n\t\t\t<div class=\"elementor-widget-wrap elementor-element-populated\">\n\t\t\t\t\t\t<div class=\"elementor-element elementor-element-6811426 elementor-button-warning elementor-align-center elementor-widget elementor-widget-button\" data-id=\"6811426\" data-element_type=\"widget\" data-e-type=\"widget\" data-widget_type=\"button.default\">\n\t\t\t\t<div class=\"elementor-widget-container\">\n\t\t\t\t\t\t\t\t\t<div class=\"elementor-button-wrapper\">\n\t\t\t\t\t<a class=\"elementor-button elementor-button-link elementor-size-sm\" href=\"#rok2025\">\n\t\t\t\t\t\t<span class=\"elementor-button-content-wrapper\">\n\t\t\t\t\t\t\t\t\t<span class=\"elementor-button-text\">2025<\/span>\n\t\t\t\t\t<\/span>\n\t\t\t\t\t<\/a>\n\t\t\t\t<\/div>\n\t\t\t\t\t\t\t\t<\/div>\n\t\t\t\t<\/div>\n\t\t\t\t\t<\/div>\n\t\t<\/div>\n\t\t\t\t<div class=\"elementor-column elementor-col-33 elementor-top-column elementor-element elementor-element-4e73386\" data-id=\"4e73386\" data-element_type=\"column\" data-e-type=\"column\">\n\t\t\t<div class=\"elementor-widget-wrap elementor-element-populated\">\n\t\t\t\t\t\t<div class=\"elementor-element elementor-element-7ccbbd9 elementor-button-warning elementor-align-center elementor-widget elementor-widget-button\" data-id=\"7ccbbd9\" data-element_type=\"widget\" data-e-type=\"widget\" data-widget_type=\"button.default\">\n\t\t\t\t<div class=\"elementor-widget-container\">\n\t\t\t\t\t\t\t\t\t<div class=\"elementor-button-wrapper\">\n\t\t\t\t\t<a class=\"elementor-button elementor-button-link elementor-size-sm\" href=\"#rok2024\">\n\t\t\t\t\t\t<span class=\"elementor-button-content-wrapper\">\n\t\t\t\t\t\t\t\t\t<span class=\"elementor-button-text\">2024<\/span>\n\t\t\t\t\t<\/span>\n\t\t\t\t\t<\/a>\n\t\t\t\t<\/div>\n\t\t\t\t\t\t\t\t<\/div>\n\t\t\t\t<\/div>\n\t\t\t\t\t<\/div>\n\t\t<\/div>\n\t\t\t\t\t<\/div>\n\t\t<\/section>\n\t\t\t\t<section class=\"elementor-section elementor-top-section elementor-element elementor-element-2d86900 elementor-section-boxed elementor-section-height-default elementor-section-height-default\" data-id=\"2d86900\" data-element_type=\"section\" data-e-type=\"section\">\n\t\t\t\t\t\t<div class=\"elementor-container elementor-column-gap-default\">\n\t\t\t\t\t<div class=\"elementor-column elementor-col-25 elementor-top-column elementor-element elementor-element-49d80cd\" data-id=\"49d80cd\" data-element_type=\"column\" data-e-type=\"column\">\n\t\t\t<div class=\"elementor-widget-wrap\">\n\t\t\t\t\t\t\t<\/div>\n\t\t<\/div>\n\t\t\t\t<div class=\"elementor-column elementor-col-25 elementor-top-column elementor-element elementor-element-693f0b3\" data-id=\"693f0b3\" data-element_type=\"column\" data-e-type=\"column\">\n\t\t\t<div class=\"elementor-widget-wrap\">\n\t\t\t\t\t\t\t<\/div>\n\t\t<\/div>\n\t\t\t\t<div class=\"elementor-column elementor-col-25 elementor-top-column elementor-element elementor-element-26995cc\" data-id=\"26995cc\" data-element_type=\"column\" data-e-type=\"column\">\n\t\t\t<div class=\"elementor-widget-wrap\">\n\t\t\t\t\t\t\t<\/div>\n\t\t<\/div>\n\t\t\t\t<div class=\"elementor-column elementor-col-25 elementor-top-column elementor-element elementor-element-a90bdc8\" data-id=\"a90bdc8\" data-element_type=\"column\" data-e-type=\"column\">\n\t\t\t<div class=\"elementor-widget-wrap\">\n\t\t\t\t\t\t\t<\/div>\n\t\t<\/div>\n\t\t\t\t\t<\/div>\n\t\t<\/section>\n\t\t\t\t<section class=\"elementor-section elementor-top-section elementor-element elementor-element-a723c22 elementor-section-boxed elementor-section-height-default elementor-section-height-default\" data-id=\"a723c22\" data-element_type=\"section\" data-e-type=\"section\" id=\"rok2026\">\n\t\t\t\t\t\t<div class=\"elementor-container elementor-column-gap-default\">\n\t\t\t\t\t<div class=\"elementor-column elementor-col-100 elementor-top-column elementor-element elementor-element-a43441e\" data-id=\"a43441e\" data-element_type=\"column\" data-e-type=\"column\">\n\t\t\t<div class=\"elementor-widget-wrap elementor-element-populated\">\n\t\t\t\t\t\t<div class=\"elementor-element elementor-element-d7c5740 elementor-widget-divider--view-line elementor-widget elementor-widget-divider\" data-id=\"d7c5740\" data-element_type=\"widget\" data-e-type=\"widget\" data-widget_type=\"divider.default\">\n\t\t\t\t<div class=\"elementor-widget-container\">\n\t\t\t\t\t\t\t<div class=\"elementor-divider\">\n\t\t\t<span class=\"elementor-divider-separator\">\n\t\t\t\t\t\t<\/span>\n\t\t<\/div>\n\t\t\t\t\t\t<\/div>\n\t\t\t\t<\/div>\n\t\t\t\t<div class=\"elementor-element elementor-element-0f9c024 elementor-widget elementor-widget-heading\" data-id=\"0f9c024\" data-element_type=\"widget\" data-e-type=\"widget\" data-widget_type=\"heading.default\">\n\t\t\t\t<div class=\"elementor-widget-container\">\n\t\t\t\t\t<h2 class=\"elementor-heading-title elementor-size-default\">2026<\/h2>\t\t\t\t<\/div>\n\t\t\t\t<\/div>\n\t\t\t\t\t<\/div>\n\t\t<\/div>\n\t\t\t\t\t<\/div>\n\t\t<\/section>\n\t\t\t\t<section class=\"elementor-section elementor-top-section elementor-element elementor-element-3beec4f7 elementor-section-stretched elementor-section-boxed elementor-section-height-default elementor-section-height-default\" data-id=\"3beec4f7\" data-element_type=\"section\" data-e-type=\"section\" data-settings=\"{&quot;stretch_section&quot;:&quot;section-stretched&quot;}\">\n\t\t\t\t\t\t<div class=\"elementor-container elementor-column-gap-default\">\n\t\t\t\t\t<div class=\"elementor-column elementor-col-100 elementor-top-column elementor-element elementor-element-61cc80a5\" data-id=\"61cc80a5\" data-element_type=\"column\" data-e-type=\"column\">\n\t\t\t<div class=\"elementor-widget-wrap elementor-element-populated\">\n\t\t\t\t\t\t<div class=\"elementor-element elementor-element-52c145e1 elementor-widget elementor-widget-text-editor\" data-id=\"52c145e1\" data-element_type=\"widget\" data-e-type=\"widget\" data-widget_type=\"text-editor.default\">\n\t\t\t\t<div class=\"elementor-widget-container\">\n\t\t\t\t\t\t\t\t\t<div dir=\"auto\">17 marca w Zamojskim Domu Kultury oraz Zamojskiej Akademii Kultury odby\u0142o si\u0119 III Seminarium po\u015bwi\u0119cone zdrowiu psychicznemu dzieci i m\u0142odzie\u017cy &#8222;Rodzina podstaw\u0105 zdrowia psychicznego m\u0142odych ludzi&#8221;, kt\u00f3re zapowiadali\u015bmy od d\u0142u\u017cszego czasu. Seminarium zorganizowa\u0142y <span class=\"html-span xdj266r x14z9mp xat24cr x1lziwak xexx8yu xyri2b x18d9i69 x1c1uobl x1hl2dhg x16tdsg8 x1vvkbs\"><a class=\"x1i10hfl xjbqb8w x1ejq31n x18oe1m7 x1sy0etr xstzfhl x972fbf x10w94by x1qhh985 x14e42zd x9f619 x1ypdohk xt0psk2 x3ct3a4 xdj266r x14z9mp xat24cr x1lziwak xexx8yu xyri2b x18d9i69 x1c1uobl x16tdsg8 x1hl2dhg xggy1nq x1a2a7pz xkrqix3 x1sur9pj x1fey0fg x1s688f\" tabindex=\"0\" role=\"link\" href=\"https:\/\/www.facebook.com\/people\/Rotary-Club-Zamo%C5%9B%C4%87-ID-30379\/100076747320995\/?__cft__[0]=AZb3VV4A9QndXwr2FLszz84xyR8339RFVtDJoEbGHGoxrSkhbrYrtTp9QUsh1UnHcjJzLQUW-iAcQyoSHJji8yG1N2QKoKdAsqBa6Fz-EA3rBwGQP97Fo3rFSJw1bZBZyIUdrVqm1uyY-_BhXsqPIJK2y9mywuE_Bk7JKkka26J30W7V2cOQHH59xi52NwAXfQc&amp;__tn__=-]K-R\">Rotary Club Zamo\u015b\u0107 ID 30379<\/a><\/span> oraz Rotary Club Lublin Centrum wraz z Dystryktem 2231 oraz ameryka\u0144skim partnerem Digging Deep Project (<span class=\"html-span xdj266r x14z9mp xat24cr x1lziwak xexx8yu xyri2b x18d9i69 x1c1uobl x1hl2dhg x16tdsg8 x1vvkbs\"><a class=\"x1i10hfl xjbqb8w x1ejq31n x18oe1m7 x1sy0etr xstzfhl x972fbf x10w94by x1qhh985 x14e42zd x9f619 x1ypdohk xt0psk2 x3ct3a4 xdj266r x14z9mp xat24cr x1lziwak xexx8yu xyri2b x18d9i69 x1c1uobl x16tdsg8 x1hl2dhg xggy1nq x1a2a7pz xkrqix3 x1sur9pj x1fey0fg x1s688f\" tabindex=\"0\" role=\"link\" href=\"https:\/\/l.facebook.com\/l.php?u=https%3A%2F%2Fdiggingdeep.org%2F&amp;h=AT7tnPVl_D1ivmh94aauTncjgkUnIkSrX5VzH_cR4piK6hF_QUfNOj_wlRYcQhbljEh62_XpCwIPCAlwtbXtmWE-8oi8BybIaSLTRFCNLfjNafK1UaUvGtI6y8-OIUizRcwR-in9AnQ1btcHfN7_KO58PF47Nz3k&amp;__tn__=-UK-R&amp;c[0]=AT7Mkos5Srhx7n2ugnELNi-IdJbDrgFUQSHBqudn9ArDSsRWN1JVGE1KUZZ26wziO-vWif_y_fVC_FgvtN1LFx_L-Yvg_UzrCpHhYe3Tnd1BfF6DOz1VTaUbB-xbEk5y17h0Vv7-9Gzi_g2ztCB-qR_ggHaTTz2bkIaNT1ka0rZoX1HxyR7Xglg0TjjdkyXn4GxTe7O1zwCGjUAO3rz3xPaZ\" target=\"_blank\" rel=\"nofollow noopener noreferrer\">https:\/\/diggingdeep.org<\/a><\/span>), Uniwersytetem Medycznym w Lublinie i Urz\u0119dem Miasta Zamo\u015b\u0107.<\/div><div dir=\"auto\">\u00a0<\/div><div dir=\"auto\">W ZDK ponad 300 pedagog\u00f3w, psycholog\u00f3w, nauczycieli, Rotarian z Lublina, Janowa Lubelskiego, Che\u0142ma, Zamo\u015bcia a tak\u017ce zamojscy policjanci mogli wys\u0142ucha\u0107 wyk\u0142ad\u00f3w przygotowanych przez kadr\u0119 medyczn\u0105 UM w Lublinie, kt\u00f3re by\u0142y na \u017cywo transmitowane do Zamojskiej Akademii Kultury. Tam wyk\u0142adom przys\u0142uchiwa\u0142a si\u0119 m\u0142odzie\u017c z I Liceum Og\u00f3lnokszta\u0142c\u0105cego. Wyk\u0142ady mo\u017cna by\u0142o r\u00f3wnie\u017c obejrze\u0107 na \u017cywo na kanale You Tube Rotary Polska News oraz po zeskanowaniu kodu QR.<\/div><div dir=\"auto\">\u00a0<\/div><div dir=\"auto\">W seminarium uczestniczyli r\u00f3wnie\u017c Prezydent Miasta Zamo\u015b\u0107 Rafa\u0142 Zwolak, kt\u00f3ry w wyst\u0105pieniu swoim podzi\u0119kowa\u0142 RC Zamo\u015b\u0107 za organizacj\u0119 ju\u017c trzeciej edycji seminarium oraz Gubernator <span class=\"html-span xdj266r x14z9mp xat24cr x1lziwak xexx8yu xyri2b x18d9i69 x1c1uobl x1hl2dhg x16tdsg8 x1vvkbs\"><a class=\"x1i10hfl xjbqb8w x1ejq31n x18oe1m7 x1sy0etr xstzfhl x972fbf x10w94by x1qhh985 x14e42zd x9f619 x1ypdohk xt0psk2 x3ct3a4 xdj266r x14z9mp xat24cr x1lziwak xexx8yu xyri2b x18d9i69 x1c1uobl x16tdsg8 x1hl2dhg xggy1nq x1a2a7pz xkrqix3 x1sur9pj x1fey0fg x1s688f\" tabindex=\"0\" role=\"link\" href=\"https:\/\/www.facebook.com\/RotaryPolska?__cft__[0]=AZb3VV4A9QndXwr2FLszz84xyR8339RFVtDJoEbGHGoxrSkhbrYrtTp9QUsh1UnHcjJzLQUW-iAcQyoSHJji8yG1N2QKoKdAsqBa6Fz-EA3rBwGQP97Fo3rFSJw1bZBZyIUdrVqm1uyY-_BhXsqPIJK2y9mywuE_Bk7JKkka26J30W7V2cOQHH59xi52NwAXfQc&amp;__tn__=-]K-R\">Rotary Polska, Dystrykt 2231<\/a><\/span> Greg Gregorczyk, kt\u00f3ry wraz z Prezydentem RC Rotary Club Zamo\u015b\u0107 Ryszardem Antosem rozpocz\u0119li sesj\u0119 wyk\u0142ad\u00f3w.<\/div><div dir=\"auto\">Tematy poruszne podczas wyk\u0142ad\u00f3w to:<\/div><div dir=\"auto\">&#8211; Rola i miejsce rodziny w nowym systemie opieki psychiatrycznej dzieci i m\u0142odzie\u017cy.<\/div><div dir=\"auto\">&#8211; Rodzina w zmieniaj\u0105czym si\u0119 \u015bwiecie &#8211; perspektywy i zagro\u017cenia. Raport 2030+<\/div><div dir=\"auto\">&#8211; Dom dobry, dom z\u0142y, dom wystarczaj\u0105cy: czynniki ryzyka i czynniki chroni\u0105ce w systemie rodzinnym.<\/div><div dir=\"auto\">&#8211; Od dezadaptacyjnego marzycielstwa do pozytywnego rozwoju &#8211; rola rodziny w budowaniu zasob\u00f3w psychicznych dzieci i m\u0142odzie\u017cy.<\/div><div dir=\"auto\">&#8211; &#8222;Shadow&#8217;s Edge&#8221; &#8211; zestaw narz\u0119dzi dla m\u0142odzie\u017cy wspieraj\u0105cy psychoterapet\u00f3w i edukator\u00f3w w rozwijaniu samo\u015bwiadomo\u015bci emocjonalnej poprzez samoekspresj\u0119.<\/div><div dir=\"auto\">&#8211; Rola rodziny, \u015brodowiska lokalnego i sieci wsp\u00f3\u0142pracy interdyscyplinarnej w trosce o zdrowie psychiczne dzieci i m\u0142odzie\u017cy.<\/div><div dir=\"auto\">\u00a0<\/div><div dir=\"auto\">Po zako\u0144czeniu sesji wyk\u0142adowej, w Zamojskiej Akademii Kultury odby\u0142y si\u0119 warsztaty prowadzone przez terapeutk\u0119 ze Szwajcarii Kevyn Ev\u0119 Norton z wykorzystaniem mobilnej gry terapeutycznej &#8222;Shadow&#8217;s Edge&#8221; <span class=\"html-span xdj266r x14z9mp xat24cr x1lziwak xexx8yu xyri2b x18d9i69 x1c1uobl x1hl2dhg x16tdsg8 x1vvkbs\"><a class=\"x1i10hfl xjbqb8w x1ejq31n x18oe1m7 x1sy0etr xstzfhl x972fbf x10w94by x1qhh985 x14e42zd x9f619 x1ypdohk xt0psk2 x3ct3a4 xdj266r x14z9mp xat24cr x1lziwak xexx8yu xyri2b x18d9i69 x1c1uobl x16tdsg8 x1hl2dhg xggy1nq x1a2a7pz xkrqix3 x1sur9pj x1fey0fg x1s688f\" tabindex=\"0\" role=\"link\" href=\"https:\/\/l.facebook.com\/l.php?u=https%3A%2F%2Fshadowsedge.com%2F&amp;h=AT52dOFkrmxyj3cJRKxTYvXJaf4aPbgg0-zIfAI8UaNdkyTlk4YMX6aEVPwP-jW7ZPxZnXwkTopm815Q-kINOkTLdHOUz_tDY1zqgWxxjO4hfcXiFSLMCBAVC4K83B2GVq9InzItksB51jzQycY43bA5y6AlZBLI&amp;__tn__=-UK-R&amp;c[0]=AT7Mkos5Srhx7n2ugnELNi-IdJbDrgFUQSHBqudn9ArDSsRWN1JVGE1KUZZ26wziO-vWif_y_fVC_FgvtN1LFx_L-Yvg_UzrCpHhYe3Tnd1BfF6DOz1VTaUbB-xbEk5y17h0Vv7-9Gzi_g2ztCB-qR_ggHaTTz2bkIaNT1ka0rZoX1HxyR7Xglg0TjjdkyXn4GxTe7O1zwCGjUAO3rz3xPaZ\" target=\"_blank\" rel=\"nofollow noopener noreferrer\">https:\/\/shadowsedge.com<\/a><\/span>, stworzonej przez Kevyn Ev\u0119 Norton w\u0142a\u015bnie, specjalnie dla m\u0142odych ludzi zmagaj\u0105cych si\u0119 z problemami psychicznymi lub traumami. Gra s\u0142u\u017cy m.in. jako narz\u0119dzie wspieraj\u0105ce budowaniu odporno\u015bci psychicznej oraz przetwarzaniu trudnych emocji poprzez elementy wsp\u00f3\u0142pracy, arteterapi\u0119, czy kreatywne pisanie.Daje wsparcie emocjonalne. W warsztatach wzi\u0119\u0142o udzia\u0142 70 os\u00f3b.<\/div><div dir=\"auto\">Dzi\u0119kujemy bardzo naszym Darczy\u0144com, bez kt\u00f3rych organizacja seminarium nie by\u0142aby mo\u017cliwa:<\/div><div dir=\"auto\">Bankowi Pekao SA, Roztocza\u0144skiej Szkole Ultrasonografii, Centrum Medycznemu Zacisze, Euro-Car Zamo\u015b\u0107, Firmie Instalatorstwo Sanitarne Sp. z o.o., Zamojskim Zak\u0142adom Zbo\u017cowym, Restauracji Bohema, Bud Profit, Comperium Kancelarii Brokerskiej, Rotary Club Wolsztyn.<\/div><div dir=\"auto\">\u00a0<\/div><div dir=\"auto\">A tak\u017ce, dzi\u0119kujemy za pomoc w organizacji Pani Monice \u017bur, dyrektor Wydzia\u0142u O\u015bwiaty UM Zamo\u015b\u0107, pani Agnieszce Kowal, dyrektor I LO w Zamo\u015bciu oraz Panu Januszowi Nowosadowi, dyrektorowi ZDK.<\/div><div dir=\"auto\">Koordynatorem ca\u0142ego przedsi\u0119wzi\u0119cia, ju\u017c po raz trzeci, by\u0142 nasz klubowy kolega, past Prezydent RC Zamo\u015b\u0107 Zbigniew Gumuli\u0144ski.<\/div><div dir=\"auto\">Zach\u0119camy do obejrzenia seminarium wszystkich, kt\u00f3rzy nie mogli na \u017cywo wys\u0142ucha\u0107 wyk\u0142ad\u00f3w, a problemy zdrowia psychicznego m\u0142odych ludzi s\u0105 im bliskie. Wkr\u00f3tce na kanale You tube Rotary Polska News transmisja z seminarium.<\/div>\t\t\t\t\t\t\t\t<\/div>\n\t\t\t\t<\/div>\n\t\t\t\t<div class=\"elementor-element elementor-element-54315261 elementor-widget-divider--view-line elementor-widget elementor-widget-divider\" data-id=\"54315261\" data-element_type=\"widget\" data-e-type=\"widget\" data-widget_type=\"divider.default\">\n\t\t\t\t<div class=\"elementor-widget-container\">\n\t\t\t\t\t\t\t<div class=\"elementor-divider\">\n\t\t\t<span class=\"elementor-divider-separator\">\n\t\t\t\t\t\t<\/span>\n\t\t<\/div>\n\t\t\t\t\t\t<\/div>\n\t\t\t\t<\/div>\n\t\t\t\t<div class=\"elementor-element elementor-element-2e670f14 elementor-widget elementor-widget-video\" data-id=\"2e670f14\" data-element_type=\"widget\" data-e-type=\"widget\" data-settings=\"{&quot;youtube_url&quot;:&quot;https:\\\/\\\/www.youtube.com\\\/watch?v=4qumg6jMn9I&quot;,&quot;video_type&quot;:&quot;youtube&quot;,&quot;controls&quot;:&quot;yes&quot;}\" data-widget_type=\"video.default\">\n\t\t\t\t<div class=\"elementor-widget-container\">\n\t\t\t\t\t\t\t<div class=\"elementor-wrapper elementor-open-inline\">\n\t\t\t<div class=\"elementor-video\"><\/div>\t\t<\/div>\n\t\t\t\t\t\t<\/div>\n\t\t\t\t<\/div>\n\t\t\t\t<div class=\"elementor-element elementor-element-6d818571 elementor-widget elementor-widget-heading\" data-id=\"6d818571\" data-element_type=\"widget\" data-e-type=\"widget\" data-widget_type=\"heading.default\">\n\t\t\t\t<div class=\"elementor-widget-container\">\n\t\t\t\t\t<h2 class=\"elementor-heading-title elementor-size-default\">prof. dr hab. n. med. Hanna Karaku\u0142a-Juchnowicz oraz dr n. spo\u0142. Natalia Kajka <br>\n\" Rola i miejsce rodziny w nowym systemie opieki psychiatrycznej dzieci i m\u0142odzie\u017cy, szanse zagro\u017cenia\"<\/h2>\t\t\t\t<\/div>\n\t\t\t\t<\/div>\n\t\t\t\t<div class=\"elementor-element elementor-element-4f5b13b1 elementor-widget-divider--view-line elementor-widget elementor-widget-divider\" data-id=\"4f5b13b1\" data-element_type=\"widget\" data-e-type=\"widget\" data-widget_type=\"divider.default\">\n\t\t\t\t<div class=\"elementor-widget-container\">\n\t\t\t\t\t\t\t<div class=\"elementor-divider\">\n\t\t\t<span class=\"elementor-divider-separator\">\n\t\t\t\t\t\t<\/span>\n\t\t<\/div>\n\t\t\t\t\t\t<\/div>\n\t\t\t\t<\/div>\n\t\t\t\t\t<\/div>\n\t\t<\/div>\n\t\t\t\t\t<\/div>\n\t\t<\/section>\n\t\t\t\t<section class=\"elementor-section elementor-top-section elementor-element elementor-element-7dbeef80 elementor-section-stretched elementor-section-boxed elementor-section-height-default elementor-section-height-default\" data-id=\"7dbeef80\" data-element_type=\"section\" data-e-type=\"section\" data-settings=\"{&quot;stretch_section&quot;:&quot;section-stretched&quot;}\">\n\t\t\t\t\t\t<div class=\"elementor-container elementor-column-gap-default\">\n\t\t\t\t\t<div class=\"elementor-column elementor-col-100 elementor-top-column elementor-element elementor-element-f157b32\" data-id=\"f157b32\" data-element_type=\"column\" data-e-type=\"column\">\n\t\t\t<div class=\"elementor-widget-wrap elementor-element-populated\">\n\t\t\t\t\t\t<div class=\"elementor-element elementor-element-23d722ad elementor-widget elementor-widget-video\" data-id=\"23d722ad\" data-element_type=\"widget\" data-e-type=\"widget\" data-settings=\"{&quot;youtube_url&quot;:&quot;https:\\\/\\\/www.youtube.com\\\/watch?v=01eyO2Fa_ac&quot;,&quot;video_type&quot;:&quot;youtube&quot;,&quot;controls&quot;:&quot;yes&quot;}\" data-widget_type=\"video.default\">\n\t\t\t\t<div class=\"elementor-widget-container\">\n\t\t\t\t\t\t\t<div class=\"elementor-wrapper elementor-open-inline\">\n\t\t\t<div class=\"elementor-video\"><\/div>\t\t<\/div>\n\t\t\t\t\t\t<\/div>\n\t\t\t\t<\/div>\n\t\t\t\t<div class=\"elementor-element elementor-element-7afbbe31 elementor-widget elementor-widget-heading\" data-id=\"7afbbe31\" data-element_type=\"widget\" data-e-type=\"widget\" data-widget_type=\"heading.default\">\n\t\t\t\t<div class=\"elementor-widget-container\">\n\t\t\t\t\t<h2 class=\"elementor-heading-title elementor-size-default\"> Dr Mateusz Bar\u0142\u00f3g - \"Od dezadaptacyjnego marzycielstwa do pozytywnego rozwoju - rola rodziny w budowaniu zasob\u00f3w psychicznych dzieci i m\u0142odzie\u017cy \"<\/h2>\t\t\t\t<\/div>\n\t\t\t\t<\/div>\n\t\t\t\t<div class=\"elementor-element elementor-element-71e9d4b0 elementor-widget-divider--view-line elementor-widget elementor-widget-divider\" data-id=\"71e9d4b0\" data-element_type=\"widget\" data-e-type=\"widget\" data-widget_type=\"divider.default\">\n\t\t\t\t<div class=\"elementor-widget-container\">\n\t\t\t\t\t\t\t<div class=\"elementor-divider\">\n\t\t\t<span class=\"elementor-divider-separator\">\n\t\t\t\t\t\t<\/span>\n\t\t<\/div>\n\t\t\t\t\t\t<\/div>\n\t\t\t\t<\/div>\n\t\t\t\t<div class=\"elementor-element elementor-element-7fb7a9e9 elementor-widget elementor-widget-video\" data-id=\"7fb7a9e9\" data-element_type=\"widget\" data-e-type=\"widget\" data-settings=\"{&quot;youtube_url&quot;:&quot;https:\\\/\\\/www.youtube.com\\\/watch?v=wRW-a5Iuhj0&quot;,&quot;video_type&quot;:&quot;youtube&quot;,&quot;controls&quot;:&quot;yes&quot;}\" data-widget_type=\"video.default\">\n\t\t\t\t<div class=\"elementor-widget-container\">\n\t\t\t\t\t\t\t<div class=\"elementor-wrapper elementor-open-inline\">\n\t\t\t<div class=\"elementor-video\"><\/div>\t\t<\/div>\n\t\t\t\t\t\t<\/div>\n\t\t\t\t<\/div>\n\t\t\t\t<div class=\"elementor-element elementor-element-7900aef7 elementor-widget elementor-widget-heading\" data-id=\"7900aef7\" data-element_type=\"widget\" data-e-type=\"widget\" data-widget_type=\"heading.default\">\n\t\t\t\t<div class=\"elementor-widget-container\">\n\t\t\t\t\t<h2 class=\"elementor-heading-title elementor-size-default\">mgr Anna Szczukiewicz - \"Wzmacnianie poczucia sensu jako czynnik ochrony zdrowia psychicznego u m\u0142odzie\u017cy\" <\/h2>\t\t\t\t<\/div>\n\t\t\t\t<\/div>\n\t\t\t\t<div class=\"elementor-element elementor-element-5303a03d elementor-widget-divider--view-line elementor-widget elementor-widget-divider\" data-id=\"5303a03d\" data-element_type=\"widget\" data-e-type=\"widget\" data-widget_type=\"divider.default\">\n\t\t\t\t<div class=\"elementor-widget-container\">\n\t\t\t\t\t\t\t<div class=\"elementor-divider\">\n\t\t\t<span class=\"elementor-divider-separator\">\n\t\t\t\t\t\t<\/span>\n\t\t<\/div>\n\t\t\t\t\t\t<\/div>\n\t\t\t\t<\/div>\n\t\t\t\t<div class=\"elementor-element elementor-element-d7e2b6e elementor-widget elementor-widget-video\" data-id=\"d7e2b6e\" data-element_type=\"widget\" data-e-type=\"widget\" data-settings=\"{&quot;youtube_url&quot;:&quot;https:\\\/\\\/www.youtube.com\\\/watch?v=16v8yi1LH4Q&quot;,&quot;video_type&quot;:&quot;youtube&quot;,&quot;controls&quot;:&quot;yes&quot;}\" data-widget_type=\"video.default\">\n\t\t\t\t<div class=\"elementor-widget-container\">\n\t\t\t\t\t\t\t<div class=\"elementor-wrapper elementor-open-inline\">\n\t\t\t<div class=\"elementor-video\"><\/div>\t\t<\/div>\n\t\t\t\t\t\t<\/div>\n\t\t\t\t<\/div>\n\t\t\t\t<div class=\"elementor-element elementor-element-428e8c33 elementor-widget elementor-widget-heading\" data-id=\"428e8c33\" data-element_type=\"widget\" data-e-type=\"widget\" data-widget_type=\"heading.default\">\n\t\t\t\t<div class=\"elementor-widget-container\">\n\t\t\t\t\t<h2 class=\"elementor-heading-title elementor-size-default\">mgr Kevyn Eva Norton - \"Shadow\u2019s Edge \u2013 zestaw narz\u0119dzi wspieraj\u0105cych samo\u015bwiadomo\u015b\u0107 emocjonaln\u0105\"<\/h2>\t\t\t\t<\/div>\n\t\t\t\t<\/div>\n\t\t\t\t<div class=\"elementor-element elementor-element-d78553 elementor-widget-divider--view-line elementor-widget elementor-widget-divider\" data-id=\"d78553\" data-element_type=\"widget\" data-e-type=\"widget\" data-widget_type=\"divider.default\">\n\t\t\t\t<div class=\"elementor-widget-container\">\n\t\t\t\t\t\t\t<div class=\"elementor-divider\">\n\t\t\t<span class=\"elementor-divider-separator\">\n\t\t\t\t\t\t<\/span>\n\t\t<\/div>\n\t\t\t\t\t\t<\/div>\n\t\t\t\t<\/div>\n\t\t\t\t<div class=\"elementor-element elementor-element-3574dc0f elementor-widget elementor-widget-video\" data-id=\"3574dc0f\" data-element_type=\"widget\" data-e-type=\"widget\" data-settings=\"{&quot;youtube_url&quot;:&quot;https:\\\/\\\/www.youtube.com\\\/watch?v=zVRKGNlTKn4&quot;,&quot;video_type&quot;:&quot;youtube&quot;,&quot;controls&quot;:&quot;yes&quot;}\" data-widget_type=\"video.default\">\n\t\t\t\t<div class=\"elementor-widget-container\">\n\t\t\t\t\t\t\t<div class=\"elementor-wrapper elementor-open-inline\">\n\t\t\t<div class=\"elementor-video\"><\/div>\t\t<\/div>\n\t\t\t\t\t\t<\/div>\n\t\t\t\t<\/div>\n\t\t\t\t<div class=\"elementor-element elementor-element-317cccea elementor-widget elementor-widget-heading\" data-id=\"317cccea\" data-element_type=\"widget\" data-e-type=\"widget\" data-widget_type=\"heading.default\">\n\t\t\t\t<div class=\"elementor-widget-container\">\n\t\t\t\t\t<h2 class=\"elementor-heading-title elementor-size-default\">mgr Anna Szalast, dr Stanis\u0142aw Bia\u0142ek - \"Rola rodziny, \u015brodowiska lokalnego i sieci wsp\u00f3\u0142pracy interdyscyplinarnej w trosce o zdrowie psychiczne dzieci i m\u0142odzie\u017cy\"<\/h2>\t\t\t\t<\/div>\n\t\t\t\t<\/div>\n\t\t\t\t<div class=\"elementor-element elementor-element-2089d90f elementor-widget-divider--view-line elementor-widget elementor-widget-divider\" data-id=\"2089d90f\" data-element_type=\"widget\" data-e-type=\"widget\" data-widget_type=\"divider.default\">\n\t\t\t\t<div class=\"elementor-widget-container\">\n\t\t\t\t\t\t\t<div class=\"elementor-divider\">\n\t\t\t<span class=\"elementor-divider-separator\">\n\t\t\t\t\t\t<\/span>\n\t\t<\/div>\n\t\t\t\t\t\t<\/div>\n\t\t\t\t<\/div>\n\t\t\t\t<div class=\"elementor-element elementor-element-de78d55 elementor-widget elementor-widget-video\" data-id=\"de78d55\" data-element_type=\"widget\" data-e-type=\"widget\" data-settings=\"{&quot;youtube_url&quot;:&quot;https:\\\/\\\/www.youtube.com\\\/watch?v=elgAys4EGfU&quot;,&quot;video_type&quot;:&quot;youtube&quot;,&quot;controls&quot;:&quot;yes&quot;}\" data-widget_type=\"video.default\">\n\t\t\t\t<div class=\"elementor-widget-container\">\n\t\t\t\t\t\t\t<div class=\"elementor-wrapper elementor-open-inline\">\n\t\t\t<div class=\"elementor-video\"><\/div>\t\t<\/div>\n\t\t\t\t\t\t<\/div>\n\t\t\t\t<\/div>\n\t\t\t\t<div class=\"elementor-element elementor-element-68c58bcd elementor-widget elementor-widget-heading\" data-id=\"68c58bcd\" data-element_type=\"widget\" data-e-type=\"widget\" data-widget_type=\"heading.default\">\n\t\t\t\t<div class=\"elementor-widget-container\">\n\t\t\t\t\t<h2 class=\"elementor-heading-title elementor-size-default\">Dr hab. n. med. prof. ucz. Marzena Samardakiewicz -  \"Rodzina w zmieniaj\u0105cym si\u0119 \u015bwiecie - perspektywy i zagro\u017cenia. Raport 2030+\"<\/h2>\t\t\t\t<\/div>\n\t\t\t\t<\/div>\n\t\t\t\t<div class=\"elementor-element elementor-element-615154c6 elementor-widget-divider--view-line elementor-widget elementor-widget-divider\" data-id=\"615154c6\" data-element_type=\"widget\" data-e-type=\"widget\" data-widget_type=\"divider.default\">\n\t\t\t\t<div class=\"elementor-widget-container\">\n\t\t\t\t\t\t\t<div class=\"elementor-divider\">\n\t\t\t<span class=\"elementor-divider-separator\">\n\t\t\t\t\t\t<\/span>\n\t\t<\/div>\n\t\t\t\t\t\t<\/div>\n\t\t\t\t<\/div>\n\t\t\t\t<div class=\"elementor-element elementor-element-1470af42 elementor-widget elementor-widget-video\" data-id=\"1470af42\" data-element_type=\"widget\" data-e-type=\"widget\" data-settings=\"{&quot;youtube_url&quot;:&quot;https:\\\/\\\/www.youtube.com\\\/watch?v=p0cKBOw_wEw&quot;,&quot;video_type&quot;:&quot;youtube&quot;,&quot;controls&quot;:&quot;yes&quot;}\" data-widget_type=\"video.default\">\n\t\t\t\t<div class=\"elementor-widget-container\">\n\t\t\t\t\t\t\t<div class=\"elementor-wrapper elementor-open-inline\">\n\t\t\t<div class=\"elementor-video\"><\/div>\t\t<\/div>\n\t\t\t\t\t\t<\/div>\n\t\t\t\t<\/div>\n\t\t\t\t<div class=\"elementor-element elementor-element-2f9b68b7 elementor-widget elementor-widget-heading\" data-id=\"2f9b68b7\" data-element_type=\"widget\" data-e-type=\"widget\" data-widget_type=\"heading.default\">\n\t\t\t\t<div class=\"elementor-widget-container\">\n\t\t\t\t\t<h2 class=\"elementor-heading-title elementor-size-default\">Dr n. spo\u0142. Katarzyna Hartfil - \"Dom dobry, dom z\u0142y, dom wystarczaj\u0105cy: czynniki ryzyka i czynniki chroni\u0105ce w systemie rodzinnym\"<\/h2>\t\t\t\t<\/div>\n\t\t\t\t<\/div>\n\t\t\t\t<div class=\"elementor-element elementor-element-5d62eb0f elementor-widget-divider--view-line elementor-widget elementor-widget-divider\" data-id=\"5d62eb0f\" data-element_type=\"widget\" data-e-type=\"widget\" data-widget_type=\"divider.default\">\n\t\t\t\t<div class=\"elementor-widget-container\">\n\t\t\t\t\t\t\t<div class=\"elementor-divider\">\n\t\t\t<span class=\"elementor-divider-separator\">\n\t\t\t\t\t\t<\/span>\n\t\t<\/div>\n\t\t\t\t\t\t<\/div>\n\t\t\t\t<\/div>\n\t\t\t\t\t<\/div>\n\t\t<\/div>\n\t\t\t\t\t<\/div>\n\t\t<\/section>\n\t\t\t\t<section class=\"elementor-section elementor-top-section elementor-element elementor-element-3e20dcd elementor-section-stretched elementor-section-boxed elementor-section-height-default elementor-section-height-default\" data-id=\"3e20dcd\" data-element_type=\"section\" data-e-type=\"section\" data-settings=\"{&quot;stretch_section&quot;:&quot;section-stretched&quot;}\">\n\t\t\t\t\t\t<div class=\"elementor-container elementor-column-gap-default\">\n\t\t\t\t\t<div class=\"elementor-column elementor-col-100 elementor-top-column elementor-element elementor-element-a3359af\" data-id=\"a3359af\" data-element_type=\"column\" data-e-type=\"column\">\n\t\t\t<div class=\"elementor-widget-wrap elementor-element-populated\">\n\t\t\t\t\t\t<div class=\"elementor-element elementor-element-1f607fa elementor-button-info elementor-align-center elementor-widget elementor-widget-button\" data-id=\"1f607fa\" data-element_type=\"widget\" data-e-type=\"widget\" data-widget_type=\"button.default\">\n\t\t\t\t<div class=\"elementor-widget-container\">\n\t\t\t\t\t\t\t\t\t<div class=\"elementor-button-wrapper\">\n\t\t\t\t\t<a class=\"elementor-button elementor-size-sm\" role=\"button\">\n\t\t\t\t\t\t<span class=\"elementor-button-content-wrapper\">\n\t\t\t\t\t\t\t\t\t<span class=\"elementor-button-text\">DARCZY\u0143CY<\/span>\n\t\t\t\t\t<\/span>\n\t\t\t\t\t<\/a>\n\t\t\t\t<\/div>\n\t\t\t\t\t\t\t\t<\/div>\n\t\t\t\t<\/div>\n\t\t\t\t<div class=\"elementor-element elementor-element-3ce669a elementor-widget elementor-widget-gs-logo-slider\" data-id=\"3ce669a\" data-element_type=\"widget\" data-e-type=\"widget\" data-widget_type=\"gs-logo-slider.default\">\n\t\t\t\t<div class=\"elementor-widget-container\">\n\t\t\t\t\t\t\n\t\t<div id=\"gs_logo_area_5\" data-sort=\"name\" data-shortcode-id=\"5\" class=\"gs_logo_area gs_logo_area_5 slider1 \" data-options='{\"logo_per_page\":\"6\"}' style=\"opacity: 0; visibility: hidden;\">\n\t\t\t<div class=\"gs_logo_area--inner\">\n\n\t\t\t\t<!-- Category Filters - New (Global) -->\n\t\t\t\t\t\n\t\t\t\t\n<div class=\"gs_logo_container gs_carousel_swiper gs_logo_fix_height_and_center\" data-carousel-config='{\"direction\":\"horizontal\",\"speed\":500,\"isAutoplay\":true,\"autoplayDelay\":3000,\"loop\":true,\"pauseOnHover\":true,\"ticker\":false,\"navs\":false,\"navs_pos\":\"bottom\",\"dots\":true,\"dynamic_dots\":true,\"slideSpace\":10,\"slidesPerGroup\":1,\"desktopLogos\":6,\"tabletLogos\":3,\"mobileLogos\":2,\"reverseDirection\":false}'>\n\n\t\n\t\t\n\t\t\t<div class=\"gs_logo_single--wrapper\">\n\t\t\t\t<div class=\"gs_logo_single\">\n\n\t\t\t\t\t<!-- Logo Img -->\n\t\t\t\t\t<img decoding=\"async\" width=\"300\" height=\"114\" src=\"https:\/\/rotary.zamosc.pl\/wp-content\/uploads\/2024\/03\/rc-wolsztyn-logo-300x114.png\" class=\"gs_logo--tooltip tt-placement-top tt-bgcolor-one-%23ff5f6d tt-bgcolor-two-%23ffc371 tt-textcolor-%23fff gs-logo--img wp-post-image\" alt=\"\" title=\"RC Wolsztyn\" srcset=\"https:\/\/rotary.zamosc.pl\/wp-content\/uploads\/2024\/03\/rc-wolsztyn-logo-300x114.png 300w, https:\/\/rotary.zamosc.pl\/wp-content\/uploads\/2024\/03\/rc-wolsztyn-logo.png 429w\" sizes=\"(max-width: 300px) 100vw, 300px\" \/>\n\t\t\t\t\t<!-- Logo Title -->\n\t\t\t\t\t\t\t\t\t\t\n\t\t\t\t\t<!-- Logo Category -->\n\t\t\t\t\t\t\t\t\t\t\n\t\t\t\t<\/div>\n\t\t\t<\/div>\n\n\t\t\n\t\t\t<div class=\"gs_logo_single--wrapper\">\n\t\t\t\t<div class=\"gs_logo_single\">\n\n\t\t\t\t\t<!-- Logo Img -->\n\t\t\t\t\t<a href=\"https:\/\/bohemazamosc.pl\/\" target=\"_blank\" rel=\"noopener\"><img fetchpriority=\"high\" decoding=\"async\" width=\"300\" height=\"277\" src=\"https:\/\/rotary.zamosc.pl\/wp-content\/uploads\/2026\/03\/restauracja-bohema-zamosc-300x277.jpg\" class=\"gs_logo--tooltip tt-placement-top tt-bgcolor-one-%23ff5f6d tt-bgcolor-two-%23ffc371 tt-textcolor-%23fff gs-logo--img wp-post-image\" alt=\"\" title=\"Bohema Zamo\u015b\u0107\" srcset=\"https:\/\/rotary.zamosc.pl\/wp-content\/uploads\/2026\/03\/restauracja-bohema-zamosc-300x277.jpg 300w, https:\/\/rotary.zamosc.pl\/wp-content\/uploads\/2026\/03\/restauracja-bohema-zamosc.jpg 487w\" sizes=\"(max-width: 300px) 100vw, 300px\" \/><\/a>\n\t\t\t\t\t<!-- Logo Title -->\n\t\t\t\t\t\t\t\t\t\t\n\t\t\t\t\t<!-- Logo Category -->\n\t\t\t\t\t\t\t\t\t\t\n\t\t\t\t<\/div>\n\t\t\t<\/div>\n\n\t\t\n\t\t\t<div class=\"gs_logo_single--wrapper\">\n\t\t\t\t<div class=\"gs_logo_single\">\n\n\t\t\t\t\t<!-- Logo Img -->\n\t\t\t\t\t<a href=\"https:\/\/www.pekao.com.pl\/\" target=\"_blank\" rel=\"noopener\"><img decoding=\"async\" width=\"300\" height=\"218\" src=\"https:\/\/rotary.zamosc.pl\/wp-content\/uploads\/2026\/03\/partnerzy__pekao.logo_.02.850x478-300x218.png\" class=\"gs_logo--tooltip tt-placement-top tt-bgcolor-one-%23ff5f6d tt-bgcolor-two-%23ffc371 tt-textcolor-%23fff gs-logo--img wp-post-image\" alt=\"\" title=\"Bank PKO\" srcset=\"https:\/\/rotary.zamosc.pl\/wp-content\/uploads\/2026\/03\/partnerzy__pekao.logo_.02.850x478-300x218.png 300w, https:\/\/rotary.zamosc.pl\/wp-content\/uploads\/2026\/03\/partnerzy__pekao.logo_.02.850x478.png 659w\" sizes=\"(max-width: 300px) 100vw, 300px\" \/><\/a>\n\t\t\t\t\t<!-- Logo Title -->\n\t\t\t\t\t\t\t\t\t\t\n\t\t\t\t\t<!-- Logo Category -->\n\t\t\t\t\t\t\t\t\t\t\n\t\t\t\t<\/div>\n\t\t\t<\/div>\n\n\t\t\n\t\t\t<div class=\"gs_logo_single--wrapper\">\n\t\t\t\t<div class=\"gs_logo_single\">\n\n\t\t\t\t\t<!-- Logo Img -->\n\t\t\t\t\t<a href=\"https:\/\/www.comperium.pl\/\" target=\"_blank\" rel=\"noopener\"><img loading=\"lazy\" decoding=\"async\" width=\"296\" height=\"170\" src=\"https:\/\/rotary.zamosc.pl\/wp-content\/uploads\/2026\/03\/kancelaria-brokerska-comperium-logo.jpg\" class=\"gs_logo--tooltip tt-placement-top tt-bgcolor-one-%23ff5f6d tt-bgcolor-two-%23ffc371 tt-textcolor-%23fff gs-logo--img wp-post-image\" alt=\"\" title=\"Comperium\" \/><\/a>\n\t\t\t\t\t<!-- Logo Title -->\n\t\t\t\t\t\t\t\t\t\t\n\t\t\t\t\t<!-- Logo Category -->\n\t\t\t\t\t\t\t\t\t\t\n\t\t\t\t<\/div>\n\t\t\t<\/div>\n\n\t\t\n\t\t\t<div class=\"gs_logo_single--wrapper\">\n\t\t\t\t<div class=\"gs_logo_single\">\n\n\t\t\t\t\t<!-- Logo Img -->\n\t\t\t\t\t<a href=\"https:\/\/www.facebook.com\/budprofitzamosc\/?locale=pl_PL\" target=\"_blank\" rel=\"noopener\"><img loading=\"lazy\" decoding=\"async\" width=\"300\" height=\"80\" src=\"https:\/\/rotary.zamosc.pl\/wp-content\/uploads\/2026\/03\/budprofit-logo-300x80.jpg\" class=\"gs_logo--tooltip tt-placement-top tt-bgcolor-one-%23ff5f6d tt-bgcolor-two-%23ffc371 tt-textcolor-%23fff gs-logo--img wp-post-image\" alt=\"\" title=\"Bud Profit\" srcset=\"https:\/\/rotary.zamosc.pl\/wp-content\/uploads\/2026\/03\/budprofit-logo-300x80.jpg 300w, https:\/\/rotary.zamosc.pl\/wp-content\/uploads\/2026\/03\/budprofit-logo.jpg 353w\" sizes=\"(max-width: 300px) 100vw, 300px\" \/><\/a>\n\t\t\t\t\t<!-- Logo Title -->\n\t\t\t\t\t\t\t\t\t\t\n\t\t\t\t\t<!-- Logo Category -->\n\t\t\t\t\t\t\t\t\t\t\n\t\t\t\t<\/div>\n\t\t\t<\/div>\n\n\t\t\n\t\t\t<div class=\"gs_logo_single--wrapper\">\n\t\t\t\t<div class=\"gs_logo_single\">\n\n\t\t\t\t\t<!-- Logo Img -->\n\t\t\t\t\t<a href=\"https:\/\/euro-car.renault.pl\/\" target=\"_blank\" rel=\"noopener\"><img loading=\"lazy\" decoding=\"async\" width=\"300\" height=\"102\" src=\"https:\/\/rotary.zamosc.pl\/wp-content\/uploads\/2024\/03\/eurocarlogo-300x102.png\" class=\"gs_logo--tooltip tt-placement-top tt-bgcolor-one-%23ff5f6d tt-bgcolor-two-%23ffc371 tt-textcolor-%23fff gs-logo--img wp-post-image\" alt=\"\" title=\"Euro Car zamosc\" srcset=\"https:\/\/rotary.zamosc.pl\/wp-content\/uploads\/2024\/03\/eurocarlogo-300x102.png 300w, https:\/\/rotary.zamosc.pl\/wp-content\/uploads\/2024\/03\/eurocarlogo.png 338w\" sizes=\"(max-width: 300px) 100vw, 300px\" \/><\/a>\n\t\t\t\t\t<!-- Logo Title -->\n\t\t\t\t\t\t\t\t\t\t\n\t\t\t\t\t<!-- Logo Category -->\n\t\t\t\t\t\t\t\t\t\t\n\t\t\t\t<\/div>\n\t\t\t<\/div>\n\n\t\t\n\t\t\t<div class=\"gs_logo_single--wrapper\">\n\t\t\t\t<div class=\"gs_logo_single\">\n\n\t\t\t\t\t<!-- Logo Img -->\n\t\t\t\t\t<a href=\"https:\/\/centrummedycznezacisze.pl\/\" target=\"_blank\" rel=\"noopener\"><img loading=\"lazy\" decoding=\"async\" width=\"300\" height=\"79\" src=\"https:\/\/rotary.zamosc.pl\/wp-content\/uploads\/2024\/03\/centrumzdrowiazacisze-logo-300x79.png\" class=\"gs_logo--tooltip tt-placement-top tt-bgcolor-one-%23ff5f6d tt-bgcolor-two-%23ffc371 tt-textcolor-%23fff gs-logo--img wp-post-image\" alt=\"\" title=\"CM Zacisze\" srcset=\"https:\/\/rotary.zamosc.pl\/wp-content\/uploads\/2024\/03\/centrumzdrowiazacisze-logo-300x79.png 300w, https:\/\/rotary.zamosc.pl\/wp-content\/uploads\/2024\/03\/centrumzdrowiazacisze-logo.png 334w\" sizes=\"(max-width: 300px) 100vw, 300px\" \/><\/a>\n\t\t\t\t\t<!-- Logo Title -->\n\t\t\t\t\t\t\t\t\t\t\n\t\t\t\t\t<!-- Logo Category -->\n\t\t\t\t\t\t\t\t\t\t\n\t\t\t\t<\/div>\n\t\t\t<\/div>\n\n\t\t\n\t\t\t<div class=\"gs_logo_single--wrapper\">\n\t\t\t\t<div class=\"gs_logo_single\">\n\n\t\t\t\t\t<!-- Logo Img -->\n\t\t\t\t\t<a href=\"https:\/\/www.usg.com.pl\/\" target=\"_blank\" rel=\"noopener\"><img loading=\"lazy\" decoding=\"async\" width=\"300\" height=\"54\" src=\"https:\/\/rotary.zamosc.pl\/wp-content\/uploads\/2026\/03\/rsu-logo-300x54.png\" class=\"gs_logo--tooltip tt-placement-top tt-bgcolor-one-%23ff5f6d tt-bgcolor-two-%23ffc371 tt-textcolor-%23fff gs-logo--img wp-post-image\" alt=\"\" title=\"RSU\" srcset=\"https:\/\/rotary.zamosc.pl\/wp-content\/uploads\/2026\/03\/rsu-logo-300x54.png 300w, https:\/\/rotary.zamosc.pl\/wp-content\/uploads\/2026\/03\/rsu-logo-700x127.png 700w, https:\/\/rotary.zamosc.pl\/wp-content\/uploads\/2026\/03\/rsu-logo-768x139.png 768w, https:\/\/rotary.zamosc.pl\/wp-content\/uploads\/2026\/03\/rsu-logo-800x145.png 800w, https:\/\/rotary.zamosc.pl\/wp-content\/uploads\/2026\/03\/rsu-logo.png 1000w\" sizes=\"(max-width: 300px) 100vw, 300px\" \/><\/a>\n\t\t\t\t\t<!-- Logo Title -->\n\t\t\t\t\t\t\t\t\t\t\n\t\t\t\t\t<!-- Logo Category -->\n\t\t\t\t\t\t\t\t\t\t\n\t\t\t\t<\/div>\n\t\t\t<\/div>\n\n\t\t\n\t\t\t<div class=\"gs_logo_single--wrapper\">\n\t\t\t\t<div class=\"gs_logo_single\">\n\n\t\t\t\t\t<!-- Logo Img -->\n\t\t\t\t\t<a href=\"https:\/\/www.zzz.com.pl\/\" target=\"_blank\" rel=\"noopener\"><img loading=\"lazy\" decoding=\"async\" width=\"300\" height=\"177\" src=\"https:\/\/rotary.zamosc.pl\/wp-content\/uploads\/2026\/03\/zzz-zamosc-logo-300x177.jpg\" class=\"gs_logo--tooltip tt-placement-top tt-bgcolor-one-%23ff5f6d tt-bgcolor-two-%23ffc371 tt-textcolor-%23fff gs-logo--img wp-post-image\" alt=\"\" title=\"zzz zamosc\" srcset=\"https:\/\/rotary.zamosc.pl\/wp-content\/uploads\/2026\/03\/zzz-zamosc-logo-300x177.jpg 300w, https:\/\/rotary.zamosc.pl\/wp-content\/uploads\/2026\/03\/zzz-zamosc-logo-700x412.jpg 700w, https:\/\/rotary.zamosc.pl\/wp-content\/uploads\/2026\/03\/zzz-zamosc-logo-768x452.jpg 768w, https:\/\/rotary.zamosc.pl\/wp-content\/uploads\/2026\/03\/zzz-zamosc-logo-800x471.jpg 800w, https:\/\/rotary.zamosc.pl\/wp-content\/uploads\/2026\/03\/zzz-zamosc-logo.jpg 1041w\" sizes=\"(max-width: 300px) 100vw, 300px\" \/><\/a>\n\t\t\t\t\t<!-- Logo Title -->\n\t\t\t\t\t\t\t\t\t\t\n\t\t\t\t\t<!-- Logo Category -->\n\t\t\t\t\t\t\t\t\t\t\n\t\t\t\t<\/div>\n\t\t\t<\/div>\n\n\t\t\t\t\n\t\n<\/div>\n\t\t\t\t<!-- Pagination -->\n\t\t\t\t\n\t\t\t<\/div>\n\n\t\t\t\n\t\t<\/div>\n\t\n\t\t<style>#gs_logo_area_5:not(.verticaltickerdown):not(.verticalticker) .gs_logo_container{margin-left:-5px}#gs_logo_area_5:not(.verticaltickerdown):not(.verticalticker) .gs_logo_container{margin-right:-5px}#gs_logo_area_5:not(.verticaltickerdown):not(.verticalticker) .gs_logo_single--wrapper{padding:5px}#gs_logo_area_5 ul.gs-logo-filter-cats{text-align:center!important}#gs_logo_area_5 .gs_logo_single--wrapper{width:16.666666666667%}@media (max-width:1023px){#gs_logo_area_5 .gs_logo_single--wrapper{width:33.333333333333%}}@media (max-width:767px){#gs_logo_area_5 .gs_logo_single--wrapper{width:50%}}<\/style>\t\t\t\t<\/div>\n\t\t\t\t<\/div>\n\t\t\t\t<div class=\"elementor-element elementor-element-3e74a47 elementor-widget-divider--view-line elementor-widget elementor-widget-divider\" data-id=\"3e74a47\" data-element_type=\"widget\" data-e-type=\"widget\" data-widget_type=\"divider.default\">\n\t\t\t\t<div class=\"elementor-widget-container\">\n\t\t\t\t\t\t\t<div class=\"elementor-divider\">\n\t\t\t<span class=\"elementor-divider-separator\">\n\t\t\t\t\t\t<\/span>\n\t\t<\/div>\n\t\t\t\t\t\t<\/div>\n\t\t\t\t<\/div>\n\t\t\t\t<div class=\"elementor-element elementor-element-704f9ba gallery-spacing-custom elementor-widget elementor-widget-image-gallery\" data-id=\"704f9ba\" data-element_type=\"widget\" data-e-type=\"widget\" data-widget_type=\"image-gallery.default\">\n\t\t\t\t<div class=\"elementor-widget-container\">\n\t\t\t\t\t\t\t<div class=\"elementor-image-gallery\">\n\t\t\t<div id='gallery-1' class='gallery galleryid-5206 gallery-columns-4 gallery-size-graphy-post-thumbnail-large'><figure class='gallery-item'>\n\t\t\t<div class='gallery-icon portrait'>\n\t\t\t\t<a data-elementor-open-lightbox=\"yes\" data-elementor-lightbox-slideshow=\"704f9ba\" data-elementor-lightbox-title=\"III Seminarium Rodzina podstaw\u0105 zdrowia psychicznego m\u0142odych ludzi 03 (20)\" data-e-action-hash=\"#elementor-action%3Aaction%3Dlightbox%26settings%3DeyJpZCI6NjczMywidXJsIjoiaHR0cHM6XC9cL3JvdGFyeS56YW1vc2MucGxcL3dwLWNvbnRlbnRcL3VwbG9hZHNcLzIwMjZcLzAzXC9JSUktU2VtaW5hcml1bS1Sb2R6aW5hLXBvZHN0YXdhLXpkcm93aWEtcHN5Y2hpY3puZWdvLW1sb2R5Y2gtbHVkemktMDMtMjAuanBnIiwic2xpZGVzaG93IjoiNzA0ZjliYSJ9\" href='https:\/\/rotary.zamosc.pl\/wp-content\/uploads\/2026\/03\/III-Seminarium-Rodzina-podstawa-zdrowia-psychicznego-mlodych-ludzi-03-20.jpg'><img loading=\"lazy\" decoding=\"async\" width=\"1080\" height=\"600\" src=\"https:\/\/rotary.zamosc.pl\/wp-content\/uploads\/2026\/03\/III-Seminarium-Rodzina-podstawa-zdrowia-psychicznego-mlodych-ludzi-03-20-1080x600.jpg\" class=\"attachment-graphy-post-thumbnail-large size-graphy-post-thumbnail-large\" alt=\"\" \/><\/a>\n\t\t\t<\/div><\/figure><figure class='gallery-item'>\n\t\t\t<div class='gallery-icon landscape'>\n\t\t\t\t<a data-elementor-open-lightbox=\"yes\" data-elementor-lightbox-slideshow=\"704f9ba\" data-elementor-lightbox-title=\"III Seminarium Rodzina podstaw\u0105 zdrowia psychicznego m\u0142odych ludzi 03 (19)\" data-e-action-hash=\"#elementor-action%3Aaction%3Dlightbox%26settings%3DeyJpZCI6NjczMiwidXJsIjoiaHR0cHM6XC9cL3JvdGFyeS56YW1vc2MucGxcL3dwLWNvbnRlbnRcL3VwbG9hZHNcLzIwMjZcLzAzXC9JSUktU2VtaW5hcml1bS1Sb2R6aW5hLXBvZHN0YXdhLXpkcm93aWEtcHN5Y2hpY3puZWdvLW1sb2R5Y2gtbHVkemktMDMtMTkuanBnIiwic2xpZGVzaG93IjoiNzA0ZjliYSJ9\" href='https:\/\/rotary.zamosc.pl\/wp-content\/uploads\/2026\/03\/III-Seminarium-Rodzina-podstawa-zdrowia-psychicznego-mlodych-ludzi-03-19.jpg'><img loading=\"lazy\" decoding=\"async\" width=\"1080\" height=\"600\" src=\"https:\/\/rotary.zamosc.pl\/wp-content\/uploads\/2026\/03\/III-Seminarium-Rodzina-podstawa-zdrowia-psychicznego-mlodych-ludzi-03-19-1080x600.jpg\" class=\"attachment-graphy-post-thumbnail-large size-graphy-post-thumbnail-large\" alt=\"\" \/><\/a>\n\t\t\t<\/div><\/figure><figure class='gallery-item'>\n\t\t\t<div class='gallery-icon landscape'>\n\t\t\t\t<a data-elementor-open-lightbox=\"yes\" data-elementor-lightbox-slideshow=\"704f9ba\" data-elementor-lightbox-title=\"III Seminarium Rodzina podstaw\u0105 zdrowia psychicznego m\u0142odych ludzi 03 (18)\" data-e-action-hash=\"#elementor-action%3Aaction%3Dlightbox%26settings%3DeyJpZCI6NjczMSwidXJsIjoiaHR0cHM6XC9cL3JvdGFyeS56YW1vc2MucGxcL3dwLWNvbnRlbnRcL3VwbG9hZHNcLzIwMjZcLzAzXC9JSUktU2VtaW5hcml1bS1Sb2R6aW5hLXBvZHN0YXdhLXpkcm93aWEtcHN5Y2hpY3puZWdvLW1sb2R5Y2gtbHVkemktMDMtMTguanBnIiwic2xpZGVzaG93IjoiNzA0ZjliYSJ9\" href='https:\/\/rotary.zamosc.pl\/wp-content\/uploads\/2026\/03\/III-Seminarium-Rodzina-podstawa-zdrowia-psychicznego-mlodych-ludzi-03-18.jpg'><img loading=\"lazy\" decoding=\"async\" width=\"1080\" height=\"600\" src=\"https:\/\/rotary.zamosc.pl\/wp-content\/uploads\/2026\/03\/III-Seminarium-Rodzina-podstawa-zdrowia-psychicznego-mlodych-ludzi-03-18-1080x600.jpg\" class=\"attachment-graphy-post-thumbnail-large size-graphy-post-thumbnail-large\" alt=\"\" \/><\/a>\n\t\t\t<\/div><\/figure><figure class='gallery-item'>\n\t\t\t<div class='gallery-icon portrait'>\n\t\t\t\t<a data-elementor-open-lightbox=\"yes\" data-elementor-lightbox-slideshow=\"704f9ba\" data-elementor-lightbox-title=\"III Seminarium Rodzina podstaw\u0105 zdrowia psychicznego m\u0142odych ludzi 03 (17)\" data-e-action-hash=\"#elementor-action%3Aaction%3Dlightbox%26settings%3DeyJpZCI6NjczMCwidXJsIjoiaHR0cHM6XC9cL3JvdGFyeS56YW1vc2MucGxcL3dwLWNvbnRlbnRcL3VwbG9hZHNcLzIwMjZcLzAzXC9JSUktU2VtaW5hcml1bS1Sb2R6aW5hLXBvZHN0YXdhLXpkcm93aWEtcHN5Y2hpY3puZWdvLW1sb2R5Y2gtbHVkemktMDMtMTcuanBnIiwic2xpZGVzaG93IjoiNzA0ZjliYSJ9\" href='https:\/\/rotary.zamosc.pl\/wp-content\/uploads\/2026\/03\/III-Seminarium-Rodzina-podstawa-zdrowia-psychicznego-mlodych-ludzi-03-17.jpg'><img loading=\"lazy\" decoding=\"async\" width=\"1080\" height=\"600\" src=\"https:\/\/rotary.zamosc.pl\/wp-content\/uploads\/2026\/03\/III-Seminarium-Rodzina-podstawa-zdrowia-psychicznego-mlodych-ludzi-03-17-1080x600.jpg\" class=\"attachment-graphy-post-thumbnail-large size-graphy-post-thumbnail-large\" alt=\"\" \/><\/a>\n\t\t\t<\/div><\/figure><figure class='gallery-item'>\n\t\t\t<div class='gallery-icon landscape'>\n\t\t\t\t<a data-elementor-open-lightbox=\"yes\" data-elementor-lightbox-slideshow=\"704f9ba\" data-elementor-lightbox-title=\"III Seminarium Rodzina podstaw\u0105 zdrowia psychicznego m\u0142odych ludzi 03 (16)\" data-e-action-hash=\"#elementor-action%3Aaction%3Dlightbox%26settings%3DeyJpZCI6NjcyOSwidXJsIjoiaHR0cHM6XC9cL3JvdGFyeS56YW1vc2MucGxcL3dwLWNvbnRlbnRcL3VwbG9hZHNcLzIwMjZcLzAzXC9JSUktU2VtaW5hcml1bS1Sb2R6aW5hLXBvZHN0YXdhLXpkcm93aWEtcHN5Y2hpY3puZWdvLW1sb2R5Y2gtbHVkemktMDMtMTYuanBnIiwic2xpZGVzaG93IjoiNzA0ZjliYSJ9\" href='https:\/\/rotary.zamosc.pl\/wp-content\/uploads\/2026\/03\/III-Seminarium-Rodzina-podstawa-zdrowia-psychicznego-mlodych-ludzi-03-16.jpg'><img loading=\"lazy\" decoding=\"async\" width=\"1080\" height=\"600\" src=\"https:\/\/rotary.zamosc.pl\/wp-content\/uploads\/2026\/03\/III-Seminarium-Rodzina-podstawa-zdrowia-psychicznego-mlodych-ludzi-03-16-1080x600.jpg\" class=\"attachment-graphy-post-thumbnail-large size-graphy-post-thumbnail-large\" alt=\"\" \/><\/a>\n\t\t\t<\/div><\/figure><figure class='gallery-item'>\n\t\t\t<div class='gallery-icon landscape'>\n\t\t\t\t<a data-elementor-open-lightbox=\"yes\" data-elementor-lightbox-slideshow=\"704f9ba\" data-elementor-lightbox-title=\"III Seminarium Rodzina podstaw\u0105 zdrowia psychicznego m\u0142odych ludzi 03 (15)\" data-e-action-hash=\"#elementor-action%3Aaction%3Dlightbox%26settings%3DeyJpZCI6NjcyOCwidXJsIjoiaHR0cHM6XC9cL3JvdGFyeS56YW1vc2MucGxcL3dwLWNvbnRlbnRcL3VwbG9hZHNcLzIwMjZcLzAzXC9JSUktU2VtaW5hcml1bS1Sb2R6aW5hLXBvZHN0YXdhLXpkcm93aWEtcHN5Y2hpY3puZWdvLW1sb2R5Y2gtbHVkemktMDMtMTUuanBnIiwic2xpZGVzaG93IjoiNzA0ZjliYSJ9\" href='https:\/\/rotary.zamosc.pl\/wp-content\/uploads\/2026\/03\/III-Seminarium-Rodzina-podstawa-zdrowia-psychicznego-mlodych-ludzi-03-15.jpg'><img loading=\"lazy\" decoding=\"async\" width=\"1080\" height=\"600\" src=\"https:\/\/rotary.zamosc.pl\/wp-content\/uploads\/2026\/03\/III-Seminarium-Rodzina-podstawa-zdrowia-psychicznego-mlodych-ludzi-03-15-1080x600.jpg\" class=\"attachment-graphy-post-thumbnail-large size-graphy-post-thumbnail-large\" alt=\"\" \/><\/a>\n\t\t\t<\/div><\/figure><figure class='gallery-item'>\n\t\t\t<div class='gallery-icon landscape'>\n\t\t\t\t<a data-elementor-open-lightbox=\"yes\" data-elementor-lightbox-slideshow=\"704f9ba\" data-elementor-lightbox-title=\"III Seminarium Rodzina podstaw\u0105 zdrowia psychicznego m\u0142odych ludzi 03 (14)\" data-e-action-hash=\"#elementor-action%3Aaction%3Dlightbox%26settings%3DeyJpZCI6NjcyNywidXJsIjoiaHR0cHM6XC9cL3JvdGFyeS56YW1vc2MucGxcL3dwLWNvbnRlbnRcL3VwbG9hZHNcLzIwMjZcLzAzXC9JSUktU2VtaW5hcml1bS1Sb2R6aW5hLXBvZHN0YXdhLXpkcm93aWEtcHN5Y2hpY3puZWdvLW1sb2R5Y2gtbHVkemktMDMtMTQuanBnIiwic2xpZGVzaG93IjoiNzA0ZjliYSJ9\" href='https:\/\/rotary.zamosc.pl\/wp-content\/uploads\/2026\/03\/III-Seminarium-Rodzina-podstawa-zdrowia-psychicznego-mlodych-ludzi-03-14.jpg'><img loading=\"lazy\" decoding=\"async\" width=\"1080\" height=\"600\" src=\"https:\/\/rotary.zamosc.pl\/wp-content\/uploads\/2026\/03\/III-Seminarium-Rodzina-podstawa-zdrowia-psychicznego-mlodych-ludzi-03-14-1080x600.jpg\" class=\"attachment-graphy-post-thumbnail-large size-graphy-post-thumbnail-large\" alt=\"\" \/><\/a>\n\t\t\t<\/div><\/figure><figure class='gallery-item'>\n\t\t\t<div class='gallery-icon landscape'>\n\t\t\t\t<a data-elementor-open-lightbox=\"yes\" data-elementor-lightbox-slideshow=\"704f9ba\" data-elementor-lightbox-title=\"III Seminarium Rodzina podstaw\u0105 zdrowia psychicznego m\u0142odych ludzi 03 (13)\" data-e-action-hash=\"#elementor-action%3Aaction%3Dlightbox%26settings%3DeyJpZCI6NjcyNiwidXJsIjoiaHR0cHM6XC9cL3JvdGFyeS56YW1vc2MucGxcL3dwLWNvbnRlbnRcL3VwbG9hZHNcLzIwMjZcLzAzXC9JSUktU2VtaW5hcml1bS1Sb2R6aW5hLXBvZHN0YXdhLXpkcm93aWEtcHN5Y2hpY3puZWdvLW1sb2R5Y2gtbHVkemktMDMtMTMuanBnIiwic2xpZGVzaG93IjoiNzA0ZjliYSJ9\" href='https:\/\/rotary.zamosc.pl\/wp-content\/uploads\/2026\/03\/III-Seminarium-Rodzina-podstawa-zdrowia-psychicznego-mlodych-ludzi-03-13.jpg'><img loading=\"lazy\" decoding=\"async\" width=\"1080\" height=\"600\" src=\"https:\/\/rotary.zamosc.pl\/wp-content\/uploads\/2026\/03\/III-Seminarium-Rodzina-podstawa-zdrowia-psychicznego-mlodych-ludzi-03-13-1080x600.jpg\" class=\"attachment-graphy-post-thumbnail-large size-graphy-post-thumbnail-large\" alt=\"\" \/><\/a>\n\t\t\t<\/div><\/figure><figure class='gallery-item'>\n\t\t\t<div class='gallery-icon landscape'>\n\t\t\t\t<a data-elementor-open-lightbox=\"yes\" data-elementor-lightbox-slideshow=\"704f9ba\" data-elementor-lightbox-title=\"III Seminarium Rodzina podstaw\u0105 zdrowia psychicznego m\u0142odych ludzi 03 (12)\" data-e-action-hash=\"#elementor-action%3Aaction%3Dlightbox%26settings%3DeyJpZCI6NjcyNSwidXJsIjoiaHR0cHM6XC9cL3JvdGFyeS56YW1vc2MucGxcL3dwLWNvbnRlbnRcL3VwbG9hZHNcLzIwMjZcLzAzXC9JSUktU2VtaW5hcml1bS1Sb2R6aW5hLXBvZHN0YXdhLXpkcm93aWEtcHN5Y2hpY3puZWdvLW1sb2R5Y2gtbHVkemktMDMtMTIuanBnIiwic2xpZGVzaG93IjoiNzA0ZjliYSJ9\" href='https:\/\/rotary.zamosc.pl\/wp-content\/uploads\/2026\/03\/III-Seminarium-Rodzina-podstawa-zdrowia-psychicznego-mlodych-ludzi-03-12.jpg'><img loading=\"lazy\" decoding=\"async\" width=\"1080\" height=\"600\" src=\"https:\/\/rotary.zamosc.pl\/wp-content\/uploads\/2026\/03\/III-Seminarium-Rodzina-podstawa-zdrowia-psychicznego-mlodych-ludzi-03-12-1080x600.jpg\" class=\"attachment-graphy-post-thumbnail-large size-graphy-post-thumbnail-large\" alt=\"\" \/><\/a>\n\t\t\t<\/div><\/figure><figure class='gallery-item'>\n\t\t\t<div class='gallery-icon portrait'>\n\t\t\t\t<a data-elementor-open-lightbox=\"yes\" data-elementor-lightbox-slideshow=\"704f9ba\" data-elementor-lightbox-title=\"III Seminarium Rodzina podstaw\u0105 zdrowia psychicznego m\u0142odych ludzi 03 (11)\" data-e-action-hash=\"#elementor-action%3Aaction%3Dlightbox%26settings%3DeyJpZCI6NjcyNCwidXJsIjoiaHR0cHM6XC9cL3JvdGFyeS56YW1vc2MucGxcL3dwLWNvbnRlbnRcL3VwbG9hZHNcLzIwMjZcLzAzXC9JSUktU2VtaW5hcml1bS1Sb2R6aW5hLXBvZHN0YXdhLXpkcm93aWEtcHN5Y2hpY3puZWdvLW1sb2R5Y2gtbHVkemktMDMtMTEuanBnIiwic2xpZGVzaG93IjoiNzA0ZjliYSJ9\" href='https:\/\/rotary.zamosc.pl\/wp-content\/uploads\/2026\/03\/III-Seminarium-Rodzina-podstawa-zdrowia-psychicznego-mlodych-ludzi-03-11.jpg'><img loading=\"lazy\" decoding=\"async\" width=\"1080\" height=\"600\" src=\"https:\/\/rotary.zamosc.pl\/wp-content\/uploads\/2026\/03\/III-Seminarium-Rodzina-podstawa-zdrowia-psychicznego-mlodych-ludzi-03-11-1080x600.jpg\" class=\"attachment-graphy-post-thumbnail-large size-graphy-post-thumbnail-large\" alt=\"\" \/><\/a>\n\t\t\t<\/div><\/figure><figure class='gallery-item'>\n\t\t\t<div class='gallery-icon landscape'>\n\t\t\t\t<a data-elementor-open-lightbox=\"yes\" data-elementor-lightbox-slideshow=\"704f9ba\" data-elementor-lightbox-title=\"III Seminarium Rodzina podstaw\u0105 zdrowia psychicznego m\u0142odych ludzi 03 (10)\" data-e-action-hash=\"#elementor-action%3Aaction%3Dlightbox%26settings%3DeyJpZCI6NjcyMywidXJsIjoiaHR0cHM6XC9cL3JvdGFyeS56YW1vc2MucGxcL3dwLWNvbnRlbnRcL3VwbG9hZHNcLzIwMjZcLzAzXC9JSUktU2VtaW5hcml1bS1Sb2R6aW5hLXBvZHN0YXdhLXpkcm93aWEtcHN5Y2hpY3puZWdvLW1sb2R5Y2gtbHVkemktMDMtMTAuanBnIiwic2xpZGVzaG93IjoiNzA0ZjliYSJ9\" href='https:\/\/rotary.zamosc.pl\/wp-content\/uploads\/2026\/03\/III-Seminarium-Rodzina-podstawa-zdrowia-psychicznego-mlodych-ludzi-03-10.jpg'><img loading=\"lazy\" decoding=\"async\" width=\"1080\" height=\"600\" src=\"https:\/\/rotary.zamosc.pl\/wp-content\/uploads\/2026\/03\/III-Seminarium-Rodzina-podstawa-zdrowia-psychicznego-mlodych-ludzi-03-10-1080x600.jpg\" class=\"attachment-graphy-post-thumbnail-large size-graphy-post-thumbnail-large\" alt=\"\" \/><\/a>\n\t\t\t<\/div><\/figure><figure class='gallery-item'>\n\t\t\t<div class='gallery-icon portrait'>\n\t\t\t\t<a data-elementor-open-lightbox=\"yes\" data-elementor-lightbox-slideshow=\"704f9ba\" data-elementor-lightbox-title=\"III Seminarium Rodzina podstaw\u0105 zdrowia psychicznego m\u0142odych ludzi 03 (9)\" data-e-action-hash=\"#elementor-action%3Aaction%3Dlightbox%26settings%3DeyJpZCI6NjcyMiwidXJsIjoiaHR0cHM6XC9cL3JvdGFyeS56YW1vc2MucGxcL3dwLWNvbnRlbnRcL3VwbG9hZHNcLzIwMjZcLzAzXC9JSUktU2VtaW5hcml1bS1Sb2R6aW5hLXBvZHN0YXdhLXpkcm93aWEtcHN5Y2hpY3puZWdvLW1sb2R5Y2gtbHVkemktMDMtOS5qcGciLCJzbGlkZXNob3ciOiI3MDRmOWJhIn0%3D\" href='https:\/\/rotary.zamosc.pl\/wp-content\/uploads\/2026\/03\/III-Seminarium-Rodzina-podstawa-zdrowia-psychicznego-mlodych-ludzi-03-9.jpg'><img loading=\"lazy\" decoding=\"async\" width=\"1080\" height=\"600\" src=\"https:\/\/rotary.zamosc.pl\/wp-content\/uploads\/2026\/03\/III-Seminarium-Rodzina-podstawa-zdrowia-psychicznego-mlodych-ludzi-03-9-1080x600.jpg\" class=\"attachment-graphy-post-thumbnail-large size-graphy-post-thumbnail-large\" alt=\"\" \/><\/a>\n\t\t\t<\/div><\/figure><figure class='gallery-item'>\n\t\t\t<div class='gallery-icon landscape'>\n\t\t\t\t<a data-elementor-open-lightbox=\"yes\" data-elementor-lightbox-slideshow=\"704f9ba\" data-elementor-lightbox-title=\"III Seminarium Rodzina podstaw\u0105 zdrowia psychicznego m\u0142odych ludzi 03 (8)\" data-e-action-hash=\"#elementor-action%3Aaction%3Dlightbox%26settings%3DeyJpZCI6NjcyMSwidXJsIjoiaHR0cHM6XC9cL3JvdGFyeS56YW1vc2MucGxcL3dwLWNvbnRlbnRcL3VwbG9hZHNcLzIwMjZcLzAzXC9JSUktU2VtaW5hcml1bS1Sb2R6aW5hLXBvZHN0YXdhLXpkcm93aWEtcHN5Y2hpY3puZWdvLW1sb2R5Y2gtbHVkemktMDMtOC5qcGciLCJzbGlkZXNob3ciOiI3MDRmOWJhIn0%3D\" href='https:\/\/rotary.zamosc.pl\/wp-content\/uploads\/2026\/03\/III-Seminarium-Rodzina-podstawa-zdrowia-psychicznego-mlodych-ludzi-03-8.jpg'><img loading=\"lazy\" decoding=\"async\" width=\"1080\" height=\"600\" src=\"https:\/\/rotary.zamosc.pl\/wp-content\/uploads\/2026\/03\/III-Seminarium-Rodzina-podstawa-zdrowia-psychicznego-mlodych-ludzi-03-8-1080x600.jpg\" class=\"attachment-graphy-post-thumbnail-large size-graphy-post-thumbnail-large\" alt=\"\" \/><\/a>\n\t\t\t<\/div><\/figure><figure class='gallery-item'>\n\t\t\t<div class='gallery-icon landscape'>\n\t\t\t\t<a data-elementor-open-lightbox=\"yes\" data-elementor-lightbox-slideshow=\"704f9ba\" data-elementor-lightbox-title=\"III Seminarium Rodzina podstaw\u0105 zdrowia psychicznego m\u0142odych ludzi 03 (7)\" data-e-action-hash=\"#elementor-action%3Aaction%3Dlightbox%26settings%3DeyJpZCI6NjcyMCwidXJsIjoiaHR0cHM6XC9cL3JvdGFyeS56YW1vc2MucGxcL3dwLWNvbnRlbnRcL3VwbG9hZHNcLzIwMjZcLzAzXC9JSUktU2VtaW5hcml1bS1Sb2R6aW5hLXBvZHN0YXdhLXpkcm93aWEtcHN5Y2hpY3puZWdvLW1sb2R5Y2gtbHVkemktMDMtNy5qcGciLCJzbGlkZXNob3ciOiI3MDRmOWJhIn0%3D\" href='https:\/\/rotary.zamosc.pl\/wp-content\/uploads\/2026\/03\/III-Seminarium-Rodzina-podstawa-zdrowia-psychicznego-mlodych-ludzi-03-7.jpg'><img loading=\"lazy\" decoding=\"async\" width=\"1080\" height=\"600\" src=\"https:\/\/rotary.zamosc.pl\/wp-content\/uploads\/2026\/03\/III-Seminarium-Rodzina-podstawa-zdrowia-psychicznego-mlodych-ludzi-03-7-1080x600.jpg\" class=\"attachment-graphy-post-thumbnail-large size-graphy-post-thumbnail-large\" alt=\"\" \/><\/a>\n\t\t\t<\/div><\/figure><figure class='gallery-item'>\n\t\t\t<div class='gallery-icon landscape'>\n\t\t\t\t<a data-elementor-open-lightbox=\"yes\" data-elementor-lightbox-slideshow=\"704f9ba\" data-elementor-lightbox-title=\"III Seminarium Rodzina podstaw\u0105 zdrowia psychicznego m\u0142odych ludzi 03 (6)\" data-e-action-hash=\"#elementor-action%3Aaction%3Dlightbox%26settings%3DeyJpZCI6NjcxOSwidXJsIjoiaHR0cHM6XC9cL3JvdGFyeS56YW1vc2MucGxcL3dwLWNvbnRlbnRcL3VwbG9hZHNcLzIwMjZcLzAzXC9JSUktU2VtaW5hcml1bS1Sb2R6aW5hLXBvZHN0YXdhLXpkcm93aWEtcHN5Y2hpY3puZWdvLW1sb2R5Y2gtbHVkemktMDMtNi5qcGciLCJzbGlkZXNob3ciOiI3MDRmOWJhIn0%3D\" href='https:\/\/rotary.zamosc.pl\/wp-content\/uploads\/2026\/03\/III-Seminarium-Rodzina-podstawa-zdrowia-psychicznego-mlodych-ludzi-03-6.jpg'><img loading=\"lazy\" decoding=\"async\" width=\"1080\" height=\"600\" src=\"https:\/\/rotary.zamosc.pl\/wp-content\/uploads\/2026\/03\/III-Seminarium-Rodzina-podstawa-zdrowia-psychicznego-mlodych-ludzi-03-6-1080x600.jpg\" class=\"attachment-graphy-post-thumbnail-large size-graphy-post-thumbnail-large\" alt=\"\" \/><\/a>\n\t\t\t<\/div><\/figure><figure class='gallery-item'>\n\t\t\t<div class='gallery-icon landscape'>\n\t\t\t\t<a data-elementor-open-lightbox=\"yes\" data-elementor-lightbox-slideshow=\"704f9ba\" data-elementor-lightbox-title=\"III Seminarium Rodzina podstaw\u0105 zdrowia psychicznego m\u0142odych ludzi 03 (5)\" data-e-action-hash=\"#elementor-action%3Aaction%3Dlightbox%26settings%3DeyJpZCI6NjcxOCwidXJsIjoiaHR0cHM6XC9cL3JvdGFyeS56YW1vc2MucGxcL3dwLWNvbnRlbnRcL3VwbG9hZHNcLzIwMjZcLzAzXC9JSUktU2VtaW5hcml1bS1Sb2R6aW5hLXBvZHN0YXdhLXpkcm93aWEtcHN5Y2hpY3puZWdvLW1sb2R5Y2gtbHVkemktMDMtNS5qcGciLCJzbGlkZXNob3ciOiI3MDRmOWJhIn0%3D\" href='https:\/\/rotary.zamosc.pl\/wp-content\/uploads\/2026\/03\/III-Seminarium-Rodzina-podstawa-zdrowia-psychicznego-mlodych-ludzi-03-5.jpg'><img loading=\"lazy\" decoding=\"async\" width=\"1080\" height=\"600\" src=\"https:\/\/rotary.zamosc.pl\/wp-content\/uploads\/2026\/03\/III-Seminarium-Rodzina-podstawa-zdrowia-psychicznego-mlodych-ludzi-03-5-1080x600.jpg\" class=\"attachment-graphy-post-thumbnail-large size-graphy-post-thumbnail-large\" alt=\"\" \/><\/a>\n\t\t\t<\/div><\/figure><figure class='gallery-item'>\n\t\t\t<div class='gallery-icon portrait'>\n\t\t\t\t<a data-elementor-open-lightbox=\"yes\" data-elementor-lightbox-slideshow=\"704f9ba\" data-elementor-lightbox-title=\"III Seminarium Rodzina podstaw\u0105 zdrowia psychicznego m\u0142odych ludzi 03 (4)\" data-e-action-hash=\"#elementor-action%3Aaction%3Dlightbox%26settings%3DeyJpZCI6NjcxNywidXJsIjoiaHR0cHM6XC9cL3JvdGFyeS56YW1vc2MucGxcL3dwLWNvbnRlbnRcL3VwbG9hZHNcLzIwMjZcLzAzXC9JSUktU2VtaW5hcml1bS1Sb2R6aW5hLXBvZHN0YXdhLXpkcm93aWEtcHN5Y2hpY3puZWdvLW1sb2R5Y2gtbHVkemktMDMtNC5qcGciLCJzbGlkZXNob3ciOiI3MDRmOWJhIn0%3D\" href='https:\/\/rotary.zamosc.pl\/wp-content\/uploads\/2026\/03\/III-Seminarium-Rodzina-podstawa-zdrowia-psychicznego-mlodych-ludzi-03-4.jpg'><img loading=\"lazy\" decoding=\"async\" width=\"1080\" height=\"600\" src=\"https:\/\/rotary.zamosc.pl\/wp-content\/uploads\/2026\/03\/III-Seminarium-Rodzina-podstawa-zdrowia-psychicznego-mlodych-ludzi-03-4-1080x600.jpg\" class=\"attachment-graphy-post-thumbnail-large size-graphy-post-thumbnail-large\" alt=\"\" \/><\/a>\n\t\t\t<\/div><\/figure><figure class='gallery-item'>\n\t\t\t<div class='gallery-icon landscape'>\n\t\t\t\t<a data-elementor-open-lightbox=\"yes\" data-elementor-lightbox-slideshow=\"704f9ba\" data-elementor-lightbox-title=\"III Seminarium Rodzina podstaw\u0105 zdrowia psychicznego m\u0142odych ludzi 03 (3)\" data-e-action-hash=\"#elementor-action%3Aaction%3Dlightbox%26settings%3DeyJpZCI6NjcxNiwidXJsIjoiaHR0cHM6XC9cL3JvdGFyeS56YW1vc2MucGxcL3dwLWNvbnRlbnRcL3VwbG9hZHNcLzIwMjZcLzAzXC9JSUktU2VtaW5hcml1bS1Sb2R6aW5hLXBvZHN0YXdhLXpkcm93aWEtcHN5Y2hpY3puZWdvLW1sb2R5Y2gtbHVkemktMDMtMy5qcGciLCJzbGlkZXNob3ciOiI3MDRmOWJhIn0%3D\" href='https:\/\/rotary.zamosc.pl\/wp-content\/uploads\/2026\/03\/III-Seminarium-Rodzina-podstawa-zdrowia-psychicznego-mlodych-ludzi-03-3.jpg'><img loading=\"lazy\" decoding=\"async\" width=\"1080\" height=\"600\" src=\"https:\/\/rotary.zamosc.pl\/wp-content\/uploads\/2026\/03\/III-Seminarium-Rodzina-podstawa-zdrowia-psychicznego-mlodych-ludzi-03-3-1080x600.jpg\" class=\"attachment-graphy-post-thumbnail-large size-graphy-post-thumbnail-large\" alt=\"\" \/><\/a>\n\t\t\t<\/div><\/figure><figure class='gallery-item'>\n\t\t\t<div class='gallery-icon portrait'>\n\t\t\t\t<a data-elementor-open-lightbox=\"yes\" data-elementor-lightbox-slideshow=\"704f9ba\" data-elementor-lightbox-title=\"III Seminarium Rodzina podstaw\u0105 zdrowia psychicznego m\u0142odych ludzi 03 (2)\" data-e-action-hash=\"#elementor-action%3Aaction%3Dlightbox%26settings%3DeyJpZCI6NjcxNSwidXJsIjoiaHR0cHM6XC9cL3JvdGFyeS56YW1vc2MucGxcL3dwLWNvbnRlbnRcL3VwbG9hZHNcLzIwMjZcLzAzXC9JSUktU2VtaW5hcml1bS1Sb2R6aW5hLXBvZHN0YXdhLXpkcm93aWEtcHN5Y2hpY3puZWdvLW1sb2R5Y2gtbHVkemktMDMtMi5qcGciLCJzbGlkZXNob3ciOiI3MDRmOWJhIn0%3D\" href='https:\/\/rotary.zamosc.pl\/wp-content\/uploads\/2026\/03\/III-Seminarium-Rodzina-podstawa-zdrowia-psychicznego-mlodych-ludzi-03-2.jpg'><img loading=\"lazy\" decoding=\"async\" width=\"1080\" height=\"600\" src=\"https:\/\/rotary.zamosc.pl\/wp-content\/uploads\/2026\/03\/III-Seminarium-Rodzina-podstawa-zdrowia-psychicznego-mlodych-ludzi-03-2-1080x600.jpg\" class=\"attachment-graphy-post-thumbnail-large size-graphy-post-thumbnail-large\" alt=\"\" \/><\/a>\n\t\t\t<\/div><\/figure><figure class='gallery-item'>\n\t\t\t<div class='gallery-icon landscape'>\n\t\t\t\t<a data-elementor-open-lightbox=\"yes\" data-elementor-lightbox-slideshow=\"704f9ba\" data-elementor-lightbox-title=\"III Seminarium Rodzina podstaw\u0105 zdrowia psychicznego m\u0142odych ludzi 03 (1)\" data-e-action-hash=\"#elementor-action%3Aaction%3Dlightbox%26settings%3DeyJpZCI6NjcxNCwidXJsIjoiaHR0cHM6XC9cL3JvdGFyeS56YW1vc2MucGxcL3dwLWNvbnRlbnRcL3VwbG9hZHNcLzIwMjZcLzAzXC9JSUktU2VtaW5hcml1bS1Sb2R6aW5hLXBvZHN0YXdhLXpkcm93aWEtcHN5Y2hpY3puZWdvLW1sb2R5Y2gtbHVkemktMDMtMS5qcGciLCJzbGlkZXNob3ciOiI3MDRmOWJhIn0%3D\" href='https:\/\/rotary.zamosc.pl\/wp-content\/uploads\/2026\/03\/III-Seminarium-Rodzina-podstawa-zdrowia-psychicznego-mlodych-ludzi-03-1.jpg'><img loading=\"lazy\" decoding=\"async\" width=\"1080\" height=\"600\" src=\"https:\/\/rotary.zamosc.pl\/wp-content\/uploads\/2026\/03\/III-Seminarium-Rodzina-podstawa-zdrowia-psychicznego-mlodych-ludzi-03-1-1080x600.jpg\" class=\"attachment-graphy-post-thumbnail-large size-graphy-post-thumbnail-large\" alt=\"\" \/><\/a>\n\t\t\t<\/div><\/figure>\n\t\t<\/div>\n\t\t<\/div>\n\t\t\t\t\t\t<\/div>\n\t\t\t\t<\/div>\n\t\t\t\t<div class=\"elementor-element elementor-element-2223192 elementor-widget-divider--separator-type-pattern elementor-widget-divider--no-spacing elementor-widget-divider--view-line elementor-widget elementor-widget-divider\" data-id=\"2223192\" data-element_type=\"widget\" data-e-type=\"widget\" data-widget_type=\"divider.default\">\n\t\t\t\t<div class=\"elementor-widget-container\">\n\t\t\t\t\t\t\t<div class=\"elementor-divider\" style=\"--divider-pattern-url: url(&quot;data:image\/svg+xml,%3Csvg xmlns=&#039;http:\/\/www.w3.org\/2000\/svg&#039; preserveAspectRatio=&#039;none&#039; overflow=&#039;visible&#039; height=&#039;100%&#039; viewBox=&#039;0 0 24 24&#039; fill=&#039;black&#039; stroke=&#039;none&#039;%3E%3Cpath d=&#039;M24,8v12H0V8H24z M24,4v1H0V4H24z&#039;\/%3E%3C\/svg%3E&quot;);\">\n\t\t\t<span class=\"elementor-divider-separator\">\n\t\t\t\t\t\t<\/span>\n\t\t<\/div>\n\t\t\t\t\t\t<\/div>\n\t\t\t\t<\/div>\n\t\t\t\t\t<\/div>\n\t\t<\/div>\n\t\t\t\t\t<\/div>\n\t\t<\/section>\n\t\t\t\t<section class=\"elementor-section elementor-top-section elementor-element elementor-element-ede6321 elementor-section-boxed elementor-section-height-default elementor-section-height-default\" data-id=\"ede6321\" data-element_type=\"section\" data-e-type=\"section\" id=\"rok2025\">\n\t\t\t\t\t\t<div class=\"elementor-container elementor-column-gap-default\">\n\t\t\t\t\t<div class=\"elementor-column elementor-col-100 elementor-top-column elementor-element elementor-element-5e7161e\" data-id=\"5e7161e\" data-element_type=\"column\" data-e-type=\"column\">\n\t\t\t<div class=\"elementor-widget-wrap elementor-element-populated\">\n\t\t\t\t\t\t<div class=\"elementor-element elementor-element-63d872d elementor-widget elementor-widget-heading\" data-id=\"63d872d\" data-element_type=\"widget\" data-e-type=\"widget\" data-widget_type=\"heading.default\">\n\t\t\t\t<div class=\"elementor-widget-container\">\n\t\t\t\t\t<h2 class=\"elementor-heading-title elementor-size-default\">2025<\/h2>\t\t\t\t<\/div>\n\t\t\t\t<\/div>\n\t\t\t\t\t<\/div>\n\t\t<\/div>\n\t\t\t\t\t<\/div>\n\t\t<\/section>\n\t\t\t\t<section class=\"elementor-section elementor-top-section elementor-element elementor-element-0a192da elementor-section-stretched elementor-section-boxed elementor-section-height-default elementor-section-height-default\" data-id=\"0a192da\" data-element_type=\"section\" data-e-type=\"section\" data-settings=\"{&quot;stretch_section&quot;:&quot;section-stretched&quot;}\">\n\t\t\t\t\t\t<div class=\"elementor-container elementor-column-gap-default\">\n\t\t\t\t\t<div class=\"elementor-column elementor-col-100 elementor-top-column elementor-element elementor-element-fb5ed0e\" data-id=\"fb5ed0e\" data-element_type=\"column\" data-e-type=\"column\">\n\t\t\t<div class=\"elementor-widget-wrap elementor-element-populated\">\n\t\t\t\t\t\t<div class=\"elementor-element elementor-element-e1ba29b elementor-widget elementor-widget-text-editor\" data-id=\"e1ba29b\" data-element_type=\"widget\" data-e-type=\"widget\" data-widget_type=\"text-editor.default\">\n\t\t\t\t<div class=\"elementor-widget-container\">\n\t\t\t\t\t\t\t\t\t<div class=\"html-div xdj266r x11i5rnm xat24cr x1mh8g0r xexx8yu x4uap5 x18d9i69 xkhd6sd\" dir=\"auto\"><div class=\"html-div xdj266r x11i5rnm xat24cr x1mh8g0r xexx8yu x4uap5 x18d9i69 xkhd6sd\" data-ad-rendering-role=\"story_message\"><div id=\":rd:\" class=\"x1l90r2v x1iorvi4 x1ye3gou xn6708d\" data-ad-comet-preview=\"message\" data-ad-preview=\"message\"><div class=\"x78zum5 xdt5ytf xz62fqu x16ldp7u\"><div class=\"xu06os2 x1ok221b\"><div class=\"xdj266r x11i5rnm xat24cr x1mh8g0r x1vvkbs x126k92a\"><div class=\"html-div xdj266r x11i5rnm xat24cr x1mh8g0r xexx8yu x4uap5 x18d9i69 xkhd6sd\" dir=\"auto\"><div class=\"html-div xdj266r x11i5rnm xat24cr x1mh8g0r xexx8yu x4uap5 x18d9i69 xkhd6sd\" data-ad-rendering-role=\"story_message\"><div id=\"\u00abR5alqllajaillkqismipapd5aqH2\u00bb\" class=\"x1l90r2v x1iorvi4 x1ye3gou xn6708d\" data-ad-comet-preview=\"message\" data-ad-preview=\"message\"><div class=\"x78zum5 xdt5ytf xz62fqu x16ldp7u\"><div class=\"xu06os2 x1ok221b\"><div class=\"xdj266r x11i5rnm xat24cr x1mh8g0r x1vvkbs x126k92a\"><span class=\"x193iq5w xeuugli x13faqbe x1vvkbs x1xmvt09 x1lliihq x1s928wv xhkezso x1gmr53x x1cpjm7i x1fgarty x1943h6x xudqn12 x3x7a5m x6prxxf xvq8zen xo1l8bm xzsf02u x1yc453h\" dir=\"auto\">Kody QR odsy\u0142aj\u0105ce do wyk\u0142ad\u00f3w z II Seminarium &#8222;Razem dla zdrowia psychicznego dzieci i m\u0142odzie\u017cy&#8221;<\/span><\/div><\/div><\/div><\/div><\/div><\/div><\/div><\/div><\/div><\/div><\/div><\/div>\t\t\t\t\t\t\t\t<\/div>\n\t\t\t\t<\/div>\n\t\t\t\t<div class=\"elementor-element elementor-element-a4ed75f elementor-arrows-position-inside elementor-widget elementor-widget-image-carousel\" data-id=\"a4ed75f\" data-element_type=\"widget\" data-e-type=\"widget\" data-settings=\"{&quot;navigation&quot;:&quot;arrows&quot;,&quot;autoplay_speed&quot;:2000,&quot;autoplay&quot;:&quot;yes&quot;,&quot;pause_on_hover&quot;:&quot;yes&quot;,&quot;pause_on_interaction&quot;:&quot;yes&quot;,&quot;infinite&quot;:&quot;yes&quot;,&quot;speed&quot;:500,&quot;image_spacing_custom&quot;:{&quot;unit&quot;:&quot;px&quot;,&quot;size&quot;:20,&quot;sizes&quot;:[]},&quot;image_spacing_custom_tablet&quot;:{&quot;unit&quot;:&quot;px&quot;,&quot;size&quot;:&quot;&quot;,&quot;sizes&quot;:[]},&quot;image_spacing_custom_mobile&quot;:{&quot;unit&quot;:&quot;px&quot;,&quot;size&quot;:&quot;&quot;,&quot;sizes&quot;:[]}}\" data-widget_type=\"image-carousel.default\">\n\t\t\t\t<div class=\"elementor-widget-container\">\n\t\t\t\t\t\t\t<div class=\"elementor-image-carousel-wrapper swiper\" role=\"region\" aria-roledescription=\"carousel\" aria-label=\"Karuzela obrazk\u00f3w\" dir=\"ltr\">\n\t\t\t<div class=\"elementor-image-carousel swiper-wrapper\" aria-live=\"off\">\n\t\t\t\t\t\t\t\t<div class=\"swiper-slide\" role=\"group\" aria-roledescription=\"slide\" aria-label=\"1 z 5\"><figure class=\"swiper-slide-inner\"><img decoding=\"async\" class=\"swiper-slide-image\" src=\"https:\/\/rotary.zamosc.pl\/wp-content\/uploads\/2025\/04\/1-1.jpg\" alt=\"1\" \/><\/figure><\/div><div class=\"swiper-slide\" role=\"group\" aria-roledescription=\"slide\" aria-label=\"2 z 5\"><figure class=\"swiper-slide-inner\"><img decoding=\"async\" class=\"swiper-slide-image\" src=\"https:\/\/rotary.zamosc.pl\/wp-content\/uploads\/2025\/04\/2-1.jpg\" alt=\"2\" \/><\/figure><\/div><div class=\"swiper-slide\" role=\"group\" aria-roledescription=\"slide\" aria-label=\"3 z 5\"><figure class=\"swiper-slide-inner\"><img decoding=\"async\" class=\"swiper-slide-image\" src=\"https:\/\/rotary.zamosc.pl\/wp-content\/uploads\/2025\/04\/3-1.jpg\" alt=\"3\" \/><\/figure><\/div><div class=\"swiper-slide\" role=\"group\" aria-roledescription=\"slide\" aria-label=\"4 z 5\"><figure class=\"swiper-slide-inner\"><img decoding=\"async\" class=\"swiper-slide-image\" src=\"https:\/\/rotary.zamosc.pl\/wp-content\/uploads\/2025\/04\/4-1.jpg\" alt=\"4\" \/><\/figure><\/div><div class=\"swiper-slide\" role=\"group\" aria-roledescription=\"slide\" aria-label=\"5 z 5\"><figure class=\"swiper-slide-inner\"><img decoding=\"async\" class=\"swiper-slide-image\" src=\"https:\/\/rotary.zamosc.pl\/wp-content\/uploads\/2025\/04\/5-1.jpg\" alt=\"5\" \/><\/figure><\/div>\t\t\t<\/div>\n\t\t\t\t\t\t\t\t\t\t\t\t<div class=\"elementor-swiper-button elementor-swiper-button-prev\" role=\"button\" tabindex=\"0\">\n\t\t\t\t\t\t<i aria-hidden=\"true\" class=\"eicon-chevron-left\"><\/i>\t\t\t\t\t<\/div>\n\t\t\t\t\t<div class=\"elementor-swiper-button elementor-swiper-button-next\" role=\"button\" tabindex=\"0\">\n\t\t\t\t\t\t<i aria-hidden=\"true\" class=\"eicon-chevron-right\"><\/i>\t\t\t\t\t<\/div>\n\t\t\t\t\n\t\t\t\t\t\t\t\t\t<\/div>\n\t\t\t\t\t\t<\/div>\n\t\t\t\t<\/div>\n\t\t\t\t<div class=\"elementor-element elementor-element-1cb8245c elementor-widget-divider--view-line elementor-widget elementor-widget-divider\" data-id=\"1cb8245c\" data-element_type=\"widget\" data-e-type=\"widget\" data-widget_type=\"divider.default\">\n\t\t\t\t<div class=\"elementor-widget-container\">\n\t\t\t\t\t\t\t<div class=\"elementor-divider\">\n\t\t\t<span class=\"elementor-divider-separator\">\n\t\t\t\t\t\t<\/span>\n\t\t<\/div>\n\t\t\t\t\t\t<\/div>\n\t\t\t\t<\/div>\n\t\t\t\t\t<\/div>\n\t\t<\/div>\n\t\t\t\t\t<\/div>\n\t\t<\/section>\n\t\t\t\t<section class=\"elementor-section elementor-top-section elementor-element elementor-element-6d88d1cf elementor-section-stretched elementor-section-boxed elementor-section-height-default elementor-section-height-default\" data-id=\"6d88d1cf\" data-element_type=\"section\" data-e-type=\"section\" data-settings=\"{&quot;stretch_section&quot;:&quot;section-stretched&quot;}\">\n\t\t\t\t\t\t<div class=\"elementor-container elementor-column-gap-default\">\n\t\t\t\t\t<div class=\"elementor-column elementor-col-100 elementor-top-column elementor-element elementor-element-28696ee\" data-id=\"28696ee\" data-element_type=\"column\" data-e-type=\"column\">\n\t\t\t<div class=\"elementor-widget-wrap elementor-element-populated\">\n\t\t\t\t\t\t<div class=\"elementor-element elementor-element-2a63704d elementor-widget elementor-widget-text-editor\" data-id=\"2a63704d\" data-element_type=\"widget\" data-e-type=\"widget\" data-widget_type=\"text-editor.default\">\n\t\t\t\t<div class=\"elementor-widget-container\">\n\t\t\t\t\t\t\t\t\t<div class=\"html-div xdj266r x11i5rnm xat24cr x1mh8g0r xexx8yu x4uap5 x18d9i69 xkhd6sd\" dir=\"auto\"><div class=\"html-div xdj266r x11i5rnm xat24cr x1mh8g0r xexx8yu x4uap5 x18d9i69 xkhd6sd\" data-ad-rendering-role=\"story_message\"><div id=\":rd:\" class=\"x1l90r2v x1iorvi4 x1ye3gou xn6708d\" data-ad-comet-preview=\"message\" data-ad-preview=\"message\"><div class=\"x78zum5 xdt5ytf xz62fqu x16ldp7u\"><div class=\"xu06os2 x1ok221b\"><div class=\"xdj266r x11i5rnm xat24cr x1mh8g0r x1vvkbs x126k92a\"><div class=\"html-div xdj266r x11i5rnm xat24cr x1mh8g0r xexx8yu x4uap5 x18d9i69 xkhd6sd\" dir=\"auto\"><div class=\"html-div xdj266r x11i5rnm xat24cr x1mh8g0r xexx8yu x4uap5 x18d9i69 xkhd6sd\" data-ad-rendering-role=\"story_message\"><div id=\"\u00abR5alqllajaillkqismipapd5aqH2\u00bb\" class=\"x1l90r2v x1iorvi4 x1ye3gou xn6708d\" data-ad-comet-preview=\"message\" data-ad-preview=\"message\"><div class=\"x78zum5 xdt5ytf xz62fqu x16ldp7u\"><div class=\"xu06os2 x1ok221b\"><div class=\"xdj266r x11i5rnm xat24cr x1mh8g0r x1vvkbs x126k92a\"><div dir=\"auto\">&#8222;Aktualne problemy psychiczne dzieci i m\u0142odzie\u017cy&#8221;, wyk\u0142ad<\/div><div dir=\"auto\">dr n. med. Agaty Makarewicz na II Seminarium &#8222;Razem dla zdrowia psychicznego dzieci i m\u0142odzie\u017cy&#8221;<\/div><\/div><\/div><\/div><\/div><\/div><\/div><\/div><\/div><\/div><\/div><\/div><\/div>\t\t\t\t\t\t\t\t<\/div>\n\t\t\t\t<\/div>\n\t\t\t\t<div class=\"elementor-element elementor-element-7741f73e elementor-widget elementor-widget-html\" data-id=\"7741f73e\" data-element_type=\"widget\" data-e-type=\"widget\" data-widget_type=\"html.default\">\n\t\t\t\t<div class=\"elementor-widget-container\">\n\t\t\t\t\t<iframe src=\"https:\/\/www.facebook.com\/plugins\/video.php?height=314&href=https%3A%2F%2Fwww.facebook.com%2F100076747320995%2Fvideos%2F9498556156872146%2F&show_text=false&width=560&t=0\" width=\"560\" height=\"600\" style=\"border:none;overflow:hidden\" scrolling=\"no\" frameborder=\"0\" allowfullscreen=\"true\" allow=\"autoplay; clipboard-write; encrypted-media; picture-in-picture; web-share\" allowFullScreen=\"true\"><\/iframe>\t\t\t\t<\/div>\n\t\t\t\t<\/div>\n\t\t\t\t<div class=\"elementor-element elementor-element-6818c77 elementor-widget-divider--view-line elementor-widget elementor-widget-divider\" data-id=\"6818c77\" data-element_type=\"widget\" data-e-type=\"widget\" data-widget_type=\"divider.default\">\n\t\t\t\t<div class=\"elementor-widget-container\">\n\t\t\t\t\t\t\t<div class=\"elementor-divider\">\n\t\t\t<span class=\"elementor-divider-separator\">\n\t\t\t\t\t\t<\/span>\n\t\t<\/div>\n\t\t\t\t\t\t<\/div>\n\t\t\t\t<\/div>\n\t\t\t\t<div class=\"elementor-element elementor-element-52b39841 elementor-widget elementor-widget-text-editor\" data-id=\"52b39841\" data-element_type=\"widget\" data-e-type=\"widget\" data-widget_type=\"text-editor.default\">\n\t\t\t\t<div class=\"elementor-widget-container\">\n\t\t\t\t\t\t\t\t\t<div class=\"html-div xdj266r x11i5rnm xat24cr x1mh8g0r xexx8yu x4uap5 x18d9i69 xkhd6sd\" dir=\"auto\"><div class=\"html-div xdj266r x11i5rnm xat24cr x1mh8g0r xexx8yu x4uap5 x18d9i69 xkhd6sd\" data-ad-rendering-role=\"story_message\"><div id=\":rd:\" class=\"x1l90r2v x1iorvi4 x1ye3gou xn6708d\" data-ad-comet-preview=\"message\" data-ad-preview=\"message\"><div class=\"x78zum5 xdt5ytf xz62fqu x16ldp7u\"><div class=\"xu06os2 x1ok221b\"><div class=\"xdj266r x11i5rnm xat24cr x1mh8g0r x1vvkbs x126k92a\"><span class=\"x193iq5w xeuugli x13faqbe x1vvkbs x1xmvt09 x1lliihq x1s928wv xhkezso x1gmr53x x1cpjm7i x1fgarty x1943h6x xudqn12 x3x7a5m x6prxxf xvq8zen xo1l8bm xzsf02u x1yc453h\" dir=\"auto\">&#8222;Stres codzienny &#8211; stres wzmo\u017cony&#8221;, wyk\u0142ad prof. ucz. dr hab. n. med. Marzeny Samardakiewicz na II Seminarium &#8222;Razem dla zdrowia psychicznego dzieci i m\u0142odzie\u017cy&#8221;<\/span><\/div><\/div><\/div><\/div><\/div><\/div>\t\t\t\t\t\t\t\t<\/div>\n\t\t\t\t<\/div>\n\t\t\t\t<div class=\"elementor-element elementor-element-43200883 elementor-widget elementor-widget-html\" data-id=\"43200883\" data-element_type=\"widget\" data-e-type=\"widget\" data-widget_type=\"html.default\">\n\t\t\t\t<div class=\"elementor-widget-container\">\n\t\t\t\t\t<iframe src=\"https:\/\/www.facebook.com\/plugins\/video.php?height=314&href=https%3A%2F%2Fwww.facebook.com%2F100076747320995%2Fvideos%2F536424892809069%2F&show_text=false&width=560&t=0\" width=\"500\" height=\"600\" style=\"border:none;overflow:hidden\" scrolling=\"no\" frameborder=\"0\" allowfullscreen=\"true\" allow=\"autoplay; clipboard-write; encrypted-media; picture-in-picture; web-share\" allowFullScreen=\"true\"><\/iframe>\t\t\t\t<\/div>\n\t\t\t\t<\/div>\n\t\t\t\t<div class=\"elementor-element elementor-element-35fe6df5 elementor-widget-divider--view-line elementor-widget elementor-widget-divider\" data-id=\"35fe6df5\" data-element_type=\"widget\" data-e-type=\"widget\" data-widget_type=\"divider.default\">\n\t\t\t\t<div class=\"elementor-widget-container\">\n\t\t\t\t\t\t\t<div class=\"elementor-divider\">\n\t\t\t<span class=\"elementor-divider-separator\">\n\t\t\t\t\t\t<\/span>\n\t\t<\/div>\n\t\t\t\t\t\t<\/div>\n\t\t\t\t<\/div>\n\t\t\t\t<div class=\"elementor-element elementor-element-e022b44 elementor-widget elementor-widget-text-editor\" data-id=\"e022b44\" data-element_type=\"widget\" data-e-type=\"widget\" data-widget_type=\"text-editor.default\">\n\t\t\t\t<div class=\"elementor-widget-container\">\n\t\t\t\t\t\t\t\t\t<div class=\"html-div xdj266r x11i5rnm xat24cr x1mh8g0r xexx8yu x4uap5 x18d9i69 xkhd6sd\" dir=\"auto\"><div class=\"html-div xdj266r x11i5rnm xat24cr x1mh8g0r xexx8yu x4uap5 x18d9i69 xkhd6sd\" data-ad-rendering-role=\"story_message\"><div id=\":rd:\" class=\"x1l90r2v x1iorvi4 x1ye3gou xn6708d\" data-ad-comet-preview=\"message\" data-ad-preview=\"message\"><div class=\"x78zum5 xdt5ytf xz62fqu x16ldp7u\"><div class=\"xu06os2 x1ok221b\"><div class=\"xdj266r x11i5rnm xat24cr x1mh8g0r x1vvkbs x126k92a\"><span class=\"x193iq5w xeuugli x13faqbe x1vvkbs x1xmvt09 x1lliihq x1s928wv xhkezso x1gmr53x x1cpjm7i x1fgarty x1943h6x xudqn12 x3x7a5m x6prxxf xvq8zen xo1l8bm xzsf02u x1yc453h\" dir=\"auto\">Zach\u0119camy do obejrzenia klipu z z II Seminarium &#8222;Razem dla zdrowia psychicznego dzieci i m\u0142odzie\u017cy&#8221; oraz wyk\u0142ad\u00f3w, kt\u00f3re s\u0105 opublikowane w kolejnych postach<\/span><\/div><\/div><\/div><\/div><\/div><\/div>\t\t\t\t\t\t\t\t<\/div>\n\t\t\t\t<\/div>\n\t\t\t\t<div class=\"elementor-element elementor-element-4643ee3 elementor-widget elementor-widget-html\" data-id=\"4643ee3\" data-element_type=\"widget\" data-e-type=\"widget\" data-widget_type=\"html.default\">\n\t\t\t\t<div class=\"elementor-widget-container\">\n\t\t\t\t\t<iframe src=\"https:\/\/www.facebook.com\/plugins\/video.php?height=314&href=https%3A%2F%2Fwww.facebook.com%2F100076747320995%2Fvideos%2F666638115756134%2F&show_text=false&width=560&t=0\" width=\"600\" height=\"600\" style=\"border:none;overflow:hidden\" scrolling=\"no\" frameborder=\"0\" allowfullscreen=\"true\" allow=\"autoplay; clipboard-write; encrypted-media; picture-in-picture; web-share\" allowFullScreen=\"true\"><\/iframe>\t\t\t\t<\/div>\n\t\t\t\t<\/div>\n\t\t\t\t<div class=\"elementor-element elementor-element-626cbce2 elementor-widget-divider--view-line elementor-widget elementor-widget-divider\" data-id=\"626cbce2\" data-element_type=\"widget\" data-e-type=\"widget\" data-widget_type=\"divider.default\">\n\t\t\t\t<div class=\"elementor-widget-container\">\n\t\t\t\t\t\t\t<div class=\"elementor-divider\">\n\t\t\t<span class=\"elementor-divider-separator\">\n\t\t\t\t\t\t<\/span>\n\t\t<\/div>\n\t\t\t\t\t\t<\/div>\n\t\t\t\t<\/div>\n\t\t\t\t\t<\/div>\n\t\t<\/div>\n\t\t\t\t\t<\/div>\n\t\t<\/section>\n\t\t\t\t<section class=\"elementor-section elementor-top-section elementor-element elementor-element-2f964025 elementor-section-stretched elementor-section-boxed elementor-section-height-default elementor-section-height-default\" data-id=\"2f964025\" data-element_type=\"section\" data-e-type=\"section\" data-settings=\"{&quot;stretch_section&quot;:&quot;section-stretched&quot;}\">\n\t\t\t\t\t\t<div class=\"elementor-container elementor-column-gap-default\">\n\t\t\t\t\t<div class=\"elementor-column elementor-col-100 elementor-top-column elementor-element elementor-element-17cbb0fb\" data-id=\"17cbb0fb\" data-element_type=\"column\" data-e-type=\"column\">\n\t\t\t<div class=\"elementor-widget-wrap elementor-element-populated\">\n\t\t\t\t\t\t<div class=\"elementor-element elementor-element-4e7208e elementor-widget elementor-widget-heading\" data-id=\"4e7208e\" data-element_type=\"widget\" data-e-type=\"widget\" data-widget_type=\"heading.default\">\n\t\t\t\t<div class=\"elementor-widget-container\">\n\t\t\t\t\t<h2 class=\"elementor-heading-title elementor-size-default\">II Seminarium \"Razem dla zdrowia psychicznego dzieci i m\u0142odzie\u017cy<\/h2>\t\t\t\t<\/div>\n\t\t\t\t<\/div>\n\t\t\t\t<div class=\"elementor-element elementor-element-4dc214ad elementor-widget elementor-widget-text-editor\" data-id=\"4dc214ad\" data-element_type=\"widget\" data-e-type=\"widget\" data-widget_type=\"text-editor.default\">\n\t\t\t\t<div class=\"elementor-widget-container\">\n\t\t\t\t\t\t\t\t\t<div class=\"html-div xdj266r x11i5rnm xat24cr x1mh8g0r xexx8yu x4uap5 x18d9i69 xkhd6sd\" dir=\"auto\"><div class=\"html-div xdj266r x11i5rnm xat24cr x1mh8g0r xexx8yu x4uap5 x18d9i69 xkhd6sd\" data-ad-rendering-role=\"story_message\"><div id=\":rd:\" class=\"x1l90r2v x1iorvi4 x1ye3gou xn6708d\" data-ad-comet-preview=\"message\" data-ad-preview=\"message\"><div class=\"x78zum5 xdt5ytf xz62fqu x16ldp7u\"><div class=\"xu06os2 x1ok221b\"><div class=\"xdj266r x11i5rnm xat24cr x1mh8g0r x1vvkbs x126k92a\"><div class=\"html-div xdj266r x11i5rnm xat24cr x1mh8g0r xexx8yu x4uap5 x18d9i69 xkhd6sd\" dir=\"auto\"><div class=\"html-div xdj266r x11i5rnm xat24cr x1mh8g0r xexx8yu x4uap5 x18d9i69 xkhd6sd\" data-ad-rendering-role=\"story_message\"><div id=\":rj:\" class=\"x1l90r2v x1pi30zi x1swvt13 x1iorvi4\" data-ad-comet-preview=\"message\" data-ad-preview=\"message\"><div class=\"x78zum5 xdt5ytf xz62fqu x16ldp7u\"><div class=\"xu06os2 x1ok221b\"><div class=\"x11i5rnm xat24cr x1mh8g0r x1vvkbs xtlvy1s x126k92a\"><div class=\"html-div xdj266r x11i5rnm xat24cr x1mh8g0r xexx8yu x4uap5 x18d9i69 xkhd6sd\" dir=\"auto\"><div class=\"html-div xdj266r x11i5rnm xat24cr x1mh8g0r xexx8yu x4uap5 x18d9i69 xkhd6sd\" data-ad-rendering-role=\"story_message\"><div id=\":r50:\" class=\"x1l90r2v x1iorvi4 x1ye3gou xn6708d\" data-ad-comet-preview=\"message\" data-ad-preview=\"message\"><div class=\"x78zum5 xdt5ytf xz62fqu x16ldp7u\"><div class=\"xu06os2 x1ok221b\"><div class=\"xdj266r x11i5rnm xat24cr x1mh8g0r x1vvkbs x126k92a\"><div class=\"html-div xdj266r x11i5rnm xat24cr x1mh8g0r xexx8yu x4uap5 x18d9i69 xkhd6sd\" dir=\"auto\"><div class=\"html-div xdj266r x11i5rnm xat24cr x1mh8g0r xexx8yu x4uap5 x18d9i69 xkhd6sd\" data-ad-rendering-role=\"story_message\"><div id=\":r47:\" class=\"x1l90r2v x1iorvi4 x1ye3gou xn6708d\" data-ad-comet-preview=\"message\" data-ad-preview=\"message\"><div class=\"x78zum5 xdt5ytf xz62fqu x16ldp7u\"><div class=\"xu06os2 x1ok221b\"><div class=\"xdj266r x11i5rnm xat24cr x1mh8g0r x1vvkbs x126k92a\"><div dir=\"auto\">5 marca w Zamojskim Domu Kultury odby\u0142o si\u0119 seminarium b\u0119d\u0105ce kontynuacj\u0105 rozpocz\u0119tego przed rokiem projektu, zmierzaj\u0105cego do skonsolidowania dzia\u0142a\u0144 wielu os\u00f3b, instytucji i organizacji przejmuj\u0105cych si\u0119 problemami zaburze\u0144 zdrowia psychicznego m\u0142odych ludzi.<\/div><div dir=\"auto\">Organizatorem II Seminarium pod nazw\u0105 &#8222;Razem dla zdrowia psychicznego dzieci i m\u0142odzie\u017cy&#8221; by\u0142 Rotary Club Zamo\u015b\u0107 we wsp\u00f3\u0142pracy z Uniwersytetem Medycznym w Lublinie oraz Urz\u0119dem Miasta Zamo\u015b\u0107.<\/div><div dir=\"auto\">Ze strony RC Zamo\u015b\u0107 koordynatorem wszystkich dzia\u0142a\u0144 by\u0142 past Prezydent Zbigniew Gumuli\u0144ski.<br \/><br \/><\/div><div dir=\"auto\">Honorowy patronat nad wydarzeniem sprawowali: Gubernator Rotary Polska &#8211; Krystyna Baj-Pawluk, Rektor UM w Lublinie &#8211; prof. dr hab. n. med. Wojciech Za\u0142uska oraz Prezydent Miasta Zamo\u015b\u0107 &#8211; Rafa\u0142 Zwolak.<\/div><div dir=\"auto\">Gubernator Rotary Polska reprezentowa\u0142 Regionalny Asystent &#8211; Dariusz Matosiuk.<\/div><div dir=\"auto\">Wyk\u0142ady zaprezentowane na seminarium przygotowa\u0142y i wyg\u0142osi\u0142y:<\/div><div dir=\"auto\">&#8211; dr hab. n. med., prof. ucz. Marzena Samardakiewicz &#8211; &#8222;Stres codzienny &#8211; stres wzmo\u017cony&#8221;,<\/div><div dir=\"auto\">&#8211; prof. dr hab. n. med. Hanna Karaku\u0142a-Juchnowicz &#8211; &#8222;Gdy ga\u015bnie nadzieja &#8211; problem samob\u00f3jstw&#8221;,<\/div><div dir=\"auto\">&#8211; dr n. med. Agata Makarewicz &#8211; &#8222;Aktualne problemy psychiczne dzieci i m\u0142odzie\u017cy&#8221;<\/div><div dir=\"auto\">&#8211; dr n. med. Joanna Milanowska &#8211; &#8222;Internet &#8211; wr\u00f3g czy sprzymierzeniec&#8221;.<\/div><div dir=\"auto\"><br \/>Podczas wydarzenia g\u0142os zabra\u0142 prof. dr n. med. Janusz Milanowski, Rotarianin RC Lublin Centrum, kt\u00f3ry zapozna\u0142 nas z misj\u0105 Fundacji &#8222;Arka&#8221;.<\/div><div dir=\"auto\">Wydarzenie u\u015bwietni\u0142 wyst\u0119p stypendyst\u00f3w RC Zamo\u015b\u0107 i jednocze\u015bnie uczni\u00f3w Pa\u0144stwowej Szko\u0142y Muzycznej w Zamo\u015bciu.<\/div><div dir=\"auto\">Pi\u0119kn\u0105 scenografi\u0119 i pocz\u0119stunek przygotowa\u0142a m\u0142odzie\u017c z Zespo\u0142u Szk\u00f3\u0142 Ponadpodstawowych nr 1 w Zamo\u015bciu.<\/div><div dir=\"auto\">W seminarium licznie uczestniczyli nauczyciele, pedagodzy i wychowawcy z Zamo\u015bcia i okolic. Byli r\u00f3wnie\u017c obecni Rotarianie z Zamo\u015bcia, Lublina i Janowa Lubelskiego.<\/div><div dir=\"auto\">Ca\u0142e wydarzenie by\u0142o transmitowane na kanale You Tube Rotary Polska.<\/div><div dir=\"auto\">Zapraszamy do obejrzenia nagranego w ca\u0142o\u015bci seminarium.<\/div><\/div><\/div><\/div><\/div><\/div><\/div><\/div><\/div><\/div><\/div><\/div><\/div><\/div><\/div><\/div><\/div><\/div><\/div><\/div><\/div><\/div><\/div><\/div><\/div>\t\t\t\t\t\t\t\t<\/div>\n\t\t\t\t<\/div>\n\t\t\t\t<div class=\"elementor-element elementor-element-3510b9da gallery-spacing-custom elementor-widget elementor-widget-image-gallery\" data-id=\"3510b9da\" data-element_type=\"widget\" data-e-type=\"widget\" data-widget_type=\"image-gallery.default\">\n\t\t\t\t<div class=\"elementor-widget-container\">\n\t\t\t\t\t\t\t<div class=\"elementor-image-gallery\">\n\t\t\t<div id='gallery-2' class='gallery galleryid-5206 gallery-columns-6 gallery-size-graphy-post-thumbnail-medium'><figure class='gallery-item'>\n\t\t\t<div class='gallery-icon landscape'>\n\t\t\t\t<a data-elementor-open-lightbox=\"yes\" data-elementor-lightbox-slideshow=\"3510b9da\" data-elementor-lightbox-title=\"II Seminarium Razem dla zdrowia psychicznego dzieci i m\u0142odzie\u017cy 05_03_2025 (19)\" data-e-action-hash=\"#elementor-action%3Aaction%3Dlightbox%26settings%3DeyJpZCI6NTMzMywidXJsIjoiaHR0cHM6XC9cL3JvdGFyeS56YW1vc2MucGxcL3dwLWNvbnRlbnRcL3VwbG9hZHNcLzIwMjVcLzAzXC9JSS1TZW1pbmFyaXVtLVJhemVtLWRsYS16ZHJvd2lhLXBzeWNoaWN6bmVnby1kemllY2ktaS1tbG9kemllenktMDVfMDNfMjAyNS0xOS5qcGciLCJzbGlkZXNob3ciOiIzNTEwYjlkYSJ9\" href='https:\/\/rotary.zamosc.pl\/wp-content\/uploads\/2025\/03\/II-Seminarium-Razem-dla-zdrowia-psychicznego-dzieci-i-mlodziezy-05_03_2025-19.jpg'><img loading=\"lazy\" decoding=\"async\" width=\"482\" height=\"300\" src=\"https:\/\/rotary.zamosc.pl\/wp-content\/uploads\/2025\/03\/II-Seminarium-Razem-dla-zdrowia-psychicznego-dzieci-i-mlodziezy-05_03_2025-19-482x300.jpg\" class=\"attachment-graphy-post-thumbnail-medium size-graphy-post-thumbnail-medium\" alt=\"\" \/><\/a>\n\t\t\t<\/div><\/figure><figure class='gallery-item'>\n\t\t\t<div class='gallery-icon landscape'>\n\t\t\t\t<a data-elementor-open-lightbox=\"yes\" data-elementor-lightbox-slideshow=\"3510b9da\" data-elementor-lightbox-title=\"II Seminarium Razem dla zdrowia psychicznego dzieci i m\u0142odzie\u017cy 05_03_2025 (18)\" data-e-action-hash=\"#elementor-action%3Aaction%3Dlightbox%26settings%3DeyJpZCI6NTMzMiwidXJsIjoiaHR0cHM6XC9cL3JvdGFyeS56YW1vc2MucGxcL3dwLWNvbnRlbnRcL3VwbG9hZHNcLzIwMjVcLzAzXC9JSS1TZW1pbmFyaXVtLVJhemVtLWRsYS16ZHJvd2lhLXBzeWNoaWN6bmVnby1kemllY2ktaS1tbG9kemllenktMDVfMDNfMjAyNS0xOC5qcGciLCJzbGlkZXNob3ciOiIzNTEwYjlkYSJ9\" href='https:\/\/rotary.zamosc.pl\/wp-content\/uploads\/2025\/03\/II-Seminarium-Razem-dla-zdrowia-psychicznego-dzieci-i-mlodziezy-05_03_2025-18.jpg'><img loading=\"lazy\" decoding=\"async\" width=\"482\" height=\"300\" src=\"https:\/\/rotary.zamosc.pl\/wp-content\/uploads\/2025\/03\/II-Seminarium-Razem-dla-zdrowia-psychicznego-dzieci-i-mlodziezy-05_03_2025-18-482x300.jpg\" class=\"attachment-graphy-post-thumbnail-medium size-graphy-post-thumbnail-medium\" alt=\"\" \/><\/a>\n\t\t\t<\/div><\/figure><figure class='gallery-item'>\n\t\t\t<div class='gallery-icon portrait'>\n\t\t\t\t<a data-elementor-open-lightbox=\"yes\" data-elementor-lightbox-slideshow=\"3510b9da\" data-elementor-lightbox-title=\"II Seminarium Razem dla zdrowia psychicznego dzieci i m\u0142odzie\u017cy 05_03_2025 (17)\" data-e-action-hash=\"#elementor-action%3Aaction%3Dlightbox%26settings%3DeyJpZCI6NTMzMSwidXJsIjoiaHR0cHM6XC9cL3JvdGFyeS56YW1vc2MucGxcL3dwLWNvbnRlbnRcL3VwbG9hZHNcLzIwMjVcLzAzXC9JSS1TZW1pbmFyaXVtLVJhemVtLWRsYS16ZHJvd2lhLXBzeWNoaWN6bmVnby1kemllY2ktaS1tbG9kemllenktMDVfMDNfMjAyNS0xNy5qcGciLCJzbGlkZXNob3ciOiIzNTEwYjlkYSJ9\" href='https:\/\/rotary.zamosc.pl\/wp-content\/uploads\/2025\/03\/II-Seminarium-Razem-dla-zdrowia-psychicznego-dzieci-i-mlodziezy-05_03_2025-17.jpg'><img loading=\"lazy\" decoding=\"async\" width=\"482\" height=\"300\" src=\"https:\/\/rotary.zamosc.pl\/wp-content\/uploads\/2025\/03\/II-Seminarium-Razem-dla-zdrowia-psychicznego-dzieci-i-mlodziezy-05_03_2025-17-482x300.jpg\" class=\"attachment-graphy-post-thumbnail-medium size-graphy-post-thumbnail-medium\" alt=\"\" \/><\/a>\n\t\t\t<\/div><\/figure><figure class='gallery-item'>\n\t\t\t<div class='gallery-icon portrait'>\n\t\t\t\t<a data-elementor-open-lightbox=\"yes\" data-elementor-lightbox-slideshow=\"3510b9da\" data-elementor-lightbox-title=\"II Seminarium Razem dla zdrowia psychicznego dzieci i m\u0142odzie\u017cy 05_03_2025 (16)\" data-e-action-hash=\"#elementor-action%3Aaction%3Dlightbox%26settings%3DeyJpZCI6NTMzMCwidXJsIjoiaHR0cHM6XC9cL3JvdGFyeS56YW1vc2MucGxcL3dwLWNvbnRlbnRcL3VwbG9hZHNcLzIwMjVcLzAzXC9JSS1TZW1pbmFyaXVtLVJhemVtLWRsYS16ZHJvd2lhLXBzeWNoaWN6bmVnby1kemllY2ktaS1tbG9kemllenktMDVfMDNfMjAyNS0xNi5qcGciLCJzbGlkZXNob3ciOiIzNTEwYjlkYSJ9\" href='https:\/\/rotary.zamosc.pl\/wp-content\/uploads\/2025\/03\/II-Seminarium-Razem-dla-zdrowia-psychicznego-dzieci-i-mlodziezy-05_03_2025-16.jpg'><img loading=\"lazy\" decoding=\"async\" width=\"482\" height=\"300\" src=\"https:\/\/rotary.zamosc.pl\/wp-content\/uploads\/2025\/03\/II-Seminarium-Razem-dla-zdrowia-psychicznego-dzieci-i-mlodziezy-05_03_2025-16-482x300.jpg\" class=\"attachment-graphy-post-thumbnail-medium size-graphy-post-thumbnail-medium\" alt=\"\" \/><\/a>\n\t\t\t<\/div><\/figure><figure class='gallery-item'>\n\t\t\t<div class='gallery-icon portrait'>\n\t\t\t\t<a data-elementor-open-lightbox=\"yes\" data-elementor-lightbox-slideshow=\"3510b9da\" data-elementor-lightbox-title=\"II Seminarium Razem dla zdrowia psychicznego dzieci i m\u0142odzie\u017cy 05_03_2025 (15)\" data-e-action-hash=\"#elementor-action%3Aaction%3Dlightbox%26settings%3DeyJpZCI6NTMyOSwidXJsIjoiaHR0cHM6XC9cL3JvdGFyeS56YW1vc2MucGxcL3dwLWNvbnRlbnRcL3VwbG9hZHNcLzIwMjVcLzAzXC9JSS1TZW1pbmFyaXVtLVJhemVtLWRsYS16ZHJvd2lhLXBzeWNoaWN6bmVnby1kemllY2ktaS1tbG9kemllenktMDVfMDNfMjAyNS0xNS5qcGciLCJzbGlkZXNob3ciOiIzNTEwYjlkYSJ9\" href='https:\/\/rotary.zamosc.pl\/wp-content\/uploads\/2025\/03\/II-Seminarium-Razem-dla-zdrowia-psychicznego-dzieci-i-mlodziezy-05_03_2025-15.jpg'><img loading=\"lazy\" decoding=\"async\" width=\"482\" height=\"300\" src=\"https:\/\/rotary.zamosc.pl\/wp-content\/uploads\/2025\/03\/II-Seminarium-Razem-dla-zdrowia-psychicznego-dzieci-i-mlodziezy-05_03_2025-15-482x300.jpg\" class=\"attachment-graphy-post-thumbnail-medium size-graphy-post-thumbnail-medium\" alt=\"\" \/><\/a>\n\t\t\t<\/div><\/figure><figure class='gallery-item'>\n\t\t\t<div class='gallery-icon portrait'>\n\t\t\t\t<a data-elementor-open-lightbox=\"yes\" data-elementor-lightbox-slideshow=\"3510b9da\" data-elementor-lightbox-title=\"II Seminarium Razem dla zdrowia psychicznego dzieci i m\u0142odzie\u017cy 05_03_2025 (14)\" data-e-action-hash=\"#elementor-action%3Aaction%3Dlightbox%26settings%3DeyJpZCI6NTMyOCwidXJsIjoiaHR0cHM6XC9cL3JvdGFyeS56YW1vc2MucGxcL3dwLWNvbnRlbnRcL3VwbG9hZHNcLzIwMjVcLzAzXC9JSS1TZW1pbmFyaXVtLVJhemVtLWRsYS16ZHJvd2lhLXBzeWNoaWN6bmVnby1kemllY2ktaS1tbG9kemllenktMDVfMDNfMjAyNS0xNC5qcGciLCJzbGlkZXNob3ciOiIzNTEwYjlkYSJ9\" href='https:\/\/rotary.zamosc.pl\/wp-content\/uploads\/2025\/03\/II-Seminarium-Razem-dla-zdrowia-psychicznego-dzieci-i-mlodziezy-05_03_2025-14.jpg'><img loading=\"lazy\" decoding=\"async\" width=\"482\" height=\"300\" src=\"https:\/\/rotary.zamosc.pl\/wp-content\/uploads\/2025\/03\/II-Seminarium-Razem-dla-zdrowia-psychicznego-dzieci-i-mlodziezy-05_03_2025-14-482x300.jpg\" class=\"attachment-graphy-post-thumbnail-medium size-graphy-post-thumbnail-medium\" alt=\"\" \/><\/a>\n\t\t\t<\/div><\/figure><figure class='gallery-item'>\n\t\t\t<div class='gallery-icon landscape'>\n\t\t\t\t<a data-elementor-open-lightbox=\"yes\" data-elementor-lightbox-slideshow=\"3510b9da\" data-elementor-lightbox-title=\"II Seminarium Razem dla zdrowia psychicznego dzieci i m\u0142odzie\u017cy 05_03_2025 (13)\" data-e-action-hash=\"#elementor-action%3Aaction%3Dlightbox%26settings%3DeyJpZCI6NTMyNywidXJsIjoiaHR0cHM6XC9cL3JvdGFyeS56YW1vc2MucGxcL3dwLWNvbnRlbnRcL3VwbG9hZHNcLzIwMjVcLzAzXC9JSS1TZW1pbmFyaXVtLVJhemVtLWRsYS16ZHJvd2lhLXBzeWNoaWN6bmVnby1kemllY2ktaS1tbG9kemllenktMDVfMDNfMjAyNS0xMy5qcGciLCJzbGlkZXNob3ciOiIzNTEwYjlkYSJ9\" href='https:\/\/rotary.zamosc.pl\/wp-content\/uploads\/2025\/03\/II-Seminarium-Razem-dla-zdrowia-psychicznego-dzieci-i-mlodziezy-05_03_2025-13.jpg'><img loading=\"lazy\" decoding=\"async\" width=\"482\" height=\"300\" src=\"https:\/\/rotary.zamosc.pl\/wp-content\/uploads\/2025\/03\/II-Seminarium-Razem-dla-zdrowia-psychicznego-dzieci-i-mlodziezy-05_03_2025-13-482x300.jpg\" class=\"attachment-graphy-post-thumbnail-medium size-graphy-post-thumbnail-medium\" alt=\"\" \/><\/a>\n\t\t\t<\/div><\/figure><figure class='gallery-item'>\n\t\t\t<div class='gallery-icon landscape'>\n\t\t\t\t<a data-elementor-open-lightbox=\"yes\" data-elementor-lightbox-slideshow=\"3510b9da\" data-elementor-lightbox-title=\"II Seminarium Razem dla zdrowia psychicznego dzieci i m\u0142odzie\u017cy 05_03_2025 (12)\" data-e-action-hash=\"#elementor-action%3Aaction%3Dlightbox%26settings%3DeyJpZCI6NTMyNiwidXJsIjoiaHR0cHM6XC9cL3JvdGFyeS56YW1vc2MucGxcL3dwLWNvbnRlbnRcL3VwbG9hZHNcLzIwMjVcLzAzXC9JSS1TZW1pbmFyaXVtLVJhemVtLWRsYS16ZHJvd2lhLXBzeWNoaWN6bmVnby1kemllY2ktaS1tbG9kemllenktMDVfMDNfMjAyNS0xMi5qcGciLCJzbGlkZXNob3ciOiIzNTEwYjlkYSJ9\" href='https:\/\/rotary.zamosc.pl\/wp-content\/uploads\/2025\/03\/II-Seminarium-Razem-dla-zdrowia-psychicznego-dzieci-i-mlodziezy-05_03_2025-12.jpg'><img loading=\"lazy\" decoding=\"async\" width=\"482\" height=\"300\" src=\"https:\/\/rotary.zamosc.pl\/wp-content\/uploads\/2025\/03\/II-Seminarium-Razem-dla-zdrowia-psychicznego-dzieci-i-mlodziezy-05_03_2025-12-482x300.jpg\" class=\"attachment-graphy-post-thumbnail-medium size-graphy-post-thumbnail-medium\" alt=\"\" \/><\/a>\n\t\t\t<\/div><\/figure><figure class='gallery-item'>\n\t\t\t<div class='gallery-icon landscape'>\n\t\t\t\t<a data-elementor-open-lightbox=\"yes\" data-elementor-lightbox-slideshow=\"3510b9da\" data-elementor-lightbox-title=\"II Seminarium Razem dla zdrowia psychicznego dzieci i m\u0142odzie\u017cy 05_03_2025 (11)\" data-e-action-hash=\"#elementor-action%3Aaction%3Dlightbox%26settings%3DeyJpZCI6NTMyNSwidXJsIjoiaHR0cHM6XC9cL3JvdGFyeS56YW1vc2MucGxcL3dwLWNvbnRlbnRcL3VwbG9hZHNcLzIwMjVcLzAzXC9JSS1TZW1pbmFyaXVtLVJhemVtLWRsYS16ZHJvd2lhLXBzeWNoaWN6bmVnby1kemllY2ktaS1tbG9kemllenktMDVfMDNfMjAyNS0xMS5qcGciLCJzbGlkZXNob3ciOiIzNTEwYjlkYSJ9\" href='https:\/\/rotary.zamosc.pl\/wp-content\/uploads\/2025\/03\/II-Seminarium-Razem-dla-zdrowia-psychicznego-dzieci-i-mlodziezy-05_03_2025-11.jpg'><img loading=\"lazy\" decoding=\"async\" width=\"482\" height=\"300\" src=\"https:\/\/rotary.zamosc.pl\/wp-content\/uploads\/2025\/03\/II-Seminarium-Razem-dla-zdrowia-psychicznego-dzieci-i-mlodziezy-05_03_2025-11-482x300.jpg\" class=\"attachment-graphy-post-thumbnail-medium size-graphy-post-thumbnail-medium\" alt=\"\" \/><\/a>\n\t\t\t<\/div><\/figure><figure class='gallery-item'>\n\t\t\t<div class='gallery-icon landscape'>\n\t\t\t\t<a data-elementor-open-lightbox=\"yes\" data-elementor-lightbox-slideshow=\"3510b9da\" data-elementor-lightbox-title=\"II Seminarium Razem dla zdrowia psychicznego dzieci i m\u0142odzie\u017cy 05_03_2025 (10)\" data-e-action-hash=\"#elementor-action%3Aaction%3Dlightbox%26settings%3DeyJpZCI6NTMyNCwidXJsIjoiaHR0cHM6XC9cL3JvdGFyeS56YW1vc2MucGxcL3dwLWNvbnRlbnRcL3VwbG9hZHNcLzIwMjVcLzAzXC9JSS1TZW1pbmFyaXVtLVJhemVtLWRsYS16ZHJvd2lhLXBzeWNoaWN6bmVnby1kemllY2ktaS1tbG9kemllenktMDVfMDNfMjAyNS0xMC5qcGciLCJzbGlkZXNob3ciOiIzNTEwYjlkYSJ9\" href='https:\/\/rotary.zamosc.pl\/wp-content\/uploads\/2025\/03\/II-Seminarium-Razem-dla-zdrowia-psychicznego-dzieci-i-mlodziezy-05_03_2025-10.jpg'><img loading=\"lazy\" decoding=\"async\" width=\"482\" height=\"300\" src=\"https:\/\/rotary.zamosc.pl\/wp-content\/uploads\/2025\/03\/II-Seminarium-Razem-dla-zdrowia-psychicznego-dzieci-i-mlodziezy-05_03_2025-10-482x300.jpg\" class=\"attachment-graphy-post-thumbnail-medium size-graphy-post-thumbnail-medium\" alt=\"\" \/><\/a>\n\t\t\t<\/div><\/figure><figure class='gallery-item'>\n\t\t\t<div class='gallery-icon landscape'>\n\t\t\t\t<a data-elementor-open-lightbox=\"yes\" data-elementor-lightbox-slideshow=\"3510b9da\" data-elementor-lightbox-title=\"II Seminarium Razem dla zdrowia psychicznego dzieci i m\u0142odzie\u017cy 05_03_2025 (9)\" data-e-action-hash=\"#elementor-action%3Aaction%3Dlightbox%26settings%3DeyJpZCI6NTMyMywidXJsIjoiaHR0cHM6XC9cL3JvdGFyeS56YW1vc2MucGxcL3dwLWNvbnRlbnRcL3VwbG9hZHNcLzIwMjVcLzAzXC9JSS1TZW1pbmFyaXVtLVJhemVtLWRsYS16ZHJvd2lhLXBzeWNoaWN6bmVnby1kemllY2ktaS1tbG9kemllenktMDVfMDNfMjAyNS05LmpwZyIsInNsaWRlc2hvdyI6IjM1MTBiOWRhIn0%3D\" href='https:\/\/rotary.zamosc.pl\/wp-content\/uploads\/2025\/03\/II-Seminarium-Razem-dla-zdrowia-psychicznego-dzieci-i-mlodziezy-05_03_2025-9.jpg'><img loading=\"lazy\" decoding=\"async\" width=\"482\" height=\"300\" src=\"https:\/\/rotary.zamosc.pl\/wp-content\/uploads\/2025\/03\/II-Seminarium-Razem-dla-zdrowia-psychicznego-dzieci-i-mlodziezy-05_03_2025-9-482x300.jpg\" class=\"attachment-graphy-post-thumbnail-medium size-graphy-post-thumbnail-medium\" alt=\"\" \/><\/a>\n\t\t\t<\/div><\/figure><figure class='gallery-item'>\n\t\t\t<div class='gallery-icon landscape'>\n\t\t\t\t<a data-elementor-open-lightbox=\"yes\" data-elementor-lightbox-slideshow=\"3510b9da\" data-elementor-lightbox-title=\"II Seminarium Razem dla zdrowia psychicznego dzieci i m\u0142odzie\u017cy 05_03_2025 (8)\" data-e-action-hash=\"#elementor-action%3Aaction%3Dlightbox%26settings%3DeyJpZCI6NTMyMiwidXJsIjoiaHR0cHM6XC9cL3JvdGFyeS56YW1vc2MucGxcL3dwLWNvbnRlbnRcL3VwbG9hZHNcLzIwMjVcLzAzXC9JSS1TZW1pbmFyaXVtLVJhemVtLWRsYS16ZHJvd2lhLXBzeWNoaWN6bmVnby1kemllY2ktaS1tbG9kemllenktMDVfMDNfMjAyNS04LmpwZyIsInNsaWRlc2hvdyI6IjM1MTBiOWRhIn0%3D\" href='https:\/\/rotary.zamosc.pl\/wp-content\/uploads\/2025\/03\/II-Seminarium-Razem-dla-zdrowia-psychicznego-dzieci-i-mlodziezy-05_03_2025-8.jpg'><img loading=\"lazy\" decoding=\"async\" width=\"482\" height=\"300\" src=\"https:\/\/rotary.zamosc.pl\/wp-content\/uploads\/2025\/03\/II-Seminarium-Razem-dla-zdrowia-psychicznego-dzieci-i-mlodziezy-05_03_2025-8-482x300.jpg\" class=\"attachment-graphy-post-thumbnail-medium size-graphy-post-thumbnail-medium\" alt=\"\" \/><\/a>\n\t\t\t<\/div><\/figure><figure class='gallery-item'>\n\t\t\t<div class='gallery-icon landscape'>\n\t\t\t\t<a data-elementor-open-lightbox=\"yes\" data-elementor-lightbox-slideshow=\"3510b9da\" data-elementor-lightbox-title=\"II Seminarium Razem dla zdrowia psychicznego dzieci i m\u0142odzie\u017cy 05_03_2025 (7)\" data-e-action-hash=\"#elementor-action%3Aaction%3Dlightbox%26settings%3DeyJpZCI6NTMyMSwidXJsIjoiaHR0cHM6XC9cL3JvdGFyeS56YW1vc2MucGxcL3dwLWNvbnRlbnRcL3VwbG9hZHNcLzIwMjVcLzAzXC9JSS1TZW1pbmFyaXVtLVJhemVtLWRsYS16ZHJvd2lhLXBzeWNoaWN6bmVnby1kemllY2ktaS1tbG9kemllenktMDVfMDNfMjAyNS03LmpwZyIsInNsaWRlc2hvdyI6IjM1MTBiOWRhIn0%3D\" href='https:\/\/rotary.zamosc.pl\/wp-content\/uploads\/2025\/03\/II-Seminarium-Razem-dla-zdrowia-psychicznego-dzieci-i-mlodziezy-05_03_2025-7.jpg'><img loading=\"lazy\" decoding=\"async\" width=\"482\" height=\"300\" src=\"https:\/\/rotary.zamosc.pl\/wp-content\/uploads\/2025\/03\/II-Seminarium-Razem-dla-zdrowia-psychicznego-dzieci-i-mlodziezy-05_03_2025-7-482x300.jpg\" class=\"attachment-graphy-post-thumbnail-medium size-graphy-post-thumbnail-medium\" alt=\"\" \/><\/a>\n\t\t\t<\/div><\/figure><figure class='gallery-item'>\n\t\t\t<div class='gallery-icon portrait'>\n\t\t\t\t<a data-elementor-open-lightbox=\"yes\" data-elementor-lightbox-slideshow=\"3510b9da\" data-elementor-lightbox-title=\"II Seminarium Razem dla zdrowia psychicznego dzieci i m\u0142odzie\u017cy 05_03_2025 (6)\" data-e-action-hash=\"#elementor-action%3Aaction%3Dlightbox%26settings%3DeyJpZCI6NTMyMCwidXJsIjoiaHR0cHM6XC9cL3JvdGFyeS56YW1vc2MucGxcL3dwLWNvbnRlbnRcL3VwbG9hZHNcLzIwMjVcLzAzXC9JSS1TZW1pbmFyaXVtLVJhemVtLWRsYS16ZHJvd2lhLXBzeWNoaWN6bmVnby1kemllY2ktaS1tbG9kemllenktMDVfMDNfMjAyNS02LmpwZyIsInNsaWRlc2hvdyI6IjM1MTBiOWRhIn0%3D\" href='https:\/\/rotary.zamosc.pl\/wp-content\/uploads\/2025\/03\/II-Seminarium-Razem-dla-zdrowia-psychicznego-dzieci-i-mlodziezy-05_03_2025-6.jpg'><img loading=\"lazy\" decoding=\"async\" width=\"482\" height=\"300\" src=\"https:\/\/rotary.zamosc.pl\/wp-content\/uploads\/2025\/03\/II-Seminarium-Razem-dla-zdrowia-psychicznego-dzieci-i-mlodziezy-05_03_2025-6-482x300.jpg\" class=\"attachment-graphy-post-thumbnail-medium size-graphy-post-thumbnail-medium\" alt=\"\" \/><\/a>\n\t\t\t<\/div><\/figure><figure class='gallery-item'>\n\t\t\t<div class='gallery-icon portrait'>\n\t\t\t\t<a data-elementor-open-lightbox=\"yes\" data-elementor-lightbox-slideshow=\"3510b9da\" data-elementor-lightbox-title=\"II Seminarium Razem dla zdrowia psychicznego dzieci i m\u0142odzie\u017cy 05_03_2025 (5)\" data-e-action-hash=\"#elementor-action%3Aaction%3Dlightbox%26settings%3DeyJpZCI6NTMxOSwidXJsIjoiaHR0cHM6XC9cL3JvdGFyeS56YW1vc2MucGxcL3dwLWNvbnRlbnRcL3VwbG9hZHNcLzIwMjVcLzAzXC9JSS1TZW1pbmFyaXVtLVJhemVtLWRsYS16ZHJvd2lhLXBzeWNoaWN6bmVnby1kemllY2ktaS1tbG9kemllenktMDVfMDNfMjAyNS01LmpwZyIsInNsaWRlc2hvdyI6IjM1MTBiOWRhIn0%3D\" href='https:\/\/rotary.zamosc.pl\/wp-content\/uploads\/2025\/03\/II-Seminarium-Razem-dla-zdrowia-psychicznego-dzieci-i-mlodziezy-05_03_2025-5.jpg'><img loading=\"lazy\" decoding=\"async\" width=\"482\" height=\"300\" src=\"https:\/\/rotary.zamosc.pl\/wp-content\/uploads\/2025\/03\/II-Seminarium-Razem-dla-zdrowia-psychicznego-dzieci-i-mlodziezy-05_03_2025-5-482x300.jpg\" class=\"attachment-graphy-post-thumbnail-medium size-graphy-post-thumbnail-medium\" alt=\"\" \/><\/a>\n\t\t\t<\/div><\/figure><figure class='gallery-item'>\n\t\t\t<div class='gallery-icon portrait'>\n\t\t\t\t<a data-elementor-open-lightbox=\"yes\" data-elementor-lightbox-slideshow=\"3510b9da\" data-elementor-lightbox-title=\"II Seminarium Razem dla zdrowia psychicznego dzieci i m\u0142odzie\u017cy 05_03_2025 (3)\" data-e-action-hash=\"#elementor-action%3Aaction%3Dlightbox%26settings%3DeyJpZCI6NTMxNywidXJsIjoiaHR0cHM6XC9cL3JvdGFyeS56YW1vc2MucGxcL3dwLWNvbnRlbnRcL3VwbG9hZHNcLzIwMjVcLzAzXC9JSS1TZW1pbmFyaXVtLVJhemVtLWRsYS16ZHJvd2lhLXBzeWNoaWN6bmVnby1kemllY2ktaS1tbG9kemllenktMDVfMDNfMjAyNS0zLmpwZyIsInNsaWRlc2hvdyI6IjM1MTBiOWRhIn0%3D\" href='https:\/\/rotary.zamosc.pl\/wp-content\/uploads\/2025\/03\/II-Seminarium-Razem-dla-zdrowia-psychicznego-dzieci-i-mlodziezy-05_03_2025-3.jpg'><img loading=\"lazy\" decoding=\"async\" width=\"482\" height=\"300\" src=\"https:\/\/rotary.zamosc.pl\/wp-content\/uploads\/2025\/03\/II-Seminarium-Razem-dla-zdrowia-psychicznego-dzieci-i-mlodziezy-05_03_2025-3-482x300.jpg\" class=\"attachment-graphy-post-thumbnail-medium size-graphy-post-thumbnail-medium\" alt=\"\" \/><\/a>\n\t\t\t<\/div><\/figure><figure class='gallery-item'>\n\t\t\t<div class='gallery-icon landscape'>\n\t\t\t\t<a data-elementor-open-lightbox=\"yes\" data-elementor-lightbox-slideshow=\"3510b9da\" data-elementor-lightbox-title=\"II Seminarium Razem dla zdrowia psychicznego dzieci i m\u0142odzie\u017cy 05_03_2025 (2)\" data-e-action-hash=\"#elementor-action%3Aaction%3Dlightbox%26settings%3DeyJpZCI6NTMxNiwidXJsIjoiaHR0cHM6XC9cL3JvdGFyeS56YW1vc2MucGxcL3dwLWNvbnRlbnRcL3VwbG9hZHNcLzIwMjVcLzAzXC9JSS1TZW1pbmFyaXVtLVJhemVtLWRsYS16ZHJvd2lhLXBzeWNoaWN6bmVnby1kemllY2ktaS1tbG9kemllenktMDVfMDNfMjAyNS0yLmpwZyIsInNsaWRlc2hvdyI6IjM1MTBiOWRhIn0%3D\" href='https:\/\/rotary.zamosc.pl\/wp-content\/uploads\/2025\/03\/II-Seminarium-Razem-dla-zdrowia-psychicznego-dzieci-i-mlodziezy-05_03_2025-2.jpg'><img loading=\"lazy\" decoding=\"async\" width=\"482\" height=\"300\" src=\"https:\/\/rotary.zamosc.pl\/wp-content\/uploads\/2025\/03\/II-Seminarium-Razem-dla-zdrowia-psychicznego-dzieci-i-mlodziezy-05_03_2025-2-482x300.jpg\" class=\"attachment-graphy-post-thumbnail-medium size-graphy-post-thumbnail-medium\" alt=\"\" \/><\/a>\n\t\t\t<\/div><\/figure><figure class='gallery-item'>\n\t\t\t<div class='gallery-icon landscape'>\n\t\t\t\t<a data-elementor-open-lightbox=\"yes\" data-elementor-lightbox-slideshow=\"3510b9da\" data-elementor-lightbox-title=\"II Seminarium Razem dla zdrowia psychicznego dzieci i m\u0142odzie\u017cy 05_03_2025 (1)\" data-e-action-hash=\"#elementor-action%3Aaction%3Dlightbox%26settings%3DeyJpZCI6NTMxNSwidXJsIjoiaHR0cHM6XC9cL3JvdGFyeS56YW1vc2MucGxcL3dwLWNvbnRlbnRcL3VwbG9hZHNcLzIwMjVcLzAzXC9JSS1TZW1pbmFyaXVtLVJhemVtLWRsYS16ZHJvd2lhLXBzeWNoaWN6bmVnby1kemllY2ktaS1tbG9kemllenktMDVfMDNfMjAyNS0xLmpwZyIsInNsaWRlc2hvdyI6IjM1MTBiOWRhIn0%3D\" href='https:\/\/rotary.zamosc.pl\/wp-content\/uploads\/2025\/03\/II-Seminarium-Razem-dla-zdrowia-psychicznego-dzieci-i-mlodziezy-05_03_2025-1.jpg'><img loading=\"lazy\" decoding=\"async\" width=\"482\" height=\"300\" src=\"https:\/\/rotary.zamosc.pl\/wp-content\/uploads\/2025\/03\/II-Seminarium-Razem-dla-zdrowia-psychicznego-dzieci-i-mlodziezy-05_03_2025-1-482x300.jpg\" class=\"attachment-graphy-post-thumbnail-medium size-graphy-post-thumbnail-medium\" alt=\"\" \/><\/a>\n\t\t\t<\/div><\/figure>\n\t\t<\/div>\n\t\t<\/div>\n\t\t\t\t\t\t<\/div>\n\t\t\t\t<\/div>\n\t\t\t\t\t<\/div>\n\t\t<\/div>\n\t\t\t\t\t<\/div>\n\t\t<\/section>\n\t\t\t\t<section class=\"elementor-section elementor-top-section elementor-element elementor-element-acccde2 elementor-section-stretched elementor-section-boxed elementor-section-height-default elementor-section-height-default\" data-id=\"acccde2\" data-element_type=\"section\" data-e-type=\"section\" data-settings=\"{&quot;stretch_section&quot;:&quot;section-stretched&quot;}\">\n\t\t\t\t\t\t<div class=\"elementor-container elementor-column-gap-default\">\n\t\t\t\t\t<div class=\"elementor-column elementor-col-100 elementor-top-column elementor-element elementor-element-4975aa6\" data-id=\"4975aa6\" data-element_type=\"column\" data-e-type=\"column\">\n\t\t\t<div class=\"elementor-widget-wrap elementor-element-populated\">\n\t\t\t\t\t\t<div class=\"elementor-element elementor-element-99c9655 elementor-widget elementor-widget-text-editor\" data-id=\"99c9655\" data-element_type=\"widget\" data-e-type=\"widget\" data-widget_type=\"text-editor.default\">\n\t\t\t\t<div class=\"elementor-widget-container\">\n\t\t\t\t\t\t\t\t\t<div class=\"html-div xdj266r x11i5rnm xat24cr x1mh8g0r xexx8yu x4uap5 x18d9i69 xkhd6sd\" dir=\"auto\"><div class=\"html-div xdj266r x11i5rnm xat24cr x1mh8g0r xexx8yu x4uap5 x18d9i69 xkhd6sd\" data-ad-rendering-role=\"story_message\"><div id=\":rd:\" class=\"x1l90r2v x1iorvi4 x1ye3gou xn6708d\" data-ad-comet-preview=\"message\" data-ad-preview=\"message\"><div class=\"x78zum5 xdt5ytf xz62fqu x16ldp7u\"><div class=\"xu06os2 x1ok221b\"><div class=\"xdj266r x11i5rnm xat24cr x1mh8g0r x1vvkbs x126k92a\"><span class=\"x193iq5w xeuugli x13faqbe x1vvkbs x1xmvt09 x1lliihq x1s928wv xhkezso x1gmr53x x1cpjm7i x1fgarty x1943h6x xudqn12 x3x7a5m x6prxxf xvq8zen xo1l8bm xzsf02u x1yc453h\" dir=\"auto\">Zapowied\u017a wyk\u0142adu &#8222;Internet: wr\u00f3g czy sprzymierzeniec ucznia?&#8221;, kt\u00f3ry zostanie wyg\u0142oszony na Seminarium &#8222;Razem dla zdrowia psychicznego dzieci i m\u0142odzie\u017cy&#8221; 5 marca w Zamojskim Domu Kultury.<\/span><\/div><\/div><\/div><\/div><\/div><\/div>\t\t\t\t\t\t\t\t<\/div>\n\t\t\t\t<\/div>\n\t\t\t\t<div class=\"elementor-element elementor-element-8a39cff elementor-widget elementor-widget-video\" data-id=\"8a39cff\" data-element_type=\"widget\" data-e-type=\"widget\" data-settings=\"{&quot;youtube_url&quot;:&quot;https:\\\/\\\/www.youtube.com\\\/watch?v=mjxiY24R4T4&quot;,&quot;video_type&quot;:&quot;youtube&quot;,&quot;controls&quot;:&quot;yes&quot;}\" data-widget_type=\"video.default\">\n\t\t\t\t<div class=\"elementor-widget-container\">\n\t\t\t\t\t\t\t<div class=\"elementor-wrapper elementor-open-inline\">\n\t\t\t<div class=\"elementor-video\"><\/div>\t\t<\/div>\n\t\t\t\t\t\t<\/div>\n\t\t\t\t<\/div>\n\t\t\t\t<div class=\"elementor-element elementor-element-76e9731 elementor-widget-divider--view-line elementor-widget elementor-widget-divider\" data-id=\"76e9731\" data-element_type=\"widget\" data-e-type=\"widget\" data-widget_type=\"divider.default\">\n\t\t\t\t<div class=\"elementor-widget-container\">\n\t\t\t\t\t\t\t<div class=\"elementor-divider\">\n\t\t\t<span class=\"elementor-divider-separator\">\n\t\t\t\t\t\t<\/span>\n\t\t<\/div>\n\t\t\t\t\t\t<\/div>\n\t\t\t\t<\/div>\n\t\t\t\t<div class=\"elementor-element elementor-element-c770ed3 elementor-widget elementor-widget-text-editor\" data-id=\"c770ed3\" data-element_type=\"widget\" data-e-type=\"widget\" data-widget_type=\"text-editor.default\">\n\t\t\t\t<div class=\"elementor-widget-container\">\n\t\t\t\t\t\t\t\t\t<div class=\"html-div xdj266r x11i5rnm xat24cr x1mh8g0r xexx8yu x4uap5 x18d9i69 xkhd6sd\" dir=\"auto\"><div class=\"html-div xdj266r x11i5rnm xat24cr x1mh8g0r xexx8yu x4uap5 x18d9i69 xkhd6sd\" data-ad-rendering-role=\"story_message\"><div id=\":rd:\" class=\"x1l90r2v x1iorvi4 x1ye3gou xn6708d\" data-ad-comet-preview=\"message\" data-ad-preview=\"message\"><div class=\"x78zum5 xdt5ytf xz62fqu x16ldp7u\"><div class=\"xu06os2 x1ok221b\"><div class=\"xdj266r x11i5rnm xat24cr x1mh8g0r x1vvkbs x126k92a\"><span class=\"x193iq5w xeuugli x13faqbe x1vvkbs x1xmvt09 x1lliihq x1s928wv xhkezso x1gmr53x x1cpjm7i x1fgarty x1943h6x xudqn12 x3x7a5m x6prxxf xvq8zen xo1l8bm xzsf02u x1yc453h\" dir=\"auto\">Zapowied\u017a wyk\u0142adu &#8222;Gdy ga\u015bnie nadzieja \u2013 problem samob\u00f3jstw w\u015br\u00f3d dzieci i m\u0142odzie\u017cy&#8221;, kt\u00f3ry zostanie wyg\u0142oszony na Seminarium &#8222;Razem dla zdrowia psychicznego dzieci i m\u0142odzie\u017cy&#8221; 5 marca w Zamojskim Domu Kultury.<\/span><\/div><\/div><\/div><\/div><\/div><\/div>\t\t\t\t\t\t\t\t<\/div>\n\t\t\t\t<\/div>\n\t\t\t\t<div class=\"elementor-element elementor-element-2f35c60 elementor-widget elementor-widget-video\" data-id=\"2f35c60\" data-element_type=\"widget\" data-e-type=\"widget\" data-settings=\"{&quot;youtube_url&quot;:&quot;https:\\\/\\\/www.youtube.com\\\/watch?v=lYiz2iuWePs&quot;,&quot;video_type&quot;:&quot;youtube&quot;,&quot;controls&quot;:&quot;yes&quot;}\" data-widget_type=\"video.default\">\n\t\t\t\t<div class=\"elementor-widget-container\">\n\t\t\t\t\t\t\t<div class=\"elementor-wrapper elementor-open-inline\">\n\t\t\t<div class=\"elementor-video\"><\/div>\t\t<\/div>\n\t\t\t\t\t\t<\/div>\n\t\t\t\t<\/div>\n\t\t\t\t<div class=\"elementor-element elementor-element-6868625 elementor-widget-divider--view-line elementor-widget elementor-widget-divider\" data-id=\"6868625\" data-element_type=\"widget\" data-e-type=\"widget\" data-widget_type=\"divider.default\">\n\t\t\t\t<div class=\"elementor-widget-container\">\n\t\t\t\t\t\t\t<div class=\"elementor-divider\">\n\t\t\t<span class=\"elementor-divider-separator\">\n\t\t\t\t\t\t<\/span>\n\t\t<\/div>\n\t\t\t\t\t\t<\/div>\n\t\t\t\t<\/div>\n\t\t\t\t<div class=\"elementor-element elementor-element-f8443bd elementor-widget elementor-widget-text-editor\" data-id=\"f8443bd\" data-element_type=\"widget\" data-e-type=\"widget\" data-widget_type=\"text-editor.default\">\n\t\t\t\t<div class=\"elementor-widget-container\">\n\t\t\t\t\t\t\t\t\t<div class=\"html-div xdj266r x11i5rnm xat24cr x1mh8g0r xexx8yu x4uap5 x18d9i69 xkhd6sd\" dir=\"auto\"><div class=\"html-div xdj266r x11i5rnm xat24cr x1mh8g0r xexx8yu x4uap5 x18d9i69 xkhd6sd\" data-ad-rendering-role=\"story_message\"><div id=\":rd:\" class=\"x1l90r2v x1iorvi4 x1ye3gou xn6708d\" data-ad-comet-preview=\"message\" data-ad-preview=\"message\"><div class=\"x78zum5 xdt5ytf xz62fqu x16ldp7u\"><div class=\"xu06os2 x1ok221b\"><div class=\"xdj266r x11i5rnm xat24cr x1mh8g0r x1vvkbs x126k92a\"><span class=\"x193iq5w xeuugli x13faqbe x1vvkbs x1xmvt09 x1lliihq x1s928wv xhkezso x1gmr53x x1cpjm7i x1fgarty x1943h6x xudqn12 x3x7a5m x6prxxf xvq8zen xo1l8bm xzsf02u x1yc453h\" dir=\"auto\">Zapowied\u017a wyk\u0142adu &#8222;Aktualne problemy psychiczne dzieci i m\u0142odzie\u017cy&#8221;, kt\u00f3ry zostanie wyg\u0142oszony na Seminarium &#8222;Razem dla zdrowia psychicznego dzieci i m\u0142odzie\u017cy&#8221; 5 marca w Zamojskim Domu Kultury.<\/span><\/div><\/div><\/div><\/div><\/div><\/div>\t\t\t\t\t\t\t\t<\/div>\n\t\t\t\t<\/div>\n\t\t\t\t<div class=\"elementor-element elementor-element-fdb7f9d elementor-widget elementor-widget-video\" data-id=\"fdb7f9d\" data-element_type=\"widget\" data-e-type=\"widget\" data-settings=\"{&quot;youtube_url&quot;:&quot;https:\\\/\\\/www.youtube.com\\\/watch?v=v1cVKrbQBgw&quot;,&quot;video_type&quot;:&quot;youtube&quot;,&quot;controls&quot;:&quot;yes&quot;}\" data-widget_type=\"video.default\">\n\t\t\t\t<div class=\"elementor-widget-container\">\n\t\t\t\t\t\t\t<div class=\"elementor-wrapper elementor-open-inline\">\n\t\t\t<div class=\"elementor-video\"><\/div>\t\t<\/div>\n\t\t\t\t\t\t<\/div>\n\t\t\t\t<\/div>\n\t\t\t\t<div class=\"elementor-element elementor-element-04d11d6 elementor-widget-divider--view-line elementor-widget elementor-widget-divider\" data-id=\"04d11d6\" data-element_type=\"widget\" data-e-type=\"widget\" data-widget_type=\"divider.default\">\n\t\t\t\t<div class=\"elementor-widget-container\">\n\t\t\t\t\t\t\t<div class=\"elementor-divider\">\n\t\t\t<span class=\"elementor-divider-separator\">\n\t\t\t\t\t\t<\/span>\n\t\t<\/div>\n\t\t\t\t\t\t<\/div>\n\t\t\t\t<\/div>\n\t\t\t\t<div class=\"elementor-element elementor-element-3e06113 elementor-widget elementor-widget-text-editor\" data-id=\"3e06113\" data-element_type=\"widget\" data-e-type=\"widget\" data-widget_type=\"text-editor.default\">\n\t\t\t\t<div class=\"elementor-widget-container\">\n\t\t\t\t\t\t\t\t\t<div class=\"html-div xdj266r x11i5rnm xat24cr x1mh8g0r xexx8yu x4uap5 x18d9i69 xkhd6sd\" dir=\"auto\"><div class=\"html-div xdj266r x11i5rnm xat24cr x1mh8g0r xexx8yu x4uap5 x18d9i69 xkhd6sd\" data-ad-rendering-role=\"story_message\"><div id=\":rd:\" class=\"x1l90r2v x1iorvi4 x1ye3gou xn6708d\" data-ad-comet-preview=\"message\" data-ad-preview=\"message\"><div class=\"x78zum5 xdt5ytf xz62fqu x16ldp7u\"><div class=\"xu06os2 x1ok221b\"><div class=\"xdj266r x11i5rnm xat24cr x1mh8g0r x1vvkbs x126k92a\"><span class=\"x193iq5w xeuugli x13faqbe x1vvkbs x1xmvt09 x1lliihq x1s928wv xhkezso x1gmr53x x1cpjm7i x1fgarty x1943h6x xudqn12 x3x7a5m x6prxxf xvq8zen xo1l8bm xzsf02u x1yc453h\" dir=\"auto\">Zapowied\u017a wyk\u0142adu &#8222;Stres codzienny i stres wzmo\u017cony \u2013 jak wdro\u017cy\u0107 kosmetologi\u0119 psychiatryczn\u0105 w szkole i w domu&#8221;, kt\u00f3ry zostanie wyg\u0142oszony na Seminarium &#8222;Razem dla zdrowia psychicznego dzieci i m\u0142odzie\u017cy&#8221; 5 marca w Zamojskim Domu Kultury.<\/span><\/div><\/div><\/div><\/div><\/div><\/div>\t\t\t\t\t\t\t\t<\/div>\n\t\t\t\t<\/div>\n\t\t\t\t<div class=\"elementor-element elementor-element-d8b3658 elementor-widget elementor-widget-video\" data-id=\"d8b3658\" data-element_type=\"widget\" data-e-type=\"widget\" data-settings=\"{&quot;youtube_url&quot;:&quot;https:\\\/\\\/www.youtube.com\\\/watch?v=K82tQg3MqrY&quot;,&quot;video_type&quot;:&quot;youtube&quot;,&quot;controls&quot;:&quot;yes&quot;}\" data-widget_type=\"video.default\">\n\t\t\t\t<div class=\"elementor-widget-container\">\n\t\t\t\t\t\t\t<div class=\"elementor-wrapper elementor-open-inline\">\n\t\t\t<div class=\"elementor-video\"><\/div>\t\t<\/div>\n\t\t\t\t\t\t<\/div>\n\t\t\t\t<\/div>\n\t\t\t\t<div class=\"elementor-element elementor-element-7bcc0a4 elementor-widget-divider--view-line elementor-widget elementor-widget-divider\" data-id=\"7bcc0a4\" data-element_type=\"widget\" data-e-type=\"widget\" data-widget_type=\"divider.default\">\n\t\t\t\t<div class=\"elementor-widget-container\">\n\t\t\t\t\t\t\t<div class=\"elementor-divider\">\n\t\t\t<span class=\"elementor-divider-separator\">\n\t\t\t\t\t\t<\/span>\n\t\t<\/div>\n\t\t\t\t\t\t<\/div>\n\t\t\t\t<\/div>\n\t\t\t\t<div class=\"elementor-element elementor-element-e6d4075 elementor-widget elementor-widget-text-editor\" data-id=\"e6d4075\" data-element_type=\"widget\" data-e-type=\"widget\" data-widget_type=\"text-editor.default\">\n\t\t\t\t<div class=\"elementor-widget-container\">\n\t\t\t\t\t\t\t\t\t<div class=\"html-div xdj266r x11i5rnm xat24cr x1mh8g0r xexx8yu x4uap5 x18d9i69 xkhd6sd\" dir=\"auto\"><div class=\"html-div xdj266r x11i5rnm xat24cr x1mh8g0r xexx8yu x4uap5 x18d9i69 xkhd6sd\" data-ad-rendering-role=\"story_message\"><div id=\":rd:\" class=\"x1l90r2v x1iorvi4 x1ye3gou xn6708d\" data-ad-comet-preview=\"message\" data-ad-preview=\"message\"><div class=\"x78zum5 xdt5ytf xz62fqu x16ldp7u\"><div class=\"xu06os2 x1ok221b\"><div class=\"xdj266r x11i5rnm xat24cr x1mh8g0r x1vvkbs x126k92a\"><div dir=\"auto\">Krystyna Baj-Pawluk &#8211; Gubernator Rotary Polska, Dystrykt 2231 zaprasza do udzia\u0142u w Seminarium Rotary: Razem dla zdrowia psychicznego dzieci i m\u0142odzie\u017cy organizowanym przez Rotary Club Zamo\u015b\u0107 i Uniwersytet Medyczny w Lublinie &#8211; UMLub<\/div><div dir=\"auto\"><span class=\"html-span xexx8yu x4uap5 x18d9i69 xkhd6sd x1hl2dhg x16tdsg8 x1vvkbs x3nfvp2 x1j61x8r x1fcty0u xdj266r xat24cr xgzva0m xhhsvwb xxymvpz xlup9mm x1kky2od\"><img loading=\"lazy\" decoding=\"async\" class=\"xz74otr\" src=\"https:\/\/static.xx.fbcdn.net\/images\/emoji.php\/v9\/t51\/1\/16\/1f449.png\" alt=\"\ud83d\udc49\" width=\"16\" height=\"16\" \/><\/span> Seminarium odb\u0119dzie si\u0119 5 marca 2025 roku o godzinie 10:00 w Zamojskim Domu Kultury.<\/div><div dir=\"auto\"><span class=\"html-span xexx8yu x4uap5 x18d9i69 xkhd6sd x1hl2dhg x16tdsg8 x1vvkbs x3nfvp2 x1j61x8r x1fcty0u xdj266r xat24cr xgzva0m xhhsvwb xxymvpz xlup9mm x1kky2od\"><img loading=\"lazy\" decoding=\"async\" class=\"xz74otr\" src=\"https:\/\/static.xx.fbcdn.net\/images\/emoji.php\/v9\/t51\/1\/16\/1f449.png\" alt=\"\ud83d\udc49\" width=\"16\" height=\"16\" \/><\/span> Transmisja internetowa odb\u0119dzie si\u0119 na kanale Rotary Polska News i rozpocznie si\u0119 5 marca 2025 roku o godz. 10.00. B\u0119dzie j\u0105 mo\u017cna tak\u017ce obejrze\u0107 w terminie p\u00f3\u017aniejszym, na tym samym kanale.<\/div><div dir=\"auto\"><span class=\"html-span xexx8yu x4uap5 x18d9i69 xkhd6sd x1hl2dhg x16tdsg8 x1vvkbs x3nfvp2 x1j61x8r x1fcty0u xdj266r xat24cr xgzva0m xhhsvwb xxymvpz xlup9mm x1kky2od\"><img loading=\"lazy\" decoding=\"async\" class=\"xz74otr\" src=\"https:\/\/static.xx.fbcdn.net\/images\/emoji.php\/v9\/t51\/1\/16\/1f449.png\" alt=\"\ud83d\udc49\" width=\"16\" height=\"16\" \/><\/span> Aby obejrze\u0107 transmisj\u0119 z Seminarium wystarczy wej\u015b\u0107 na kana\u0142 You Tube _ Rotary Polska News, w\u0142a\u015bnie tutaj: <span class=\"html-span xdj266r x11i5rnm xat24cr x1mh8g0r xexx8yu x4uap5 x18d9i69 xkhd6sd x1hl2dhg x16tdsg8 x1vvkbs\"><a class=\"x1i10hfl xjbqb8w x1ejq31n xd10rxx x1sy0etr x17r0tee x972fbf xcfux6l x1qhh985 xm0m39n x9f619 x1ypdohk xt0psk2 xe8uvvx xdj266r x11i5rnm xat24cr x1mh8g0r xexx8yu x4uap5 x18d9i69 xkhd6sd x16tdsg8 x1hl2dhg xggy1nq x1a2a7pz xkrqix3 x1sur9pj x1fey0fg x1s688f\" tabindex=\"0\" role=\"link\" href=\"https:\/\/www.youtube.com\/@RotaryPolskaNews\/videos?fbclid=IwZXh0bgNhZW0CMTAAAR29FIcS1AnZ3VWT65ZgUwyB5Hd0YUNg1tzbkzdqeQo2cUaID1ZV5y1V4cU_aem_nYmhTQkrLiodFgCxnkp1nA\" target=\"_blank\" rel=\"nofollow noopener noreferrer\">https:\/\/www.youtube.com\/@RotaryPolskaNews\/videos<\/a><\/span><\/div><div dir=\"auto\">Mo\u017cna te\u017c w\u0142\u0105czy\u0107 subskrypcj\u0119 kana\u0142u Rotary Polska News, a wiadomo\u015b\u0107 o transmisji przyjdzie na Pa\u0144stwa adres mailowy.<\/div><div dir=\"auto\"><span class=\"html-span xexx8yu x4uap5 x18d9i69 xkhd6sd x1hl2dhg x16tdsg8 x1vvkbs x3nfvp2 x1j61x8r x1fcty0u xdj266r xat24cr xgzva0m xhhsvwb xxymvpz xlup9mm x1kky2od\"><img loading=\"lazy\" decoding=\"async\" class=\"xz74otr\" src=\"https:\/\/static.xx.fbcdn.net\/images\/emoji.php\/v9\/t51\/1\/16\/1f449.png\" alt=\"\ud83d\udc49\" width=\"16\" height=\"16\" \/><\/span> Wi\u0119cej informacji w zaproszeniu: <span class=\"html-span xdj266r x11i5rnm xat24cr x1mh8g0r xexx8yu x4uap5 x18d9i69 xkhd6sd x1hl2dhg x16tdsg8 x1vvkbs\"><a class=\"x1i10hfl xjbqb8w x1ejq31n xd10rxx x1sy0etr x17r0tee x972fbf xcfux6l x1qhh985 xm0m39n x9f619 x1ypdohk xt0psk2 xe8uvvx xdj266r x11i5rnm xat24cr x1mh8g0r xexx8yu x4uap5 x18d9i69 xkhd6sd x16tdsg8 x1hl2dhg xggy1nq x1a2a7pz xkrqix3 x1sur9pj x1fey0fg x1s688f\" tabindex=\"0\" role=\"link\" href=\"https:\/\/rotary.org.pl\/zaproszenie-do-udzialu-w-seminarium\/?fbclid=IwZXh0bgNhZW0CMTAAAR1AJYZ6kKlrRE1VrRbiGL7rL3EXIBExRgVQ2koqAyPTmfUK3TC2DQ_Op_o_aem_hwdr6S7v0kL2G4V3GrAk9g\" target=\"_blank\" rel=\"nofollow noopener noreferrer\">https:\/\/rotary.org.pl\/zaproszenie-do-udzialu-w-seminarium\/<\/a><\/span><\/div><div dir=\"auto\"><span class=\"html-span xexx8yu x4uap5 x18d9i69 xkhd6sd x1hl2dhg x16tdsg8 x1vvkbs x3nfvp2 x1j61x8r x1fcty0u xdj266r xat24cr xgzva0m xhhsvwb xxymvpz xlup9mm x1kky2od\"><img loading=\"lazy\" decoding=\"async\" class=\"xz74otr\" src=\"https:\/\/static.xx.fbcdn.net\/images\/emoji.php\/v9\/t51\/1\/16\/1f449.png\" alt=\"\ud83d\udc49\" width=\"16\" height=\"16\" \/><\/span> Udzia\u0142 w transmisji jest nieodp\u0142atny. Zapraszamy wszystkich do uczestnictwa.<\/div><div dir=\"auto\">@wszyscy @obserwuj\u0105cy<\/div><\/div><\/div><\/div><\/div><\/div><\/div>\t\t\t\t\t\t\t\t<\/div>\n\t\t\t\t<\/div>\n\t\t\t\t<div class=\"elementor-element elementor-element-6c0fa81 elementor-widget elementor-widget-html\" data-id=\"6c0fa81\" data-element_type=\"widget\" data-e-type=\"widget\" data-widget_type=\"html.default\">\n\t\t\t\t<div class=\"elementor-widget-container\">\n\t\t\t\t\t<iframe src=\"https:\/\/www.facebook.com\/plugins\/video.php?height=476&href=https%3A%2F%2Fwww.facebook.com%2FRotaryPolska%2Fvideos%2F616691257812987%2F&show_text=false&width=700&t=0\" width=\"800\" height=\"800\" style=\"border:none;overflow:hidden\" scrolling=\"no\" frameborder=\"0\" allowfullscreen=\"true\" allow=\"autoplay; clipboard-write; encrypted-media; picture-in-picture; web-share\" allowFullScreen=\"true\"><\/iframe>\t\t\t\t<\/div>\n\t\t\t\t<\/div>\n\t\t\t\t<div class=\"elementor-element elementor-element-bb431c1 elementor-widget-divider--view-line elementor-widget elementor-widget-divider\" data-id=\"bb431c1\" data-element_type=\"widget\" data-e-type=\"widget\" data-widget_type=\"divider.default\">\n\t\t\t\t<div class=\"elementor-widget-container\">\n\t\t\t\t\t\t\t<div class=\"elementor-divider\">\n\t\t\t<span class=\"elementor-divider-separator\">\n\t\t\t\t\t\t<\/span>\n\t\t<\/div>\n\t\t\t\t\t\t<\/div>\n\t\t\t\t<\/div>\n\t\t\t\t<div class=\"elementor-element elementor-element-adaafd4 elementor-widget elementor-widget-html\" data-id=\"adaafd4\" data-element_type=\"widget\" data-e-type=\"widget\" data-widget_type=\"html.default\">\n\t\t\t\t<div class=\"elementor-widget-container\">\n\t\t\t\t\t<iframe src=\"https:\/\/www.facebook.com\/plugins\/video.php?height=476&href=https%3A%2F%2Fwww.facebook.com%2FRotaryPolska%2Fvideos%2F2030004124162128%2F%3Fidorvanity%3D1012351844117656&show_text=false&width=800&t=0\" width=\"800\" height=\"800\" style=\"border:none;overflow:hidden\" scrolling=\"no\" frameborder=\"0\" allowfullscreen=\"true\" allow=\"autoplay; clipboard-write; encrypted-media; picture-in-picture; web-share\" allowFullScreen=\"true\"><\/iframe>\t\t\t\t<\/div>\n\t\t\t\t<\/div>\n\t\t\t\t<div class=\"elementor-element elementor-element-5928b33 elementor-widget-divider--view-line elementor-widget elementor-widget-divider\" data-id=\"5928b33\" data-element_type=\"widget\" data-e-type=\"widget\" data-widget_type=\"divider.default\">\n\t\t\t\t<div class=\"elementor-widget-container\">\n\t\t\t\t\t\t\t<div class=\"elementor-divider\">\n\t\t\t<span class=\"elementor-divider-separator\">\n\t\t\t\t\t\t<\/span>\n\t\t<\/div>\n\t\t\t\t\t\t<\/div>\n\t\t\t\t<\/div>\n\t\t\t\t\t<\/div>\n\t\t<\/div>\n\t\t\t\t\t<\/div>\n\t\t<\/section>\n\t\t\t\t<section class=\"elementor-section elementor-top-section elementor-element elementor-element-44ce7d4 elementor-section-stretched elementor-section-boxed elementor-section-height-default elementor-section-height-default\" data-id=\"44ce7d4\" data-element_type=\"section\" data-e-type=\"section\" data-settings=\"{&quot;stretch_section&quot;:&quot;section-stretched&quot;}\">\n\t\t\t\t\t\t<div class=\"elementor-container elementor-column-gap-default\">\n\t\t\t\t\t<div class=\"elementor-column elementor-col-100 elementor-top-column elementor-element elementor-element-ed1f064\" data-id=\"ed1f064\" data-element_type=\"column\" data-e-type=\"column\">\n\t\t\t<div class=\"elementor-widget-wrap elementor-element-populated\">\n\t\t\t\t\t\t<div class=\"elementor-element elementor-element-4d125af elementor-widget elementor-widget-video\" data-id=\"4d125af\" data-element_type=\"widget\" data-e-type=\"widget\" data-settings=\"{&quot;youtube_url&quot;:&quot;https:\\\/\\\/youtu.be\\\/HXiPYJ_puEE?si=jXl6vk8YM_Wxdi5q&quot;,&quot;video_type&quot;:&quot;youtube&quot;,&quot;controls&quot;:&quot;yes&quot;}\" data-widget_type=\"video.default\">\n\t\t\t\t<div class=\"elementor-widget-container\">\n\t\t\t\t\t\t\t<div class=\"elementor-wrapper elementor-open-inline\">\n\t\t\t<div class=\"elementor-video\"><\/div>\t\t<\/div>\n\t\t\t\t\t\t<\/div>\n\t\t\t\t<\/div>\n\t\t\t\t<div class=\"elementor-element elementor-element-227008e elementor-widget-divider--view-line elementor-widget elementor-widget-divider\" data-id=\"227008e\" data-element_type=\"widget\" data-e-type=\"widget\" data-widget_type=\"divider.default\">\n\t\t\t\t<div class=\"elementor-widget-container\">\n\t\t\t\t\t\t\t<div class=\"elementor-divider\">\n\t\t\t<span class=\"elementor-divider-separator\">\n\t\t\t\t\t\t<\/span>\n\t\t<\/div>\n\t\t\t\t\t\t<\/div>\n\t\t\t\t<\/div>\n\t\t\t\t<div class=\"elementor-element elementor-element-635d2b98 elementor-button-success elementor-align-center e-transform e-transform e-transform elementor-widget elementor-widget-button\" data-id=\"635d2b98\" data-element_type=\"widget\" data-e-type=\"widget\" data-settings=\"{&quot;_transform_skewX_effect&quot;:{&quot;unit&quot;:&quot;px&quot;,&quot;size&quot;:0,&quot;sizes&quot;:[]},&quot;_transform_scale_effect_hover&quot;:{&quot;unit&quot;:&quot;px&quot;,&quot;size&quot;:1.1000000000000001,&quot;sizes&quot;:[]},&quot;_transform_skewX_effect_tablet&quot;:{&quot;unit&quot;:&quot;deg&quot;,&quot;size&quot;:&quot;&quot;,&quot;sizes&quot;:[]},&quot;_transform_skewX_effect_mobile&quot;:{&quot;unit&quot;:&quot;deg&quot;,&quot;size&quot;:&quot;&quot;,&quot;sizes&quot;:[]},&quot;_transform_skewY_effect&quot;:{&quot;unit&quot;:&quot;px&quot;,&quot;size&quot;:&quot;&quot;,&quot;sizes&quot;:[]},&quot;_transform_skewY_effect_tablet&quot;:{&quot;unit&quot;:&quot;deg&quot;,&quot;size&quot;:&quot;&quot;,&quot;sizes&quot;:[]},&quot;_transform_skewY_effect_mobile&quot;:{&quot;unit&quot;:&quot;deg&quot;,&quot;size&quot;:&quot;&quot;,&quot;sizes&quot;:[]},&quot;_transform_translateX_effect_hover&quot;:{&quot;unit&quot;:&quot;px&quot;,&quot;size&quot;:&quot;&quot;,&quot;sizes&quot;:[]},&quot;_transform_translateX_effect_hover_tablet&quot;:{&quot;unit&quot;:&quot;px&quot;,&quot;size&quot;:&quot;&quot;,&quot;sizes&quot;:[]},&quot;_transform_translateX_effect_hover_mobile&quot;:{&quot;unit&quot;:&quot;px&quot;,&quot;size&quot;:&quot;&quot;,&quot;sizes&quot;:[]},&quot;_transform_translateY_effect_hover&quot;:{&quot;unit&quot;:&quot;px&quot;,&quot;size&quot;:&quot;&quot;,&quot;sizes&quot;:[]},&quot;_transform_translateY_effect_hover_tablet&quot;:{&quot;unit&quot;:&quot;px&quot;,&quot;size&quot;:&quot;&quot;,&quot;sizes&quot;:[]},&quot;_transform_translateY_effect_hover_mobile&quot;:{&quot;unit&quot;:&quot;px&quot;,&quot;size&quot;:&quot;&quot;,&quot;sizes&quot;:[]},&quot;_transform_scale_effect_hover_tablet&quot;:{&quot;unit&quot;:&quot;px&quot;,&quot;size&quot;:&quot;&quot;,&quot;sizes&quot;:[]},&quot;_transform_scale_effect_hover_mobile&quot;:{&quot;unit&quot;:&quot;px&quot;,&quot;size&quot;:&quot;&quot;,&quot;sizes&quot;:[]}}\" data-widget_type=\"button.default\">\n\t\t\t\t<div class=\"elementor-widget-container\">\n\t\t\t\t\t\t\t\t\t<div class=\"elementor-button-wrapper\">\n\t\t\t\t\t<a class=\"elementor-button elementor-button-link elementor-size-xs\" href=\"#\">\n\t\t\t\t\t\t<span class=\"elementor-button-content-wrapper\">\n\t\t\t\t\t\t\t\t\t<span class=\"elementor-button-text\">SPONSORZY<\/span>\n\t\t\t\t\t<\/span>\n\t\t\t\t\t<\/a>\n\t\t\t\t<\/div>\n\t\t\t\t\t\t\t\t<\/div>\n\t\t\t\t<\/div>\n\t\t\t\t<div class=\"elementor-element elementor-element-c61b07b elementor-arrows-position-inside elementor-widget elementor-widget-image-carousel\" data-id=\"c61b07b\" data-element_type=\"widget\" data-e-type=\"widget\" data-settings=\"{&quot;navigation&quot;:&quot;arrows&quot;,&quot;autoplay_speed&quot;:2000,&quot;autoplay&quot;:&quot;yes&quot;,&quot;pause_on_hover&quot;:&quot;yes&quot;,&quot;pause_on_interaction&quot;:&quot;yes&quot;,&quot;infinite&quot;:&quot;yes&quot;,&quot;speed&quot;:500,&quot;image_spacing_custom&quot;:{&quot;unit&quot;:&quot;px&quot;,&quot;size&quot;:20,&quot;sizes&quot;:[]},&quot;image_spacing_custom_tablet&quot;:{&quot;unit&quot;:&quot;px&quot;,&quot;size&quot;:&quot;&quot;,&quot;sizes&quot;:[]},&quot;image_spacing_custom_mobile&quot;:{&quot;unit&quot;:&quot;px&quot;,&quot;size&quot;:&quot;&quot;,&quot;sizes&quot;:[]}}\" data-widget_type=\"image-carousel.default\">\n\t\t\t\t<div class=\"elementor-widget-container\">\n\t\t\t\t\t\t\t<div class=\"elementor-image-carousel-wrapper swiper\" role=\"region\" aria-roledescription=\"carousel\" aria-label=\"Karuzela obrazk\u00f3w\" dir=\"ltr\">\n\t\t\t<div class=\"elementor-image-carousel swiper-wrapper\" aria-live=\"off\">\n\t\t\t\t\t\t\t\t<div class=\"swiper-slide\" role=\"group\" aria-roledescription=\"slide\" aria-label=\"1 z 7\"><figure class=\"swiper-slide-inner\"><img decoding=\"async\" class=\"swiper-slide-image\" src=\"https:\/\/rotary.zamosc.pl\/wp-content\/uploads\/2024\/03\/centrumzdrowiazacisze-logo-300x79.png\" alt=\"https:\/\/centrummedycznezacisze.pl\/\" \/><\/figure><\/div><div class=\"swiper-slide\" role=\"group\" aria-roledescription=\"slide\" aria-label=\"2 z 7\"><figure class=\"swiper-slide-inner\"><img decoding=\"async\" class=\"swiper-slide-image\" src=\"https:\/\/rotary.zamosc.pl\/wp-content\/uploads\/2024\/03\/eurocarlogo-300x102.png\" alt=\"eurocarlogo\" \/><\/figure><\/div><div class=\"swiper-slide\" role=\"group\" aria-roledescription=\"slide\" aria-label=\"3 z 7\"><figure class=\"swiper-slide-inner\"><img decoding=\"async\" class=\"swiper-slide-image\" src=\"https:\/\/rotary.zamosc.pl\/wp-content\/uploads\/2024\/03\/panas-logo-300x59.png\" alt=\"panas logo\" \/><\/figure><\/div><div class=\"swiper-slide\" role=\"group\" aria-roledescription=\"slide\" aria-label=\"4 z 7\"><figure class=\"swiper-slide-inner\"><img decoding=\"async\" class=\"swiper-slide-image\" src=\"https:\/\/rotary.zamosc.pl\/wp-content\/uploads\/2024\/03\/rc-wolsztyn-logo-300x114.png\" alt=\"rc wolsztyn logo\" \/><\/figure><\/div><div class=\"swiper-slide\" role=\"group\" aria-roledescription=\"slide\" aria-label=\"5 z 7\"><figure class=\"swiper-slide-inner\"><img decoding=\"async\" class=\"swiper-slide-image\" src=\"https:\/\/rotary.zamosc.pl\/wp-content\/uploads\/2025\/02\/RST-Roztocze-logo-z-haslem-firmowym-\u00ae-300x72.png\" alt=\"RST Roztocze logo z has\u0142em firmowym \u00ae\" \/><\/figure><\/div><div class=\"swiper-slide\" role=\"group\" aria-roledescription=\"slide\" aria-label=\"6 z 7\"><figure class=\"swiper-slide-inner\"><img decoding=\"async\" class=\"swiper-slide-image\" src=\"https:\/\/rotary.zamosc.pl\/wp-content\/uploads\/2025\/02\/67108b5f41958_wsip-logo2024-300x214.jpg\" alt=\"67108b5f41958_wsip-logo2024\" \/><\/figure><\/div><div class=\"swiper-slide\" role=\"group\" aria-roledescription=\"slide\" aria-label=\"7 z 7\"><figure class=\"swiper-slide-inner\"><img decoding=\"async\" class=\"swiper-slide-image\" src=\"https:\/\/rotary.zamosc.pl\/wp-content\/uploads\/2025\/02\/logo-jpeg-300x285.jpg\" alt=\"logo jpeg\" \/><\/figure><\/div>\t\t\t<\/div>\n\t\t\t\t\t\t\t\t\t\t\t\t<div class=\"elementor-swiper-button elementor-swiper-button-prev\" role=\"button\" tabindex=\"0\">\n\t\t\t\t\t\t<i aria-hidden=\"true\" class=\"eicon-chevron-left\"><\/i>\t\t\t\t\t<\/div>\n\t\t\t\t\t<div class=\"elementor-swiper-button elementor-swiper-button-next\" role=\"button\" tabindex=\"0\">\n\t\t\t\t\t\t<i aria-hidden=\"true\" class=\"eicon-chevron-right\"><\/i>\t\t\t\t\t<\/div>\n\t\t\t\t\n\t\t\t\t\t\t\t\t\t<\/div>\n\t\t\t\t\t\t<\/div>\n\t\t\t\t<\/div>\n\t\t\t\t\t<\/div>\n\t\t<\/div>\n\t\t\t\t\t<\/div>\n\t\t<\/section>\n\t\t\t\t<section class=\"elementor-section elementor-top-section elementor-element elementor-element-3671daec elementor-section-stretched elementor-section-boxed elementor-section-height-default elementor-section-height-default\" data-id=\"3671daec\" data-element_type=\"section\" data-e-type=\"section\" data-settings=\"{&quot;stretch_section&quot;:&quot;section-stretched&quot;}\">\n\t\t\t\t\t\t<div class=\"elementor-container elementor-column-gap-default\">\n\t\t\t\t\t<div class=\"elementor-column elementor-col-100 elementor-top-column elementor-element elementor-element-5df51b5c\" data-id=\"5df51b5c\" data-element_type=\"column\" data-e-type=\"column\">\n\t\t\t<div class=\"elementor-widget-wrap elementor-element-populated\">\n\t\t\t\t\t\t<div class=\"elementor-element elementor-element-ca1aee0 elementor-widget-divider--view-line elementor-widget elementor-widget-divider\" data-id=\"ca1aee0\" data-element_type=\"widget\" data-e-type=\"widget\" data-widget_type=\"divider.default\">\n\t\t\t\t<div class=\"elementor-widget-container\">\n\t\t\t\t\t\t\t<div class=\"elementor-divider\">\n\t\t\t<span class=\"elementor-divider-separator\">\n\t\t\t\t\t\t<\/span>\n\t\t<\/div>\n\t\t\t\t\t\t<\/div>\n\t\t\t\t<\/div>\n\t\t\t\t<div class=\"elementor-element elementor-element-40936c6a elementor-widget elementor-widget-heading\" data-id=\"40936c6a\" data-element_type=\"widget\" data-e-type=\"widget\" data-widget_type=\"heading.default\">\n\t\t\t\t<div class=\"elementor-widget-container\">\n\t\t\t\t\t<h2 class=\"elementor-heading-title elementor-size-default\">Zaproszenie na Seminarium <br>\"RAZEM DLA ZDROWIA PSYCHICZNEGO DZIECI I M\u0141ODZIE\u017bY\"<\/h2>\t\t\t\t<\/div>\n\t\t\t\t<\/div>\n\t\t\t\t<div class=\"elementor-element elementor-element-40f38452 elementor-widget elementor-widget-image\" data-id=\"40f38452\" data-element_type=\"widget\" data-e-type=\"widget\" data-widget_type=\"image.default\">\n\t\t\t\t<div class=\"elementor-widget-container\">\n\t\t\t\t\t\t\t\t\t\t\t\t\t\t\t<img loading=\"lazy\" decoding=\"async\" width=\"700\" height=\"438\" src=\"https:\/\/rotary.zamosc.pl\/wp-content\/uploads\/2025\/01\/2-seminarium-zamosc-800x500-1-700x438.png\" class=\"attachment-large size-large wp-image-5140\" alt=\"\" srcset=\"https:\/\/rotary.zamosc.pl\/wp-content\/uploads\/2025\/01\/2-seminarium-zamosc-800x500-1-700x438.png 700w, https:\/\/rotary.zamosc.pl\/wp-content\/uploads\/2025\/01\/2-seminarium-zamosc-800x500-1-300x188.png 300w, https:\/\/rotary.zamosc.pl\/wp-content\/uploads\/2025\/01\/2-seminarium-zamosc-800x500-1-768x480.png 768w, https:\/\/rotary.zamosc.pl\/wp-content\/uploads\/2025\/01\/2-seminarium-zamosc-800x500-1.png 800w\" sizes=\"(max-width: 700px) 100vw, 700px\" \/>\t\t\t\t\t\t\t\t\t\t\t\t\t\t\t<\/div>\n\t\t\t\t<\/div>\n\t\t\t\t<div class=\"elementor-element elementor-element-a1486c4 elementor-widget elementor-widget-text-editor\" data-id=\"a1486c4\" data-element_type=\"widget\" data-e-type=\"widget\" data-widget_type=\"text-editor.default\">\n\t\t\t\t<div class=\"elementor-widget-container\">\n\t\t\t\t\t\t\t\t\t<div class=\"html-div xdj266r x11i5rnm xat24cr x1mh8g0r xexx8yu x4uap5 x18d9i69 xkhd6sd\" dir=\"auto\"><div class=\"html-div xdj266r x11i5rnm xat24cr x1mh8g0r xexx8yu x4uap5 x18d9i69 xkhd6sd\" data-ad-rendering-role=\"story_message\"><div id=\":rd:\" class=\"x1l90r2v x1iorvi4 x1ye3gou xn6708d\" data-ad-comet-preview=\"message\" data-ad-preview=\"message\"><div class=\"x78zum5 xdt5ytf xz62fqu x16ldp7u\"><div class=\"xu06os2 x1ok221b\"><div class=\"xdj266r x11i5rnm xat24cr x1mh8g0r x1vvkbs x126k92a\"><p>Wiosn\u0105 2024 roku w Zamo\u015bciu odby\u0142a si\u0119 pierwsza edycja Seminarium po\u015bwi\u0119conego zdrowiu psychicznemu dzieci i m\u0142odzie\u017cy. Wydarzenie spotka\u0142o si\u0119 z bardzo wysok\u0105 ocen\u0105 za warto\u015b\u0107 merytoryczn\u0105 i organizacyjn\u0105, zar\u00f3wno \u015brodowiska rotaria\u0144skiego, jak i \u015brodowisk medycznego i nauczycielskiego.<\/p><p>Z dum\u0105 informujemy, \u017ce\u00a0<strong>Rotary Club Zamo\u015b\u0107<\/strong>\u00a0organizuje drug\u0105 edycj\u0119 Seminarium\u00a0<strong>\u201eRAZEM DLA ZDROWIA PSYCHICZNEGO DZIECI I M\u0141ODZIE\u017bY\u201d<\/strong>, kt\u00f3re odb\u0119dzie si\u0119\u00a0<strong>5 marca 2025 roku<\/strong>\u00a0w Zamojskim Domu Kultury w Zamo\u015bciu.<\/p><p>Seminarium ponownie przygotowywane jest przez\u00a0<strong>Rotary Club Zamo\u015b\u0107<\/strong>\u00a0i\u00a0<strong>Uniwersytet Medyczny w Lublinie<\/strong> jako organizatora g\u0142\u00f3wnego.<\/p><p><strong>Patronat Honorowy<\/strong>\u00a0nad wydarzeniem obj\u0119li:<\/p><ul><li>Gubernator Rotary D2231 Polska Krystyna Baj-Pawluk<\/li><li>J.M. Rektor prof. dr hab. Wojciech Za\u0142uska<\/li><\/ul><p><strong>Serdecznie zapraszamy.<\/strong><\/p><p><strong>Past Prezydent Zbigniew Gumuli\u0144ski, organizator Seminarium z upowa\u017cnienia Zarz\u0105du RC Zamo\u015b\u0107<\/strong><\/p><\/div><\/div><\/div><\/div><\/div><\/div>\t\t\t\t\t\t\t\t<\/div>\n\t\t\t\t<\/div>\n\t\t\t\t<div class=\"elementor-element elementor-element-9ed20b9 elementor-widget-divider--separator-type-pattern elementor-widget-divider--no-spacing elementor-widget-divider--view-line elementor-widget elementor-widget-divider\" data-id=\"9ed20b9\" data-element_type=\"widget\" data-e-type=\"widget\" data-widget_type=\"divider.default\">\n\t\t\t\t<div class=\"elementor-widget-container\">\n\t\t\t\t\t\t\t<div class=\"elementor-divider\" style=\"--divider-pattern-url: url(&quot;data:image\/svg+xml,%3Csvg xmlns=&#039;http:\/\/www.w3.org\/2000\/svg&#039; preserveAspectRatio=&#039;none&#039; overflow=&#039;visible&#039; height=&#039;100%&#039; viewBox=&#039;0 0 24 24&#039; fill=&#039;black&#039; stroke=&#039;none&#039;%3E%3Cpath d=&#039;M24,8v12H0V8H24z M24,4v1H0V4H24z&#039;\/%3E%3C\/svg%3E&quot;);\">\n\t\t\t<span class=\"elementor-divider-separator\">\n\t\t\t\t\t\t<\/span>\n\t\t<\/div>\n\t\t\t\t\t\t<\/div>\n\t\t\t\t<\/div>\n\t\t\t\t\t<\/div>\n\t\t<\/div>\n\t\t\t\t\t<\/div>\n\t\t<\/section>\n\t\t\t\t<section class=\"elementor-section elementor-top-section elementor-element elementor-element-92aebb8 elementor-section-boxed elementor-section-height-default elementor-section-height-default\" data-id=\"92aebb8\" data-element_type=\"section\" data-e-type=\"section\" id=\"rok2024\">\n\t\t\t\t\t\t<div class=\"elementor-container elementor-column-gap-default\">\n\t\t\t\t\t<div class=\"elementor-column elementor-col-100 elementor-top-column elementor-element elementor-element-9de898b\" data-id=\"9de898b\" data-element_type=\"column\" data-e-type=\"column\">\n\t\t\t<div class=\"elementor-widget-wrap elementor-element-populated\">\n\t\t\t\t\t\t<div class=\"elementor-element elementor-element-5330b4d elementor-widget elementor-widget-heading\" data-id=\"5330b4d\" data-element_type=\"widget\" data-e-type=\"widget\" data-widget_type=\"heading.default\">\n\t\t\t\t<div class=\"elementor-widget-container\">\n\t\t\t\t\t<h2 class=\"elementor-heading-title elementor-size-default\">2024<\/h2>\t\t\t\t<\/div>\n\t\t\t\t<\/div>\n\t\t\t\t\t<\/div>\n\t\t<\/div>\n\t\t\t\t\t<\/div>\n\t\t<\/section>\n\t\t\t\t<section class=\"elementor-section elementor-top-section elementor-element elementor-element-3af53a38 elementor-section-stretched elementor-section-boxed elementor-section-height-default elementor-section-height-default\" data-id=\"3af53a38\" data-element_type=\"section\" data-e-type=\"section\" data-settings=\"{&quot;stretch_section&quot;:&quot;section-stretched&quot;}\">\n\t\t\t\t\t\t<div class=\"elementor-container elementor-column-gap-default\">\n\t\t\t\t\t<div class=\"elementor-column elementor-col-100 elementor-top-column elementor-element elementor-element-464d7e55\" data-id=\"464d7e55\" data-element_type=\"column\" data-e-type=\"column\">\n\t\t\t<div class=\"elementor-widget-wrap elementor-element-populated\">\n\t\t\t\t\t\t<div class=\"elementor-element elementor-element-1a0a2939 elementor-widget elementor-widget-heading\" data-id=\"1a0a2939\" data-element_type=\"widget\" data-e-type=\"widget\" data-widget_type=\"heading.default\">\n\t\t\t\t<div class=\"elementor-widget-container\">\n\t\t\t\t\t<h2 class=\"elementor-heading-title elementor-size-default\">Seminarium na temat zdrowia psychicznego <br>\"Jak rozpozna\u0107, jak pom\u00f3c\" - kontynuacja<\/h2>\t\t\t\t<\/div>\n\t\t\t\t<\/div>\n\t\t\t\t<div class=\"elementor-element elementor-element-711a87a9 elementor-widget elementor-widget-text-editor\" data-id=\"711a87a9\" data-element_type=\"widget\" data-e-type=\"widget\" data-widget_type=\"text-editor.default\">\n\t\t\t\t<div class=\"elementor-widget-container\">\n\t\t\t\t\t\t\t\t\t<div class=\"x11i5rnm xat24cr x1mh8g0r x1vvkbs xtlvy1s x126k92a\"><div class=\"x11i5rnm xat24cr x1mh8g0r x1vvkbs xtlvy1s x126k92a\"><div class=\"\" dir=\"auto\"><div id=\":r1d:\" class=\"x1iorvi4 x1pi30zi x1l90r2v x1swvt13\" data-ad-comet-preview=\"message\" data-ad-preview=\"message\"><div class=\"x78zum5 xdt5ytf xz62fqu x16ldp7u\"><div class=\"xu06os2 x1ok221b\"><div class=\"x11i5rnm xat24cr x1mh8g0r x1vvkbs xtlvy1s x126k92a\"><div class=\"\" dir=\"auto\"><div id=\":rc:\" class=\"x1iorvi4 x1pi30zi x1l90r2v x1swvt13\" data-ad-comet-preview=\"message\" data-ad-preview=\"message\"><div class=\"x78zum5 xdt5ytf xz62fqu x16ldp7u\"><div class=\"xu06os2 x1ok221b\"><div class=\"x11i5rnm xat24cr x1mh8g0r x1vvkbs xtlvy1s x126k92a\"><div dir=\"auto\">Ostatnio informowali\u015bmy o seminarium dotycz\u0105cym narastaj\u0105cych problem\u00f3w ze zdrowiem psychicznym dzieci i m\u0142odzie\u017cy, kt\u00f3re RC Zamo\u015b\u0107 zorganizowa\u0142 5 marca br. w Zamojskim Domu Kultury.<\/div><div dir=\"auto\">Wtedy opublikowali\u015bmy r\u00f3wnie\u017c film z nagranym w ca\u0142o\u015bci wydarzeniem.<\/div><div dir=\"auto\">Teraz zapraszamy do obejrzenia klipu podsumowuj\u0105cego seminarium.<\/div><\/div><\/div><\/div><\/div><\/div><\/div><\/div><\/div><\/div><\/div><\/div><\/div>\t\t\t\t\t\t\t\t<\/div>\n\t\t\t\t<\/div>\n\t\t\t\t<div class=\"elementor-element elementor-element-3e44b73 elementor-button-success elementor-align-center e-transform e-transform e-transform elementor-widget elementor-widget-button\" data-id=\"3e44b73\" data-element_type=\"widget\" data-e-type=\"widget\" data-settings=\"{&quot;_transform_skewX_effect&quot;:{&quot;unit&quot;:&quot;px&quot;,&quot;size&quot;:0,&quot;sizes&quot;:[]},&quot;_transform_scale_effect_hover&quot;:{&quot;unit&quot;:&quot;px&quot;,&quot;size&quot;:1.1000000000000001,&quot;sizes&quot;:[]},&quot;_transform_skewX_effect_tablet&quot;:{&quot;unit&quot;:&quot;deg&quot;,&quot;size&quot;:&quot;&quot;,&quot;sizes&quot;:[]},&quot;_transform_skewX_effect_mobile&quot;:{&quot;unit&quot;:&quot;deg&quot;,&quot;size&quot;:&quot;&quot;,&quot;sizes&quot;:[]},&quot;_transform_skewY_effect&quot;:{&quot;unit&quot;:&quot;px&quot;,&quot;size&quot;:&quot;&quot;,&quot;sizes&quot;:[]},&quot;_transform_skewY_effect_tablet&quot;:{&quot;unit&quot;:&quot;deg&quot;,&quot;size&quot;:&quot;&quot;,&quot;sizes&quot;:[]},&quot;_transform_skewY_effect_mobile&quot;:{&quot;unit&quot;:&quot;deg&quot;,&quot;size&quot;:&quot;&quot;,&quot;sizes&quot;:[]},&quot;_transform_translateX_effect_hover&quot;:{&quot;unit&quot;:&quot;px&quot;,&quot;size&quot;:&quot;&quot;,&quot;sizes&quot;:[]},&quot;_transform_translateX_effect_hover_tablet&quot;:{&quot;unit&quot;:&quot;px&quot;,&quot;size&quot;:&quot;&quot;,&quot;sizes&quot;:[]},&quot;_transform_translateX_effect_hover_mobile&quot;:{&quot;unit&quot;:&quot;px&quot;,&quot;size&quot;:&quot;&quot;,&quot;sizes&quot;:[]},&quot;_transform_translateY_effect_hover&quot;:{&quot;unit&quot;:&quot;px&quot;,&quot;size&quot;:&quot;&quot;,&quot;sizes&quot;:[]},&quot;_transform_translateY_effect_hover_tablet&quot;:{&quot;unit&quot;:&quot;px&quot;,&quot;size&quot;:&quot;&quot;,&quot;sizes&quot;:[]},&quot;_transform_translateY_effect_hover_mobile&quot;:{&quot;unit&quot;:&quot;px&quot;,&quot;size&quot;:&quot;&quot;,&quot;sizes&quot;:[]},&quot;_transform_scale_effect_hover_tablet&quot;:{&quot;unit&quot;:&quot;px&quot;,&quot;size&quot;:&quot;&quot;,&quot;sizes&quot;:[]},&quot;_transform_scale_effect_hover_mobile&quot;:{&quot;unit&quot;:&quot;px&quot;,&quot;size&quot;:&quot;&quot;,&quot;sizes&quot;:[]}}\" data-widget_type=\"button.default\">\n\t\t\t\t<div class=\"elementor-widget-container\">\n\t\t\t\t\t\t\t\t\t<div class=\"elementor-button-wrapper\">\n\t\t\t\t\t<a class=\"elementor-button elementor-button-link elementor-size-xs\" href=\"#\">\n\t\t\t\t\t\t<span class=\"elementor-button-content-wrapper\">\n\t\t\t\t\t\t\t\t\t<span class=\"elementor-button-text\">SPONSORZY<\/span>\n\t\t\t\t\t<\/span>\n\t\t\t\t\t<\/a>\n\t\t\t\t<\/div>\n\t\t\t\t\t\t\t\t<\/div>\n\t\t\t\t<\/div>\n\t\t\t\t<div class=\"elementor-element elementor-element-23b840d elementor-arrows-position-inside elementor-widget elementor-widget-image-carousel\" data-id=\"23b840d\" data-element_type=\"widget\" data-e-type=\"widget\" data-settings=\"{&quot;navigation&quot;:&quot;arrows&quot;,&quot;autoplay_speed&quot;:2000,&quot;autoplay&quot;:&quot;yes&quot;,&quot;pause_on_hover&quot;:&quot;yes&quot;,&quot;pause_on_interaction&quot;:&quot;yes&quot;,&quot;infinite&quot;:&quot;yes&quot;,&quot;speed&quot;:500}\" data-widget_type=\"image-carousel.default\">\n\t\t\t\t<div class=\"elementor-widget-container\">\n\t\t\t\t\t\t\t<div class=\"elementor-image-carousel-wrapper swiper\" role=\"region\" aria-roledescription=\"carousel\" aria-label=\"Karuzela obrazk\u00f3w\" dir=\"ltr\">\n\t\t\t<div class=\"elementor-image-carousel swiper-wrapper\" aria-live=\"off\">\n\t\t\t\t\t\t\t\t<div class=\"swiper-slide\" role=\"group\" aria-roledescription=\"slide\" aria-label=\"1 z 6\"><figure class=\"swiper-slide-inner\"><img decoding=\"async\" class=\"swiper-slide-image\" src=\"https:\/\/rotary.zamosc.pl\/wp-content\/uploads\/2024\/03\/budmat-logo.png\" alt=\"XXX\" \/><\/figure><\/div><div class=\"swiper-slide\" role=\"group\" aria-roledescription=\"slide\" aria-label=\"2 z 6\"><figure class=\"swiper-slide-inner\"><img decoding=\"async\" class=\"swiper-slide-image\" src=\"https:\/\/rotary.zamosc.pl\/wp-content\/uploads\/2024\/03\/centrumzdrowiazacisze-logo.png\" alt=\"https:\/\/centrummedycznezacisze.pl\/\" \/><\/figure><\/div><div class=\"swiper-slide\" role=\"group\" aria-roledescription=\"slide\" aria-label=\"3 z 6\"><figure class=\"swiper-slide-inner\"><img decoding=\"async\" class=\"swiper-slide-image\" src=\"https:\/\/rotary.zamosc.pl\/wp-content\/uploads\/2024\/03\/eurocarlogo.png\" alt=\"eurocarlogo\" \/><\/figure><\/div><div class=\"swiper-slide\" role=\"group\" aria-roledescription=\"slide\" aria-label=\"4 z 6\"><figure class=\"swiper-slide-inner\"><img decoding=\"async\" class=\"swiper-slide-image\" src=\"https:\/\/rotary.zamosc.pl\/wp-content\/uploads\/2024\/03\/interkres-logo.png\" alt=\"interkres logo\" \/><\/figure><\/div><div class=\"swiper-slide\" role=\"group\" aria-roledescription=\"slide\" aria-label=\"5 z 6\"><figure class=\"swiper-slide-inner\"><img decoding=\"async\" class=\"swiper-slide-image\" src=\"https:\/\/rotary.zamosc.pl\/wp-content\/uploads\/2024\/03\/panas-logo.png\" alt=\"panas logo\" \/><\/figure><\/div><div class=\"swiper-slide\" role=\"group\" aria-roledescription=\"slide\" aria-label=\"6 z 6\"><figure class=\"swiper-slide-inner\"><img decoding=\"async\" class=\"swiper-slide-image\" src=\"https:\/\/rotary.zamosc.pl\/wp-content\/uploads\/2024\/03\/rc-wolsztyn-logo.png\" alt=\"rc wolsztyn logo\" \/><\/figure><\/div>\t\t\t<\/div>\n\t\t\t\t\t\t\t\t\t\t\t\t<div class=\"elementor-swiper-button elementor-swiper-button-prev\" role=\"button\" tabindex=\"0\">\n\t\t\t\t\t\t<i aria-hidden=\"true\" class=\"eicon-chevron-left\"><\/i>\t\t\t\t\t<\/div>\n\t\t\t\t\t<div class=\"elementor-swiper-button elementor-swiper-button-next\" role=\"button\" tabindex=\"0\">\n\t\t\t\t\t\t<i aria-hidden=\"true\" class=\"eicon-chevron-right\"><\/i>\t\t\t\t\t<\/div>\n\t\t\t\t\n\t\t\t\t\t\t\t\t\t<\/div>\n\t\t\t\t\t\t<\/div>\n\t\t\t\t<\/div>\n\t\t\t\t<div class=\"elementor-element elementor-element-337e1d4f elementor-widget elementor-widget-video\" data-id=\"337e1d4f\" data-element_type=\"widget\" data-e-type=\"widget\" data-settings=\"{&quot;youtube_url&quot;:&quot;https:\\\/\\\/www.youtube.com\\\/watch?v=X1w8fb0QptU&amp;embeds_referring_euri=https%3A%2F%2Fmail.google.com%2F&amp;embeds_referring_origin=https%3A%2F%2Fmail.google.com&amp;source_ve_path=Mjg2NjY&amp;feature=emb_logo&quot;,&quot;video_type&quot;:&quot;youtube&quot;,&quot;controls&quot;:&quot;yes&quot;}\" data-widget_type=\"video.default\">\n\t\t\t\t<div class=\"elementor-widget-container\">\n\t\t\t\t\t\t\t<div class=\"elementor-wrapper elementor-open-inline\">\n\t\t\t<div class=\"elementor-video\"><\/div>\t\t<\/div>\n\t\t\t\t\t\t<\/div>\n\t\t\t\t<\/div>\n\t\t\t\t\t<\/div>\n\t\t<\/div>\n\t\t\t\t\t<\/div>\n\t\t<\/section>\n\t\t\t\t<section class=\"elementor-section elementor-top-section elementor-element elementor-element-2a813edb elementor-section-stretched elementor-section-boxed elementor-section-height-default elementor-section-height-default\" data-id=\"2a813edb\" data-element_type=\"section\" data-e-type=\"section\" data-settings=\"{&quot;stretch_section&quot;:&quot;section-stretched&quot;}\">\n\t\t\t\t\t\t<div class=\"elementor-container elementor-column-gap-default\">\n\t\t\t\t\t<div class=\"elementor-column elementor-col-100 elementor-top-column elementor-element elementor-element-396ee946\" data-id=\"396ee946\" data-element_type=\"column\" data-e-type=\"column\">\n\t\t\t<div class=\"elementor-widget-wrap elementor-element-populated\">\n\t\t\t\t\t\t<div class=\"elementor-element elementor-element-40b25716 elementor-widget elementor-widget-heading\" data-id=\"40b25716\" data-element_type=\"widget\" data-e-type=\"widget\" data-widget_type=\"heading.default\">\n\t\t\t\t<div class=\"elementor-widget-container\">\n\t\t\t\t\t<h2 class=\"elementor-heading-title elementor-size-default\">W trosce o zdrowie psychiczne dzieci i m\u0142odzie\u017cy<\/h2>\t\t\t\t<\/div>\n\t\t\t\t<\/div>\n\t\t\t\t<div class=\"elementor-element elementor-element-24a8419b elementor-widget elementor-widget-text-editor\" data-id=\"24a8419b\" data-element_type=\"widget\" data-e-type=\"widget\" data-widget_type=\"text-editor.default\">\n\t\t\t\t<div class=\"elementor-widget-container\">\n\t\t\t\t\t\t\t\t\t<div class=\"x11i5rnm xat24cr x1mh8g0r x1vvkbs xtlvy1s x126k92a\"><div class=\"x11i5rnm xat24cr x1mh8g0r x1vvkbs xtlvy1s x126k92a\"><div dir=\"auto\">Wobec obserwowanego w ostatnim czasie niepokoj\u0105cego wzrostu zaburze\u0144 psychicznych w\u015br\u00f3d dzieci i m\u0142odzie\u017cy, w tym samookalecze\u0144, pr\u00f3b samob\u00f3jczych, samob\u00f3jstw i innych problem\u00f3w psychicznych, jak r\u00f3wnie\u017c wychodz\u0105c naprzeciw oczekiwaniom spo\u0142ecznym, Rotary Club Zamo\u015b\u0107 razem z pracownikami naukowymi Katedry Psychospo\u0142ecznych Aspekt\u00f3w Medycyny i Katedry Psychiatrii, Psychoterapii i Wczesnej Interwencji Uniwersytetu Medycznego w Lublinie zorganizowa\u0142 Seminarium nt. zdrowia psychicznego dzieci i m\u0142odzie\u017cy &#8222;Jak rozpozna\u0107 i pomaga\u0107&#8221;, kt\u00f3re odby\u0142o si\u0119 5 marca w Zamojskim Domu Kultury.<\/div><div dir=\"auto\">Patronat honorowy sprawowali Prezydent Miasta Zamo\u015b\u0107 Andrzej Wnuk oraz Rektor UM w Lublinie prof. dr hab. n. med. Wojciech Za\u0142uska.<\/div><div dir=\"auto\">W organizacj\u0119 seminarium zaanga\u017cowali si\u0119 wszyscy Rotarianie z klubu, a prac\u0119 koordynowa\u0142 Prezydent RC Zamo\u015b\u0107 Zbigniew Gumuli\u0144ski.<\/div><div dir=\"auto\">Wydarzenie to mog\u0142o si\u0119 odby\u0107 dzi\u0119ki zaanga\u017cowaniu Miasta Zamo\u015b\u0107 oraz hojno\u015bci sponsor\u00f3w.<\/div><div dir=\"auto\">W seminarium uczestniczy\u0142o 250 os\u00f3b (nauczycieli, pedagog\u00f3w, psycholog\u00f3w) z Zamo\u015bcia i powiatu. Ka\u017cdy uczestnik seminarium otrzyma\u0142 za\u015bwiadczenie o uczestnictwie.<\/div><div dir=\"auto\">Mamy nadziej\u0119, i\u017c seminarium przyczyni\u0142o si\u0119 do wi\u0119kszego zrozumienia zagadnie\u0144 zwi\u0105zanych ze zdrowiem psychicznym najm\u0142odszych.<\/div><div dir=\"auto\">Zach\u0119camy do obejrzenia seminarium online:<\/div><\/div><\/div>\t\t\t\t\t\t\t\t<\/div>\n\t\t\t\t<\/div>\n\t\t\t\t<div class=\"elementor-element elementor-element-c8270ff elementor-widget elementor-widget-video\" data-id=\"c8270ff\" data-element_type=\"widget\" data-e-type=\"widget\" data-settings=\"{&quot;youtube_url&quot;:&quot;https:\\\/\\\/www.youtube.com\\\/watch?v=t3fl7kfT9oE&quot;,&quot;video_type&quot;:&quot;youtube&quot;,&quot;controls&quot;:&quot;yes&quot;}\" data-widget_type=\"video.default\">\n\t\t\t\t<div class=\"elementor-widget-container\">\n\t\t\t\t\t\t\t<div class=\"elementor-wrapper elementor-open-inline\">\n\t\t\t<div class=\"elementor-video\"><\/div>\t\t<\/div>\n\t\t\t\t\t\t<\/div>\n\t\t\t\t<\/div>\n\t\t\t\t<div class=\"elementor-element elementor-element-456856e gallery-spacing-custom elementor-widget elementor-widget-image-gallery\" data-id=\"456856e\" data-element_type=\"widget\" data-e-type=\"widget\" data-widget_type=\"image-gallery.default\">\n\t\t\t\t<div class=\"elementor-widget-container\">\n\t\t\t\t\t\t\t<div class=\"elementor-image-gallery\">\n\t\t\t<div id='gallery-3' class='gallery galleryid-5206 gallery-columns-5 gallery-size-graphy-post-thumbnail-medium'><figure class='gallery-item'>\n\t\t\t<div class='gallery-icon landscape'>\n\t\t\t\t<a data-elementor-open-lightbox=\"yes\" data-elementor-lightbox-slideshow=\"456856e\" data-elementor-lightbox-title=\"W trosce o zdrowie psychiczne dzieci i m\u0142odzie\u017cy 03 (2)\" data-e-action-hash=\"#elementor-action%3Aaction%3Dlightbox%26settings%3DeyJpZCI6NDQzMSwidXJsIjoiaHR0cHM6XC9cL3JvdGFyeS56YW1vc2MucGxcL3dwLWNvbnRlbnRcL3VwbG9hZHNcLzIwMjRcLzAzXC9XLXRyb3NjZS1vLXpkcm93aWUtcHN5Y2hpY3puZS1kemllY2ktaS1tbG9kemllenktMDMtMi5qcGciLCJzbGlkZXNob3ciOiI0NTY4NTZlIn0%3D\" href='https:\/\/rotary.zamosc.pl\/wp-content\/uploads\/2024\/03\/W-trosce-o-zdrowie-psychiczne-dzieci-i-mlodziezy-03-2.jpg'><img loading=\"lazy\" decoding=\"async\" width=\"482\" height=\"300\" src=\"https:\/\/rotary.zamosc.pl\/wp-content\/uploads\/2024\/03\/W-trosce-o-zdrowie-psychiczne-dzieci-i-mlodziezy-03-2-482x300.jpg\" class=\"attachment-graphy-post-thumbnail-medium size-graphy-post-thumbnail-medium\" alt=\"\" \/><\/a>\n\t\t\t<\/div><\/figure><figure class='gallery-item'>\n\t\t\t<div class='gallery-icon landscape'>\n\t\t\t\t<a data-elementor-open-lightbox=\"yes\" data-elementor-lightbox-slideshow=\"456856e\" data-elementor-lightbox-title=\"W trosce o zdrowie psychiczne dzieci i m\u0142odzie\u017cy 03 (3)\" data-e-action-hash=\"#elementor-action%3Aaction%3Dlightbox%26settings%3DeyJpZCI6NDQzMiwidXJsIjoiaHR0cHM6XC9cL3JvdGFyeS56YW1vc2MucGxcL3dwLWNvbnRlbnRcL3VwbG9hZHNcLzIwMjRcLzAzXC9XLXRyb3NjZS1vLXpkcm93aWUtcHN5Y2hpY3puZS1kemllY2ktaS1tbG9kemllenktMDMtMy5qcGciLCJzbGlkZXNob3ciOiI0NTY4NTZlIn0%3D\" href='https:\/\/rotary.zamosc.pl\/wp-content\/uploads\/2024\/03\/W-trosce-o-zdrowie-psychiczne-dzieci-i-mlodziezy-03-3.jpg'><img loading=\"lazy\" decoding=\"async\" width=\"482\" height=\"300\" src=\"https:\/\/rotary.zamosc.pl\/wp-content\/uploads\/2024\/03\/W-trosce-o-zdrowie-psychiczne-dzieci-i-mlodziezy-03-3-482x300.jpg\" class=\"attachment-graphy-post-thumbnail-medium size-graphy-post-thumbnail-medium\" alt=\"\" \/><\/a>\n\t\t\t<\/div><\/figure><figure class='gallery-item'>\n\t\t\t<div class='gallery-icon landscape'>\n\t\t\t\t<a data-elementor-open-lightbox=\"yes\" data-elementor-lightbox-slideshow=\"456856e\" data-elementor-lightbox-title=\"W trosce o zdrowie psychiczne dzieci i m\u0142odzie\u017cy 03 (4)\" data-e-action-hash=\"#elementor-action%3Aaction%3Dlightbox%26settings%3DeyJpZCI6NDQzMywidXJsIjoiaHR0cHM6XC9cL3JvdGFyeS56YW1vc2MucGxcL3dwLWNvbnRlbnRcL3VwbG9hZHNcLzIwMjRcLzAzXC9XLXRyb3NjZS1vLXpkcm93aWUtcHN5Y2hpY3puZS1kemllY2ktaS1tbG9kemllenktMDMtNC5qcGciLCJzbGlkZXNob3ciOiI0NTY4NTZlIn0%3D\" href='https:\/\/rotary.zamosc.pl\/wp-content\/uploads\/2024\/03\/W-trosce-o-zdrowie-psychiczne-dzieci-i-mlodziezy-03-4.jpg'><img loading=\"lazy\" decoding=\"async\" width=\"482\" height=\"300\" src=\"https:\/\/rotary.zamosc.pl\/wp-content\/uploads\/2024\/03\/W-trosce-o-zdrowie-psychiczne-dzieci-i-mlodziezy-03-4-482x300.jpg\" class=\"attachment-graphy-post-thumbnail-medium size-graphy-post-thumbnail-medium\" alt=\"\" \/><\/a>\n\t\t\t<\/div><\/figure><figure class='gallery-item'>\n\t\t\t<div class='gallery-icon landscape'>\n\t\t\t\t<a data-elementor-open-lightbox=\"yes\" data-elementor-lightbox-slideshow=\"456856e\" data-elementor-lightbox-title=\"W trosce o zdrowie psychiczne dzieci i m\u0142odzie\u017cy 03 (5)\" data-e-action-hash=\"#elementor-action%3Aaction%3Dlightbox%26settings%3DeyJpZCI6NDQzNCwidXJsIjoiaHR0cHM6XC9cL3JvdGFyeS56YW1vc2MucGxcL3dwLWNvbnRlbnRcL3VwbG9hZHNcLzIwMjRcLzAzXC9XLXRyb3NjZS1vLXpkcm93aWUtcHN5Y2hpY3puZS1kemllY2ktaS1tbG9kemllenktMDMtNS5qcGciLCJzbGlkZXNob3ciOiI0NTY4NTZlIn0%3D\" href='https:\/\/rotary.zamosc.pl\/wp-content\/uploads\/2024\/03\/W-trosce-o-zdrowie-psychiczne-dzieci-i-mlodziezy-03-5.jpg'><img loading=\"lazy\" decoding=\"async\" width=\"482\" height=\"300\" src=\"https:\/\/rotary.zamosc.pl\/wp-content\/uploads\/2024\/03\/W-trosce-o-zdrowie-psychiczne-dzieci-i-mlodziezy-03-5-482x300.jpg\" class=\"attachment-graphy-post-thumbnail-medium size-graphy-post-thumbnail-medium\" alt=\"\" \/><\/a>\n\t\t\t<\/div><\/figure><figure class='gallery-item'>\n\t\t\t<div class='gallery-icon landscape'>\n\t\t\t\t<a data-elementor-open-lightbox=\"yes\" data-elementor-lightbox-slideshow=\"456856e\" data-elementor-lightbox-title=\"W trosce o zdrowie psychiczne dzieci i m\u0142odzie\u017cy 03 (6)\" data-e-action-hash=\"#elementor-action%3Aaction%3Dlightbox%26settings%3DeyJpZCI6NDQzNSwidXJsIjoiaHR0cHM6XC9cL3JvdGFyeS56YW1vc2MucGxcL3dwLWNvbnRlbnRcL3VwbG9hZHNcLzIwMjRcLzAzXC9XLXRyb3NjZS1vLXpkcm93aWUtcHN5Y2hpY3puZS1kemllY2ktaS1tbG9kemllenktMDMtNi5qcGciLCJzbGlkZXNob3ciOiI0NTY4NTZlIn0%3D\" href='https:\/\/rotary.zamosc.pl\/wp-content\/uploads\/2024\/03\/W-trosce-o-zdrowie-psychiczne-dzieci-i-mlodziezy-03-6.jpg'><img loading=\"lazy\" decoding=\"async\" width=\"482\" height=\"300\" src=\"https:\/\/rotary.zamosc.pl\/wp-content\/uploads\/2024\/03\/W-trosce-o-zdrowie-psychiczne-dzieci-i-mlodziezy-03-6-482x300.jpg\" class=\"attachment-graphy-post-thumbnail-medium size-graphy-post-thumbnail-medium\" alt=\"\" srcset=\"https:\/\/rotary.zamosc.pl\/wp-content\/uploads\/2024\/03\/W-trosce-o-zdrowie-psychiczne-dzieci-i-mlodziezy-03-6-482x300.jpg 482w, https:\/\/rotary.zamosc.pl\/wp-content\/uploads\/2024\/03\/W-trosce-o-zdrowie-psychiczne-dzieci-i-mlodziezy-03-6-300x187.jpg 300w, https:\/\/rotary.zamosc.pl\/wp-content\/uploads\/2024\/03\/W-trosce-o-zdrowie-psychiczne-dzieci-i-mlodziezy-03-6-700x436.jpg 700w, https:\/\/rotary.zamosc.pl\/wp-content\/uploads\/2024\/03\/W-trosce-o-zdrowie-psychiczne-dzieci-i-mlodziezy-03-6-768x478.jpg 768w, https:\/\/rotary.zamosc.pl\/wp-content\/uploads\/2024\/03\/W-trosce-o-zdrowie-psychiczne-dzieci-i-mlodziezy-03-6-1536x957.jpg 1536w, https:\/\/rotary.zamosc.pl\/wp-content\/uploads\/2024\/03\/W-trosce-o-zdrowie-psychiczne-dzieci-i-mlodziezy-03-6-800x498.jpg 800w, https:\/\/rotary.zamosc.pl\/wp-content\/uploads\/2024\/03\/W-trosce-o-zdrowie-psychiczne-dzieci-i-mlodziezy-03-6.jpg 1671w\" sizes=\"(max-width: 482px) 100vw, 482px\" \/><\/a>\n\t\t\t<\/div><\/figure><figure class='gallery-item'>\n\t\t\t<div class='gallery-icon landscape'>\n\t\t\t\t<a data-elementor-open-lightbox=\"yes\" data-elementor-lightbox-slideshow=\"456856e\" data-elementor-lightbox-title=\"W trosce o zdrowie psychiczne dzieci i m\u0142odzie\u017cy 03 (7)\" data-e-action-hash=\"#elementor-action%3Aaction%3Dlightbox%26settings%3DeyJpZCI6NDQzNiwidXJsIjoiaHR0cHM6XC9cL3JvdGFyeS56YW1vc2MucGxcL3dwLWNvbnRlbnRcL3VwbG9hZHNcLzIwMjRcLzAzXC9XLXRyb3NjZS1vLXpkcm93aWUtcHN5Y2hpY3puZS1kemllY2ktaS1tbG9kemllenktMDMtNy5qcGciLCJzbGlkZXNob3ciOiI0NTY4NTZlIn0%3D\" href='https:\/\/rotary.zamosc.pl\/wp-content\/uploads\/2024\/03\/W-trosce-o-zdrowie-psychiczne-dzieci-i-mlodziezy-03-7.jpg'><img loading=\"lazy\" decoding=\"async\" width=\"482\" height=\"300\" src=\"https:\/\/rotary.zamosc.pl\/wp-content\/uploads\/2024\/03\/W-trosce-o-zdrowie-psychiczne-dzieci-i-mlodziezy-03-7-482x300.jpg\" class=\"attachment-graphy-post-thumbnail-medium size-graphy-post-thumbnail-medium\" alt=\"\" srcset=\"https:\/\/rotary.zamosc.pl\/wp-content\/uploads\/2024\/03\/W-trosce-o-zdrowie-psychiczne-dzieci-i-mlodziezy-03-7-482x300.jpg 482w, https:\/\/rotary.zamosc.pl\/wp-content\/uploads\/2024\/03\/W-trosce-o-zdrowie-psychiczne-dzieci-i-mlodziezy-03-7-300x187.jpg 300w, https:\/\/rotary.zamosc.pl\/wp-content\/uploads\/2024\/03\/W-trosce-o-zdrowie-psychiczne-dzieci-i-mlodziezy-03-7-700x436.jpg 700w, https:\/\/rotary.zamosc.pl\/wp-content\/uploads\/2024\/03\/W-trosce-o-zdrowie-psychiczne-dzieci-i-mlodziezy-03-7-768x478.jpg 768w, https:\/\/rotary.zamosc.pl\/wp-content\/uploads\/2024\/03\/W-trosce-o-zdrowie-psychiczne-dzieci-i-mlodziezy-03-7-1536x956.jpg 1536w, https:\/\/rotary.zamosc.pl\/wp-content\/uploads\/2024\/03\/W-trosce-o-zdrowie-psychiczne-dzieci-i-mlodziezy-03-7-800x498.jpg 800w, https:\/\/rotary.zamosc.pl\/wp-content\/uploads\/2024\/03\/W-trosce-o-zdrowie-psychiczne-dzieci-i-mlodziezy-03-7.jpg 1770w\" sizes=\"(max-width: 482px) 100vw, 482px\" \/><\/a>\n\t\t\t<\/div><\/figure><figure class='gallery-item'>\n\t\t\t<div class='gallery-icon landscape'>\n\t\t\t\t<a data-elementor-open-lightbox=\"yes\" data-elementor-lightbox-slideshow=\"456856e\" data-elementor-lightbox-title=\"W trosce o zdrowie psychiczne dzieci i m\u0142odzie\u017cy 03 (8)\" data-e-action-hash=\"#elementor-action%3Aaction%3Dlightbox%26settings%3DeyJpZCI6NDQzNywidXJsIjoiaHR0cHM6XC9cL3JvdGFyeS56YW1vc2MucGxcL3dwLWNvbnRlbnRcL3VwbG9hZHNcLzIwMjRcLzAzXC9XLXRyb3NjZS1vLXpkcm93aWUtcHN5Y2hpY3puZS1kemllY2ktaS1tbG9kemllenktMDMtOC5qcGciLCJzbGlkZXNob3ciOiI0NTY4NTZlIn0%3D\" href='https:\/\/rotary.zamosc.pl\/wp-content\/uploads\/2024\/03\/W-trosce-o-zdrowie-psychiczne-dzieci-i-mlodziezy-03-8.jpg'><img loading=\"lazy\" decoding=\"async\" width=\"482\" height=\"300\" src=\"https:\/\/rotary.zamosc.pl\/wp-content\/uploads\/2024\/03\/W-trosce-o-zdrowie-psychiczne-dzieci-i-mlodziezy-03-8-482x300.jpg\" class=\"attachment-graphy-post-thumbnail-medium size-graphy-post-thumbnail-medium\" alt=\"\" \/><\/a>\n\t\t\t<\/div><\/figure><figure class='gallery-item'>\n\t\t\t<div class='gallery-icon landscape'>\n\t\t\t\t<a data-elementor-open-lightbox=\"yes\" data-elementor-lightbox-slideshow=\"456856e\" data-elementor-lightbox-title=\"W trosce o zdrowie psychiczne dzieci i m\u0142odzie\u017cy 03 (9)\" data-e-action-hash=\"#elementor-action%3Aaction%3Dlightbox%26settings%3DeyJpZCI6NDQzOCwidXJsIjoiaHR0cHM6XC9cL3JvdGFyeS56YW1vc2MucGxcL3dwLWNvbnRlbnRcL3VwbG9hZHNcLzIwMjRcLzAzXC9XLXRyb3NjZS1vLXpkcm93aWUtcHN5Y2hpY3puZS1kemllY2ktaS1tbG9kemllenktMDMtOS5qcGciLCJzbGlkZXNob3ciOiI0NTY4NTZlIn0%3D\" href='https:\/\/rotary.zamosc.pl\/wp-content\/uploads\/2024\/03\/W-trosce-o-zdrowie-psychiczne-dzieci-i-mlodziezy-03-9.jpg'><img loading=\"lazy\" decoding=\"async\" width=\"482\" height=\"300\" src=\"https:\/\/rotary.zamosc.pl\/wp-content\/uploads\/2024\/03\/W-trosce-o-zdrowie-psychiczne-dzieci-i-mlodziezy-03-9-482x300.jpg\" class=\"attachment-graphy-post-thumbnail-medium size-graphy-post-thumbnail-medium\" alt=\"\" \/><\/a>\n\t\t\t<\/div><\/figure><figure class='gallery-item'>\n\t\t\t<div class='gallery-icon landscape'>\n\t\t\t\t<a data-elementor-open-lightbox=\"yes\" data-elementor-lightbox-slideshow=\"456856e\" data-elementor-lightbox-title=\"W trosce o zdrowie psychiczne dzieci i m\u0142odzie\u017cy 03 (10)\" data-e-action-hash=\"#elementor-action%3Aaction%3Dlightbox%26settings%3DeyJpZCI6NDQzOSwidXJsIjoiaHR0cHM6XC9cL3JvdGFyeS56YW1vc2MucGxcL3dwLWNvbnRlbnRcL3VwbG9hZHNcLzIwMjRcLzAzXC9XLXRyb3NjZS1vLXpkcm93aWUtcHN5Y2hpY3puZS1kemllY2ktaS1tbG9kemllenktMDMtMTAuanBnIiwic2xpZGVzaG93IjoiNDU2ODU2ZSJ9\" href='https:\/\/rotary.zamosc.pl\/wp-content\/uploads\/2024\/03\/W-trosce-o-zdrowie-psychiczne-dzieci-i-mlodziezy-03-10.jpg'><img loading=\"lazy\" decoding=\"async\" width=\"482\" height=\"300\" src=\"https:\/\/rotary.zamosc.pl\/wp-content\/uploads\/2024\/03\/W-trosce-o-zdrowie-psychiczne-dzieci-i-mlodziezy-03-10-482x300.jpg\" class=\"attachment-graphy-post-thumbnail-medium size-graphy-post-thumbnail-medium\" alt=\"\" \/><\/a>\n\t\t\t<\/div><\/figure><figure class='gallery-item'>\n\t\t\t<div class='gallery-icon landscape'>\n\t\t\t\t<a data-elementor-open-lightbox=\"yes\" data-elementor-lightbox-slideshow=\"456856e\" data-elementor-lightbox-title=\"W trosce o zdrowie psychiczne dzieci i m\u0142odzie\u017cy 03 (11)\" data-e-action-hash=\"#elementor-action%3Aaction%3Dlightbox%26settings%3DeyJpZCI6NDQ0MCwidXJsIjoiaHR0cHM6XC9cL3JvdGFyeS56YW1vc2MucGxcL3dwLWNvbnRlbnRcL3VwbG9hZHNcLzIwMjRcLzAzXC9XLXRyb3NjZS1vLXpkcm93aWUtcHN5Y2hpY3puZS1kemllY2ktaS1tbG9kemllenktMDMtMTEuanBnIiwic2xpZGVzaG93IjoiNDU2ODU2ZSJ9\" href='https:\/\/rotary.zamosc.pl\/wp-content\/uploads\/2024\/03\/W-trosce-o-zdrowie-psychiczne-dzieci-i-mlodziezy-03-11.jpg'><img loading=\"lazy\" decoding=\"async\" width=\"482\" height=\"300\" src=\"https:\/\/rotary.zamosc.pl\/wp-content\/uploads\/2024\/03\/W-trosce-o-zdrowie-psychiczne-dzieci-i-mlodziezy-03-11-482x300.jpg\" class=\"attachment-graphy-post-thumbnail-medium size-graphy-post-thumbnail-medium\" alt=\"\" \/><\/a>\n\t\t\t<\/div><\/figure>\n\t\t<\/div>\n\t\t<\/div>\n\t\t\t\t\t\t<\/div>\n\t\t\t\t<\/div>\n\t\t\t\t\t<\/div>\n\t\t<\/div>\n\t\t\t\t\t<\/div>\n\t\t<\/section>\n\t\t\t\t<\/div>\n\t\t","protected":false},"excerpt":{"rendered":"<p>2026 2025 2024 2026 17 marca w Zamojskim Domu Kultury oraz Zamojskiej Akademii Kultury odby\u0142o si\u0119 III Seminarium po\u015bwi\u0119cone zdrowiu psychicznemu dzieci i m\u0142odzie\u017cy &#8222;Rodzina podstaw\u0105 zdrowia psychicznego m\u0142odych ludzi&#8221;, kt\u00f3re zapowiadali\u015bmy od d\u0142u\u017cszego czasu. Seminarium zorganizowa\u0142y Rotary Club Zamo\u015b\u0107 ID 30379 oraz Rotary Club Lublin Centrum wraz z Dystryktem 2231 oraz ameryka\u0144skim partnerem Digging&#8230;<\/p>\n","protected":false},"author":1,"featured_media":0,"parent":0,"menu_order":0,"comment_status":"closed","ping_status":"closed","template":"","meta":{"footnotes":""},"class_list":["post-5206","page","type-page","status-publish","hentry"],"rttpg_featured_image_url":null,"rttpg_author":{"display_name":"rotaryzamosc","author_link":"https:\/\/rotary.zamosc.pl\/index.php\/author\/rotaryzamosc\/"},"rttpg_comment":0,"rttpg_category":null,"rttpg_excerpt":"2026 2025 2024 2026 17 marca w Zamojskim Domu Kultury oraz Zamojskiej Akademii Kultury odby\u0142o si\u0119 III Seminarium po\u015bwi\u0119cone zdrowiu psychicznemu dzieci i m\u0142odzie\u017cy &#8222;Rodzina podstaw\u0105 zdrowia psychicznego m\u0142odych ludzi&#8221;, kt\u00f3re zapowiadali\u015bmy od d\u0142u\u017cszego czasu. Seminarium zorganizowa\u0142y Rotary Club Zamo\u015b\u0107 ID 30379 oraz Rotary Club Lublin Centrum wraz z Dystryktem 2231 oraz ameryka\u0144skim partnerem Digging...","_links":{"self":[{"href":"https:\/\/rotary.zamosc.pl\/index.php\/wp-json\/wp\/v2\/pages\/5206","targetHints":{"allow":["GET"]}}],"collection":[{"href":"https:\/\/rotary.zamosc.pl\/index.php\/wp-json\/wp\/v2\/pages"}],"about":[{"href":"https:\/\/rotary.zamosc.pl\/index.php\/wp-json\/wp\/v2\/types\/page"}],"author":[{"embeddable":true,"href":"https:\/\/rotary.zamosc.pl\/index.php\/wp-json\/wp\/v2\/users\/1"}],"replies":[{"embeddable":true,"href":"https:\/\/rotary.zamosc.pl\/index.php\/wp-json\/wp\/v2\/comments?post=5206"}],"version-history":[{"count":157,"href":"https:\/\/rotary.zamosc.pl\/index.php\/wp-json\/wp\/v2\/pages\/5206\/revisions"}],"predecessor-version":[{"id":8283,"href":"https:\/\/rotary.zamosc.pl\/index.php\/wp-json\/wp\/v2\/pages\/5206\/revisions\/8283"}],"wp:attachment":[{"href":"https:\/\/rotary.zamosc.pl\/index.php\/wp-json\/wp\/v2\/media?parent=5206"}],"curies":[{"name":"wp","href":"https:\/\/api.w.org\/{rel}","templated":true}]}}