{"id":6018,"date":"2026-02-12T12:33:55","date_gmt":"2026-02-12T11:33:55","guid":{"rendered":"https:\/\/rotary.zamosc.pl\/?page_id=6018"},"modified":"2026-03-20T14:02:55","modified_gmt":"2026-03-20T13:02:55","slug":"aktualnosci-3","status":"publish","type":"page","link":"https:\/\/rotary.zamosc.pl\/","title":{"rendered":"Aktualno\u015bci"},"content":{"rendered":"\t\t<div data-elementor-type=\"wp-page\" data-elementor-id=\"6018\" class=\"elementor elementor-6018\">\n\t\t\t\t\t\t<section class=\"elementor-section elementor-top-section elementor-element elementor-element-c8516a0 elementor-section-stretched elementor-section-boxed elementor-section-height-default elementor-section-height-default\" data-id=\"c8516a0\" data-element_type=\"section\" data-e-type=\"section\" data-settings=\"{&quot;stretch_section&quot;:&quot;section-stretched&quot;}\">\n\t\t\t\t\t\t<div class=\"elementor-container elementor-column-gap-default\">\n\t\t\t\t\t<div class=\"elementor-column elementor-col-33 elementor-top-column elementor-element elementor-element-2f54ab2\" data-id=\"2f54ab2\" data-element_type=\"column\" data-e-type=\"column\">\n\t\t\t<div class=\"elementor-widget-wrap elementor-element-populated\">\n\t\t\t\t\t\t<div class=\"elementor-element elementor-element-532f283 elementor-grid-eael-col-2 elementor-grid-tablet-eael-col-2 elementor-grid-mobile-eael-col-1 elementor-widget elementor-widget-eael-post-grid\" data-id=\"532f283\" data-element_type=\"widget\" data-e-type=\"widget\" data-settings=\"{&quot;eael_post_grid_columns&quot;:&quot;eael-col-2&quot;,&quot;eael_post_grid_columns_tablet&quot;:&quot;eael-col-2&quot;,&quot;eael_post_grid_columns_mobile&quot;:&quot;eael-col-1&quot;}\" data-widget_type=\"eael-post-grid.default\">\n\t\t\t\t<div class=\"elementor-widget-container\">\n\t\t\t\t\t<div id=\"eael-post-grid-532f283\" class=\"eael-post-grid-container\">\n            <div class=\"eael-post-grid eael-post-appender eael-post-appender-532f283 eael-post-grid-style-three\" data-layout-mode=\"grid\"><article class=\"eael-grid-post  eael-post-grid-column eael-pg-post-8361 category-2026\" data-id=\"8361\">\n        <div class=\"eael-grid-post-holder\">\n            <div class=\"eael-grid-post-holder-inner\"><div class=\"eael-entry-media\"><div class=\"eael-entry-overlay fade-in\"><i class=\"far fa-hand-pointer\" aria-hidden=\"true\"><\/i><a href=\"https:\/\/rotary.zamosc.pl\/index.php\/2026\/06\/30\/nowe-twarze-w-rc-zamosc\/\"><\/a><\/div><div class=\"eael-entry-thumbnail \">\n                 <img fetchpriority=\"high\" decoding=\"async\" width=\"700\" height=\"394\" src=\"https:\/\/rotary.zamosc.pl\/wp-content\/uploads\/2026\/07\/Nowe-twarze-RC-Zamosc-2026-1-768x432.jpg\" class=\"attachment-medium_large size-medium_large wp-image-8362\" alt=\"\" srcset=\"https:\/\/rotary.zamosc.pl\/wp-content\/uploads\/2026\/07\/Nowe-twarze-RC-Zamosc-2026-1-768x432.jpg 768w, https:\/\/rotary.zamosc.pl\/wp-content\/uploads\/2026\/07\/Nowe-twarze-RC-Zamosc-2026-1-300x169.jpg 300w, https:\/\/rotary.zamosc.pl\/wp-content\/uploads\/2026\/07\/Nowe-twarze-RC-Zamosc-2026-1-700x394.jpg 700w, https:\/\/rotary.zamosc.pl\/wp-content\/uploads\/2026\/07\/Nowe-twarze-RC-Zamosc-2026-1-1536x865.jpg 1536w, https:\/\/rotary.zamosc.pl\/wp-content\/uploads\/2026\/07\/Nowe-twarze-RC-Zamosc-2026-1-800x450.jpg 800w, https:\/\/rotary.zamosc.pl\/wp-content\/uploads\/2026\/07\/Nowe-twarze-RC-Zamosc-2026-1.jpg 2000w\" sizes=\"(max-width: 700px) 100vw, 700px\" \/>\n             <\/div>\n        <\/div><div class=\"eael-entry-wrapper\"><header class=\"eael-entry-header\"><h2 class=\"eael-entry-title\"><a class=\"eael-grid-post-link\" href=\"https:\/\/rotary.zamosc.pl\/index.php\/2026\/06\/30\/nowe-twarze-w-rc-zamosc\/\" title=\"Nowe twarze w RC Zamo\u015b\u0107\">Nowe twarze w RC Zamo\u015b\u0107<\/a><\/h2><\/header><div class=\"eael-entry-meta\"><span class=\"eael-posted-on\"><time datetime=\"30 czerwca 2026\">30 czerwca 2026<\/time><\/span><\/div><div class=\"eael-entry-content\">\n                        <div class=\"eael-grid-post-excerpt\"><p>Mi\u0142o nam poinformowa\u0107 i\u017c grono Rotary Club Zamo\u015b\u0107 ID 30379...<\/p><a href=\"https:\/\/rotary.zamosc.pl\/index.php\/2026\/06\/30\/nowe-twarze-w-rc-zamosc\/\" class=\"eael-post-elements-readmore-btn\">Czytaj wi\u0119cej...<\/a><\/div>\n                    <\/div><\/div><\/div>\n        <\/div>\n    <\/article><article class=\"eael-grid-post  eael-post-grid-column eael-pg-post-8354 category-2026-nagrody\" data-id=\"8354\">\n        <div class=\"eael-grid-post-holder\">\n            <div class=\"eael-grid-post-holder-inner\"><div class=\"eael-entry-media\"><div class=\"eael-entry-overlay fade-in\"><i class=\"far fa-hand-pointer\" aria-hidden=\"true\"><\/i><a href=\"https:\/\/rotary.zamosc.pl\/index.php\/2026\/06\/26\/nagroda-im-jana-bulewicza-wreczona\/\"><\/a><\/div><div class=\"eael-entry-thumbnail \">\n                 <img decoding=\"async\" width=\"590\" height=\"332\" src=\"https:\/\/rotary.zamosc.pl\/wp-content\/uploads\/2026\/07\/Nagroda-im.-Jana-Bulewicza-wreczona-06-1.jpg\" class=\"attachment-medium_large size-medium_large wp-image-8355\" alt=\"\" srcset=\"https:\/\/rotary.zamosc.pl\/wp-content\/uploads\/2026\/07\/Nagroda-im.-Jana-Bulewicza-wreczona-06-1.jpg 590w, https:\/\/rotary.zamosc.pl\/wp-content\/uploads\/2026\/07\/Nagroda-im.-Jana-Bulewicza-wreczona-06-1-300x169.jpg 300w\" sizes=\"(max-width: 590px) 100vw, 590px\" \/>\n             <\/div>\n        <\/div><div class=\"eael-entry-wrapper\"><header class=\"eael-entry-header\"><h2 class=\"eael-entry-title\"><a class=\"eael-grid-post-link\" href=\"https:\/\/rotary.zamosc.pl\/index.php\/2026\/06\/26\/nagroda-im-jana-bulewicza-wreczona\/\" title=\"Nagroda im. Jana Bulewicza wr\u0119czona\">Nagroda im. Jana Bulewicza wr\u0119czona<\/a><\/h2><\/header><div class=\"eael-entry-meta\"><span class=\"eael-posted-on\"><time datetime=\"26 czerwca 2026\">26 czerwca 2026<\/time><\/span><\/div><div class=\"eael-entry-content\">\n                        <div class=\"eael-grid-post-excerpt\"><p>26 czerwca w Pa\u0144stwowym Liceum Sztuk Plastycznych w Zamo\u015bciu odby\u0142a...<\/p><a href=\"https:\/\/rotary.zamosc.pl\/index.php\/2026\/06\/26\/nagroda-im-jana-bulewicza-wreczona\/\" class=\"eael-post-elements-readmore-btn\">Czytaj wi\u0119cej...<\/a><\/div>\n                    <\/div><\/div><\/div>\n        <\/div>\n    <\/article><article class=\"eael-grid-post  eael-post-grid-column eael-pg-post-8350 category-2026-przekazania-wladzy\" data-id=\"8350\">\n        <div class=\"eael-grid-post-holder\">\n            <div class=\"eael-grid-post-holder-inner\"><div class=\"eael-entry-media\"><div class=\"eael-entry-overlay fade-in\"><i class=\"far fa-hand-pointer\" aria-hidden=\"true\"><\/i><a href=\"https:\/\/rotary.zamosc.pl\/index.php\/2026\/06\/23\/przekazanie-sluzby-w-rc-zamosc-2026-2027\/\"><\/a><\/div><div class=\"eael-entry-thumbnail \">\n                 <img decoding=\"async\" width=\"700\" height=\"525\" src=\"https:\/\/rotary.zamosc.pl\/wp-content\/uploads\/2026\/07\/Przekazanie-wladzy-2026_2027-2-768x576.jpg\" class=\"attachment-medium_large size-medium_large wp-image-8351\" alt=\"\" srcset=\"https:\/\/rotary.zamosc.pl\/wp-content\/uploads\/2026\/07\/Przekazanie-wladzy-2026_2027-2-768x576.jpg 768w, https:\/\/rotary.zamosc.pl\/wp-content\/uploads\/2026\/07\/Przekazanie-wladzy-2026_2027-2-300x225.jpg 300w, https:\/\/rotary.zamosc.pl\/wp-content\/uploads\/2026\/07\/Przekazanie-wladzy-2026_2027-2-700x525.jpg 700w, https:\/\/rotary.zamosc.pl\/wp-content\/uploads\/2026\/07\/Przekazanie-wladzy-2026_2027-2-1536x1152.jpg 1536w, https:\/\/rotary.zamosc.pl\/wp-content\/uploads\/2026\/07\/Przekazanie-wladzy-2026_2027-2-800x600.jpg 800w, https:\/\/rotary.zamosc.pl\/wp-content\/uploads\/2026\/07\/Przekazanie-wladzy-2026_2027-2-80x60.jpg 80w, https:\/\/rotary.zamosc.pl\/wp-content\/uploads\/2026\/07\/Przekazanie-wladzy-2026_2027-2.jpg 1600w\" sizes=\"(max-width: 700px) 100vw, 700px\" \/>\n             <\/div>\n        <\/div><div class=\"eael-entry-wrapper\"><header class=\"eael-entry-header\"><h2 class=\"eael-entry-title\"><a class=\"eael-grid-post-link\" href=\"https:\/\/rotary.zamosc.pl\/index.php\/2026\/06\/23\/przekazanie-sluzby-w-rc-zamosc-2026-2027\/\" title=\"Przekazanie s\u0142u\u017cby w RC Zamo\u015b\u0107 2026\/2027\">Przekazanie s\u0142u\u017cby w RC Zamo\u015b\u0107 2026\/2027<\/a><\/h2><\/header><div class=\"eael-entry-meta\"><span class=\"eael-posted-on\"><time datetime=\"23 czerwca 2026\">23 czerwca 2026<\/time><\/span><\/div><div class=\"eael-entry-content\">\n                        <div class=\"eael-grid-post-excerpt\"><p>Dobiega ko\u0144ca rotaria\u0144ski rok 2025\/26. Zaszczytn\u0105 funkcj\u0119 Prezydenta pe\u0142ni\u0142 Ryszard...<\/p><a href=\"https:\/\/rotary.zamosc.pl\/index.php\/2026\/06\/23\/przekazanie-sluzby-w-rc-zamosc-2026-2027\/\" class=\"eael-post-elements-readmore-btn\">Czytaj wi\u0119cej...<\/a><\/div>\n                    <\/div><\/div><\/div>\n        <\/div>\n    <\/article><article class=\"eael-grid-post  eael-post-grid-column eael-pg-post-8320 category-2026\" data-id=\"8320\">\n        <div class=\"eael-grid-post-holder\">\n            <div class=\"eael-grid-post-holder-inner\"><div class=\"eael-entry-media\"><div class=\"eael-entry-overlay fade-in\"><i class=\"far fa-hand-pointer\" aria-hidden=\"true\"><\/i><a href=\"https:\/\/rotary.zamosc.pl\/index.php\/2026\/06\/03\/turniej-golfowy-residents-cup\/\"><\/a><\/div><div class=\"eael-entry-thumbnail \">\n                 <img loading=\"lazy\" decoding=\"async\" width=\"700\" height=\"525\" src=\"https:\/\/rotary.zamosc.pl\/wp-content\/uploads\/2026\/07\/Turniej-Golfowy-Residents-Cup-2026-768x576.jpg\" class=\"attachment-medium_large size-medium_large wp-image-8321\" alt=\"\" srcset=\"https:\/\/rotary.zamosc.pl\/wp-content\/uploads\/2026\/07\/Turniej-Golfowy-Residents-Cup-2026-768x576.jpg 768w, https:\/\/rotary.zamosc.pl\/wp-content\/uploads\/2026\/07\/Turniej-Golfowy-Residents-Cup-2026-300x225.jpg 300w, https:\/\/rotary.zamosc.pl\/wp-content\/uploads\/2026\/07\/Turniej-Golfowy-Residents-Cup-2026-700x525.jpg 700w, https:\/\/rotary.zamosc.pl\/wp-content\/uploads\/2026\/07\/Turniej-Golfowy-Residents-Cup-2026-1536x1152.jpg 1536w, https:\/\/rotary.zamosc.pl\/wp-content\/uploads\/2026\/07\/Turniej-Golfowy-Residents-Cup-2026-800x600.jpg 800w, https:\/\/rotary.zamosc.pl\/wp-content\/uploads\/2026\/07\/Turniej-Golfowy-Residents-Cup-2026-80x60.jpg 80w, https:\/\/rotary.zamosc.pl\/wp-content\/uploads\/2026\/07\/Turniej-Golfowy-Residents-Cup-2026.jpg 2000w\" sizes=\"(max-width: 700px) 100vw, 700px\" \/>\n             <\/div>\n        <\/div><div class=\"eael-entry-wrapper\"><header class=\"eael-entry-header\"><h2 class=\"eael-entry-title\"><a class=\"eael-grid-post-link\" href=\"https:\/\/rotary.zamosc.pl\/index.php\/2026\/06\/03\/turniej-golfowy-residents-cup\/\" title=\"Turniej Golfowy Residents Cup\">Turniej Golfowy Residents Cup<\/a><\/h2><\/header><div class=\"eael-entry-meta\"><span class=\"eael-posted-on\"><time datetime=\"3 czerwca 2026\">3 czerwca 2026<\/time><\/span><\/div><div class=\"eael-entry-content\">\n                        <div class=\"eael-grid-post-excerpt\"><p>Mi\u0142o nam poinformowa\u0107, i\u017c 20 czerwca w Sobieniach Kr\u00f3lewskich pod...<\/p><a href=\"https:\/\/rotary.zamosc.pl\/index.php\/2026\/06\/03\/turniej-golfowy-residents-cup\/\" class=\"eael-post-elements-readmore-btn\">Czytaj wi\u0119cej...<\/a><\/div>\n                    <\/div><\/div><\/div>\n        <\/div>\n    <\/article><article class=\"eael-grid-post  eael-post-grid-column eael-pg-post-8323 category-2026-pomoc-ukrainie\" data-id=\"8323\">\n        <div class=\"eael-grid-post-holder\">\n            <div class=\"eael-grid-post-holder-inner\"><div class=\"eael-entry-media\"><div class=\"eael-entry-overlay fade-in\"><i class=\"far fa-hand-pointer\" aria-hidden=\"true\"><\/i><a href=\"https:\/\/rotary.zamosc.pl\/index.php\/2026\/05\/29\/10-lat-wspolpracy-rc-rotary-club-zamosc-id-30379-z-towarzystwem-kultury-polskiej-pokucie-i-polska-sobotnia-szkola-im-st-vincenza-w-ukrainie\/\"><\/a><\/div><div class=\"eael-entry-thumbnail \">\n                 <img loading=\"lazy\" decoding=\"async\" width=\"700\" height=\"547\" src=\"https:\/\/rotary.zamosc.pl\/wp-content\/uploads\/2026\/07\/10-lat-wspolpracy-RC-Rotary-Club-Zamosc-ID-30379-z-Towarzystwem-Kultury-Polskiej-Pokucie-i-Polska-Sobotnia-Szkola-im.-St.-Vincenza-w-Ukrainie-1-768x600.jpg\" class=\"attachment-medium_large size-medium_large wp-image-8324\" alt=\"\" srcset=\"https:\/\/rotary.zamosc.pl\/wp-content\/uploads\/2026\/07\/10-lat-wspolpracy-RC-Rotary-Club-Zamosc-ID-30379-z-Towarzystwem-Kultury-Polskiej-Pokucie-i-Polska-Sobotnia-Szkola-im.-St.-Vincenza-w-Ukrainie-1-768x600.jpg 768w, https:\/\/rotary.zamosc.pl\/wp-content\/uploads\/2026\/07\/10-lat-wspolpracy-RC-Rotary-Club-Zamosc-ID-30379-z-Towarzystwem-Kultury-Polskiej-Pokucie-i-Polska-Sobotnia-Szkola-im.-St.-Vincenza-w-Ukrainie-1-300x234.jpg 300w, https:\/\/rotary.zamosc.pl\/wp-content\/uploads\/2026\/07\/10-lat-wspolpracy-RC-Rotary-Club-Zamosc-ID-30379-z-Towarzystwem-Kultury-Polskiej-Pokucie-i-Polska-Sobotnia-Szkola-im.-St.-Vincenza-w-Ukrainie-1-700x547.jpg 700w, https:\/\/rotary.zamosc.pl\/wp-content\/uploads\/2026\/07\/10-lat-wspolpracy-RC-Rotary-Club-Zamosc-ID-30379-z-Towarzystwem-Kultury-Polskiej-Pokucie-i-Polska-Sobotnia-Szkola-im.-St.-Vincenza-w-Ukrainie-1-1536x1200.jpg 1536w, https:\/\/rotary.zamosc.pl\/wp-content\/uploads\/2026\/07\/10-lat-wspolpracy-RC-Rotary-Club-Zamosc-ID-30379-z-Towarzystwem-Kultury-Polskiej-Pokucie-i-Polska-Sobotnia-Szkola-im.-St.-Vincenza-w-Ukrainie-1-800x625.jpg 800w, https:\/\/rotary.zamosc.pl\/wp-content\/uploads\/2026\/07\/10-lat-wspolpracy-RC-Rotary-Club-Zamosc-ID-30379-z-Towarzystwem-Kultury-Polskiej-Pokucie-i-Polska-Sobotnia-Szkola-im.-St.-Vincenza-w-Ukrainie-1.jpg 1600w\" sizes=\"(max-width: 700px) 100vw, 700px\" \/>\n             <\/div>\n        <\/div><div class=\"eael-entry-wrapper\"><header class=\"eael-entry-header\"><h2 class=\"eael-entry-title\"><a class=\"eael-grid-post-link\" href=\"https:\/\/rotary.zamosc.pl\/index.php\/2026\/05\/29\/10-lat-wspolpracy-rc-rotary-club-zamosc-id-30379-z-towarzystwem-kultury-polskiej-pokucie-i-polska-sobotnia-szkola-im-st-vincenza-w-ukrainie\/\" title=\"10 lat wsp\u00f3\u0142pracy RC Rotary Club Zamo\u015b\u0107 ID 30379 z Towarzystwem Kultury Polskiej &#8222;Pokucie&#8221; i Polsk\u0105 Sobotni\u0105 Szko\u0142\u0105 im. St. Vincenza w Ukrainie\">10 lat wsp\u00f3\u0142pracy RC Rotary Club Zamo\u015b\u0107 ID 30379 z Towarzystwem Kultury Polskiej &#8222;Pokucie&#8221; i Polsk\u0105 Sobotni\u0105 Szko\u0142\u0105 im. St. Vincenza w Ukrainie<\/a><\/h2><\/header><div class=\"eael-entry-meta\"><span class=\"eael-posted-on\"><time datetime=\"29 maja 2026\">29 maja 2026<\/time><\/span><\/div><div class=\"eael-entry-content\">\n                        <div class=\"eael-grid-post-excerpt\"><p>W dniach 29-30 maja br. Rotarianie z naszego klubu: A....<\/p><a href=\"https:\/\/rotary.zamosc.pl\/index.php\/2026\/05\/29\/10-lat-wspolpracy-rc-rotary-club-zamosc-id-30379-z-towarzystwem-kultury-polskiej-pokucie-i-polska-sobotnia-szkola-im-st-vincenza-w-ukrainie\/\" class=\"eael-post-elements-readmore-btn\">Czytaj wi\u0119cej...<\/a><\/div>\n                    <\/div><\/div><\/div>\n        <\/div>\n    <\/article><article class=\"eael-grid-post  eael-post-grid-column eael-pg-post-8285 category-2026\" data-id=\"8285\">\n        <div class=\"eael-grid-post-holder\">\n            <div class=\"eael-grid-post-holder-inner\"><div class=\"eael-entry-media\"><div class=\"eael-entry-overlay fade-in\"><i class=\"far fa-hand-pointer\" aria-hidden=\"true\"><\/i><a href=\"https:\/\/rotary.zamosc.pl\/index.php\/2026\/05\/20\/zarybianie-jeziora-swietego-w-obrze\/\"><\/a><\/div><div class=\"eael-entry-thumbnail \">\n                 <img loading=\"lazy\" decoding=\"async\" width=\"700\" height=\"324\" src=\"https:\/\/rotary.zamosc.pl\/wp-content\/uploads\/2026\/05\/Zarybianie-Jeziora-Swietego-w-Obrze-2026-3-768x355.jpg\" class=\"attachment-medium_large size-medium_large wp-image-8286\" alt=\"\" srcset=\"https:\/\/rotary.zamosc.pl\/wp-content\/uploads\/2026\/05\/Zarybianie-Jeziora-Swietego-w-Obrze-2026-3-768x355.jpg 768w, https:\/\/rotary.zamosc.pl\/wp-content\/uploads\/2026\/05\/Zarybianie-Jeziora-Swietego-w-Obrze-2026-3-300x139.jpg 300w, https:\/\/rotary.zamosc.pl\/wp-content\/uploads\/2026\/05\/Zarybianie-Jeziora-Swietego-w-Obrze-2026-3-700x323.jpg 700w, https:\/\/rotary.zamosc.pl\/wp-content\/uploads\/2026\/05\/Zarybianie-Jeziora-Swietego-w-Obrze-2026-3-1536x710.jpg 1536w, https:\/\/rotary.zamosc.pl\/wp-content\/uploads\/2026\/05\/Zarybianie-Jeziora-Swietego-w-Obrze-2026-3-800x370.jpg 800w, https:\/\/rotary.zamosc.pl\/wp-content\/uploads\/2026\/05\/Zarybianie-Jeziora-Swietego-w-Obrze-2026-3.jpg 2000w\" sizes=\"(max-width: 700px) 100vw, 700px\" \/>\n             <\/div>\n        <\/div><div class=\"eael-entry-wrapper\"><header class=\"eael-entry-header\"><h2 class=\"eael-entry-title\"><a class=\"eael-grid-post-link\" href=\"https:\/\/rotary.zamosc.pl\/index.php\/2026\/05\/20\/zarybianie-jeziora-swietego-w-obrze\/\" title=\"Zarybianie Jeziora \u015awi\u0119tego w Obrze\">Zarybianie Jeziora \u015awi\u0119tego w Obrze<\/a><\/h2><\/header><div class=\"eael-entry-meta\"><span class=\"eael-posted-on\"><time datetime=\"20 maja 2026\">20 maja 2026<\/time><\/span><\/div><div class=\"eael-entry-content\">\n                        <div class=\"eael-grid-post-excerpt\"><p>Mi\u0142o nam poinformowa\u0107, i\u017c po raz kolejny wsparli\u015bmy projekt zarybiania...<\/p><a href=\"https:\/\/rotary.zamosc.pl\/index.php\/2026\/05\/20\/zarybianie-jeziora-swietego-w-obrze\/\" class=\"eael-post-elements-readmore-btn\">Czytaj wi\u0119cej...<\/a><\/div>\n                    <\/div><\/div><\/div>\n        <\/div>\n    <\/article><article class=\"eael-grid-post  eael-post-grid-column eael-pg-post-8246 category-2026\" data-id=\"8246\">\n        <div class=\"eael-grid-post-holder\">\n            <div class=\"eael-grid-post-holder-inner\"><div class=\"eael-entry-media\"><div class=\"eael-entry-overlay fade-in\"><i class=\"far fa-hand-pointer\" aria-hidden=\"true\"><\/i><a href=\"https:\/\/rotary.zamosc.pl\/index.php\/2026\/05\/03\/235-rocznica-uchwalenia-konstytucji-3-maja\/\"><\/a><\/div><div class=\"eael-entry-thumbnail \">\n                 <img loading=\"lazy\" decoding=\"async\" width=\"700\" height=\"527\" src=\"https:\/\/rotary.zamosc.pl\/wp-content\/uploads\/2026\/05\/235-rocznica-uchwalenia-Konstytucji-3-Maja-2026-2-768x578.jpg\" class=\"attachment-medium_large size-medium_large wp-image-8247\" alt=\"\" srcset=\"https:\/\/rotary.zamosc.pl\/wp-content\/uploads\/2026\/05\/235-rocznica-uchwalenia-Konstytucji-3-Maja-2026-2-768x578.jpg 768w, https:\/\/rotary.zamosc.pl\/wp-content\/uploads\/2026\/05\/235-rocznica-uchwalenia-Konstytucji-3-Maja-2026-2-300x226.jpg 300w, https:\/\/rotary.zamosc.pl\/wp-content\/uploads\/2026\/05\/235-rocznica-uchwalenia-Konstytucji-3-Maja-2026-2-700x527.jpg 700w, https:\/\/rotary.zamosc.pl\/wp-content\/uploads\/2026\/05\/235-rocznica-uchwalenia-Konstytucji-3-Maja-2026-2-1536x1157.jpg 1536w, https:\/\/rotary.zamosc.pl\/wp-content\/uploads\/2026\/05\/235-rocznica-uchwalenia-Konstytucji-3-Maja-2026-2-800x602.jpg 800w, https:\/\/rotary.zamosc.pl\/wp-content\/uploads\/2026\/05\/235-rocznica-uchwalenia-Konstytucji-3-Maja-2026-2-80x60.jpg 80w, https:\/\/rotary.zamosc.pl\/wp-content\/uploads\/2026\/05\/235-rocznica-uchwalenia-Konstytucji-3-Maja-2026-2.jpg 2040w\" sizes=\"(max-width: 700px) 100vw, 700px\" \/>\n             <\/div>\n        <\/div><div class=\"eael-entry-wrapper\"><header class=\"eael-entry-header\"><h2 class=\"eael-entry-title\"><a class=\"eael-grid-post-link\" href=\"https:\/\/rotary.zamosc.pl\/index.php\/2026\/05\/03\/235-rocznica-uchwalenia-konstytucji-3-maja\/\" title=\"235 rocznica uchwalenia Konstytucji 3 Maja\">235 rocznica uchwalenia Konstytucji 3 Maja<\/a><\/h2><\/header><div class=\"eael-entry-meta\"><span class=\"eael-posted-on\"><time datetime=\"3 maja 2026\">3 maja 2026<\/time><\/span><\/div><div class=\"eael-entry-content\">\n                        <div class=\"eael-grid-post-excerpt\"><p>Delegacja Rotary Club Zamo\u015b\u0107 ID 30379 w sk\u0142adzie: Ryszard Antos...<\/p><a href=\"https:\/\/rotary.zamosc.pl\/index.php\/2026\/05\/03\/235-rocznica-uchwalenia-konstytucji-3-maja\/\" class=\"eael-post-elements-readmore-btn\">Czytaj wi\u0119cej...<\/a><\/div>\n                    <\/div><\/div><\/div>\n        <\/div>\n    <\/article><article class=\"eael-grid-post  eael-post-grid-column eael-pg-post-8291 category-2026\" data-id=\"8291\">\n        <div class=\"eael-grid-post-holder\">\n            <div class=\"eael-grid-post-holder-inner\"><div class=\"eael-entry-media\"><div class=\"eael-entry-overlay fade-in\"><i class=\"far fa-hand-pointer\" aria-hidden=\"true\"><\/i><a href=\"https:\/\/rotary.zamosc.pl\/index.php\/2026\/04\/30\/ix-edycja-zielone-pluca-dla-zamoscia-kontynuacja\/\"><\/a><\/div><div class=\"eael-entry-thumbnail \">\n                 <img loading=\"lazy\" decoding=\"async\" width=\"700\" height=\"468\" src=\"https:\/\/rotary.zamosc.pl\/wp-content\/uploads\/2026\/05\/IX-edycja-Zielone-pluca-dla-Zamosciakontynuacja-04-5-768x513.jpg\" class=\"attachment-medium_large size-medium_large wp-image-8296\" alt=\"\" srcset=\"https:\/\/rotary.zamosc.pl\/wp-content\/uploads\/2026\/05\/IX-edycja-Zielone-pluca-dla-Zamosciakontynuacja-04-5-768x513.jpg 768w, https:\/\/rotary.zamosc.pl\/wp-content\/uploads\/2026\/05\/IX-edycja-Zielone-pluca-dla-Zamosciakontynuacja-04-5-300x201.jpg 300w, https:\/\/rotary.zamosc.pl\/wp-content\/uploads\/2026\/05\/IX-edycja-Zielone-pluca-dla-Zamosciakontynuacja-04-5-700x468.jpg 700w, https:\/\/rotary.zamosc.pl\/wp-content\/uploads\/2026\/05\/IX-edycja-Zielone-pluca-dla-Zamosciakontynuacja-04-5-1536x1027.jpg 1536w, https:\/\/rotary.zamosc.pl\/wp-content\/uploads\/2026\/05\/IX-edycja-Zielone-pluca-dla-Zamosciakontynuacja-04-5-800x535.jpg 800w, https:\/\/rotary.zamosc.pl\/wp-content\/uploads\/2026\/05\/IX-edycja-Zielone-pluca-dla-Zamosciakontynuacja-04-5-272x182.jpg 272w, https:\/\/rotary.zamosc.pl\/wp-content\/uploads\/2026\/05\/IX-edycja-Zielone-pluca-dla-Zamosciakontynuacja-04-5.jpg 2048w\" sizes=\"(max-width: 700px) 100vw, 700px\" \/>\n             <\/div>\n        <\/div><div class=\"eael-entry-wrapper\"><header class=\"eael-entry-header\"><h2 class=\"eael-entry-title\"><a class=\"eael-grid-post-link\" href=\"https:\/\/rotary.zamosc.pl\/index.php\/2026\/04\/30\/ix-edycja-zielone-pluca-dla-zamoscia-kontynuacja\/\" title=\"IX edycja &#8222;Zielone p\u0142uca dla Zamo\u015bcia&#8221; &#8211; kontynuacja.\">IX edycja &#8222;Zielone p\u0142uca dla Zamo\u015bcia&#8221; &#8211; kontynuacja.<\/a><\/h2><\/header><div class=\"eael-entry-meta\"><span class=\"eael-posted-on\"><time datetime=\"30 kwietnia 2026\">30 kwietnia 2026<\/time><\/span><\/div><div class=\"eael-entry-content\">\n                        <div class=\"eael-grid-post-excerpt\"><p>Pod koniec kwietnia br. posadzili\u015bmy 30 drzew w IX ju\u017c...<\/p><a href=\"https:\/\/rotary.zamosc.pl\/index.php\/2026\/04\/30\/ix-edycja-zielone-pluca-dla-zamoscia-kontynuacja\/\" class=\"eael-post-elements-readmore-btn\">Czytaj wi\u0119cej...<\/a><\/div>\n                    <\/div><\/div><\/div>\n        <\/div>\n    <\/article><article class=\"eael-grid-post  eael-post-grid-column eael-pg-post-8230 category-2026\" data-id=\"8230\">\n        <div class=\"eael-grid-post-holder\">\n            <div class=\"eael-grid-post-holder-inner\"><div class=\"eael-entry-media\"><div class=\"eael-entry-overlay fade-in\"><i class=\"far fa-hand-pointer\" aria-hidden=\"true\"><\/i><a href=\"https:\/\/rotary.zamosc.pl\/index.php\/2026\/04\/23\/zielone-pluca-dla-zamoscia-ix-edycja\/\"><\/a><\/div><div class=\"eael-entry-thumbnail \">\n                 <img loading=\"lazy\" decoding=\"async\" width=\"700\" height=\"322\" src=\"https:\/\/rotary.zamosc.pl\/wp-content\/uploads\/2026\/04\/Zielone-pluca-dla-Zamoscia-IX-edycja-23.04-8-768x353.jpg\" class=\"attachment-medium_large size-medium_large wp-image-8238\" alt=\"\" srcset=\"https:\/\/rotary.zamosc.pl\/wp-content\/uploads\/2026\/04\/Zielone-pluca-dla-Zamoscia-IX-edycja-23.04-8-768x353.jpg 768w, https:\/\/rotary.zamosc.pl\/wp-content\/uploads\/2026\/04\/Zielone-pluca-dla-Zamoscia-IX-edycja-23.04-8-300x138.jpg 300w, https:\/\/rotary.zamosc.pl\/wp-content\/uploads\/2026\/04\/Zielone-pluca-dla-Zamoscia-IX-edycja-23.04-8-700x322.jpg 700w, https:\/\/rotary.zamosc.pl\/wp-content\/uploads\/2026\/04\/Zielone-pluca-dla-Zamoscia-IX-edycja-23.04-8-1536x707.jpg 1536w, https:\/\/rotary.zamosc.pl\/wp-content\/uploads\/2026\/04\/Zielone-pluca-dla-Zamoscia-IX-edycja-23.04-8-800x368.jpg 800w, https:\/\/rotary.zamosc.pl\/wp-content\/uploads\/2026\/04\/Zielone-pluca-dla-Zamoscia-IX-edycja-23.04-8.jpg 1600w\" sizes=\"(max-width: 700px) 100vw, 700px\" \/>\n             <\/div>\n        <\/div><div class=\"eael-entry-wrapper\"><header class=\"eael-entry-header\"><h2 class=\"eael-entry-title\"><a class=\"eael-grid-post-link\" href=\"https:\/\/rotary.zamosc.pl\/index.php\/2026\/04\/23\/zielone-pluca-dla-zamoscia-ix-edycja\/\" title=\"&#8222;Zielone p\u0142uca dla Zamo\u015bcia&#8221; &#8211; IX edycja.\">&#8222;Zielone p\u0142uca dla Zamo\u015bcia&#8221; &#8211; IX edycja.<\/a><\/h2><\/header><div class=\"eael-entry-meta\"><span class=\"eael-posted-on\"><time datetime=\"23 kwietnia 2026\">23 kwietnia 2026<\/time><\/span><\/div><div class=\"eael-entry-content\">\n                        <div class=\"eael-grid-post-excerpt\"><p>Dzisiaj rotarianie z Rotary Club Zamo\u015b\u0107 ju\u017c po raz dziewi\u0105ty...<\/p><a href=\"https:\/\/rotary.zamosc.pl\/index.php\/2026\/04\/23\/zielone-pluca-dla-zamoscia-ix-edycja\/\" class=\"eael-post-elements-readmore-btn\">Czytaj wi\u0119cej...<\/a><\/div>\n                    <\/div><\/div><\/div>\n        <\/div>\n    <\/article><\/div>\n            <div class=\"clearfix\"><\/div>\n        <\/div>            <div class=\"eael-load-more-button-wrap eael-infinity-scroll\" data-offset=\"-200\">\n                <button class=\"eael-load-more-button\" id=\"eael-load-more-btn-532f283\" data-widget-id=\"532f283\" data-widget=\"532f283\" data-page-id=\"6018\" data-template=\"{&quot;dir&quot;:&quot;lite&quot;,&quot;file_name&quot;:&quot;three.php&quot;,&quot;name&quot;:&quot;Post-Grid&quot;}\" data-class=\"Essential_Addons_Elementor\\Elements\\Post_Grid\" data-layout=\"grid\" data-page=\"1\" data-args=\"orderby=date&amp;order=desc&amp;ignore_sticky_posts=1&amp;post_status=publish&amp;posts_per_page=9&amp;offset=0&amp;post_type=post&amp;tax_query%5B0%5D%5Btaxonomy%5D=category&amp;tax_query%5B0%5D%5Bfield%5D=term_id&amp;tax_query%5B0%5D%5Bterms%5D%5B0%5D=19&amp;tax_query%5B0%5D%5Bterms%5D%5B1%5D=20&amp;tax_query%5B0%5D%5Bterms%5D%5B2%5D=10&amp;tax_query%5B0%5D%5Bterms%5D%5B3%5D=11&amp;tax_query%5B0%5D%5Bterms%5D%5B4%5D=13&amp;tax_query%5Brelation%5D=AND\" data-max-page=\"17\">\n                    <span class=\"eael-btn-loader button__loader\"><\/span>\n                    <span class=\"eael_load_more_text\">Za\u0142aduj wi\u0119cej...<\/span>\n                <\/button>\n            <\/div>\n            \t\t\t\t<\/div>\n\t\t\t\t<\/div>\n\t\t\t\t\t<\/div>\n\t\t<\/div>\n\t\t\t\t<div class=\"elementor-column elementor-col-33 elementor-top-column elementor-element elementor-element-bab9f1d\" data-id=\"bab9f1d\" data-element_type=\"column\" data-e-type=\"column\" data-settings=\"{&quot;background_background&quot;:&quot;classic&quot;}\">\n\t\t\t<div class=\"elementor-widget-wrap\">\n\t\t\t\t\t\t\t<\/div>\n\t\t<\/div>\n\t\t\t\t<div class=\"elementor-column elementor-col-33 elementor-top-column elementor-element elementor-element-7f24ad8\" data-id=\"7f24ad8\" data-element_type=\"column\" data-e-type=\"column\">\n\t\t\t<div class=\"elementor-widget-wrap elementor-element-populated\">\n\t\t\t\t\t\t<div class=\"elementor-element elementor-element-8588560 elementor-widget__width-inherit elementor-widget elementor-widget-wp-widget-categories\" data-id=\"8588560\" data-element_type=\"widget\" data-e-type=\"widget\" data-widget_type=\"wp-widget-categories.default\">\n\t\t\t\t<div class=\"elementor-widget-container\">\n\t\t\t\t\t<h5>Kategorie<\/h5><form action=\"https:\/\/rotary.zamosc.pl\" method=\"get\"><label class=\"screen-reader-text\" for=\"cat\">Kategorie<\/label><select  name='cat' id='cat' class='postform'>\n\t<option value='-1'>Wybierz kategori\u0119<\/option>\n\t<option class=\"level-0\" value=\"20\">2026&nbsp;&nbsp;(15)<\/option>\n\t<option class=\"level-0\" value=\"19\">2025&nbsp;&nbsp;(30)<\/option>\n\t<option class=\"level-0\" value=\"10\">2024&nbsp;&nbsp;(29)<\/option>\n\t<option class=\"level-0\" value=\"11\">2023&nbsp;&nbsp;(42)<\/option>\n\t<option class=\"level-0\" value=\"13\">2022&nbsp;&nbsp;(34)<\/option>\n\t<option class=\"level-0\" value=\"14\">2021&nbsp;&nbsp;(23)<\/option>\n\t<option class=\"level-0\" value=\"15\">2020&nbsp;&nbsp;(24)<\/option>\n\t<option class=\"level-0\" value=\"23\">2019&nbsp;&nbsp;(19)<\/option>\n\t<option class=\"level-0\" value=\"24\">2018&nbsp;&nbsp;(22)<\/option>\n\t<option class=\"level-0\" value=\"25\">2017&nbsp;&nbsp;(24)<\/option>\n\t<option class=\"level-0\" value=\"26\">2016&nbsp;&nbsp;(28)<\/option>\n\t<option class=\"level-0\" value=\"27\">2015&nbsp;&nbsp;(22)<\/option>\n\t<option class=\"level-0\" value=\"29\">2011&nbsp;&nbsp;(3)<\/option>\n\t<option class=\"level-0\" value=\"30\">2010&nbsp;&nbsp;(6)<\/option>\n\t<option class=\"level-0\" value=\"31\">2009&nbsp;&nbsp;(10)<\/option>\n\t<option class=\"level-0\" value=\"32\">2008&nbsp;&nbsp;(5)<\/option>\n\t<option class=\"level-0\" value=\"33\">2007&nbsp;&nbsp;(8)<\/option>\n\t<option class=\"level-0\" value=\"34\">2006&nbsp;&nbsp;(6)<\/option>\n\t<option class=\"level-0\" value=\"35\">2005&nbsp;&nbsp;(2)<\/option>\n\t<option class=\"level-0\" value=\"36\">2004&nbsp;&nbsp;(3)<\/option>\n\t<option class=\"level-0\" value=\"38\">2003&nbsp;&nbsp;(2)<\/option>\n\t<option class=\"level-0\" value=\"37\">2002&nbsp;&nbsp;(5)<\/option>\n\t<option class=\"level-0\" value=\"39\">2001&nbsp;&nbsp;(2)<\/option>\n\t<option class=\"level-0\" value=\"40\">2000&nbsp;&nbsp;(7)<\/option>\n\t<option class=\"level-0\" value=\"41\">1999&nbsp;&nbsp;(5)<\/option>\n\t<option class=\"level-0\" value=\"42\">1998&nbsp;&nbsp;(3)<\/option>\n\t<option class=\"level-0\" value=\"43\">1997&nbsp;&nbsp;(4)<\/option>\n\t<option class=\"level-0\" value=\"44\">1996&nbsp;&nbsp;(7)<\/option>\n\t<option class=\"level-0\" value=\"45\">1995&nbsp;&nbsp;(4)<\/option>\n\t<option class=\"level-0\" value=\"46\">1994&nbsp;&nbsp;(2)<\/option>\n\t<option class=\"level-0\" value=\"22\">Seminaria&nbsp;&nbsp;(9)<\/option>\n\t<option class=\"level-0\" value=\"17\">Stypendia&nbsp;&nbsp;(27)<\/option>\n\t<option class=\"level-0\" value=\"12\">Pomoc Ukrainie&nbsp;&nbsp;(30)<\/option>\n\t<option class=\"level-0\" value=\"21\">Przekazania w\u0142adzy&nbsp;&nbsp;(16)<\/option>\n\t<option class=\"level-0\" value=\"16\">Nagrody&nbsp;&nbsp;(2)<\/option>\n<\/select>\n<\/form><script>\n( ( dropdownId ) => {\n\tconst dropdown = document.getElementById( dropdownId );\n\tfunction onSelectChange() {\n\t\tsetTimeout( () => {\n\t\t\tif ( 'escape' === dropdown.dataset.lastkey ) {\n\t\t\t\treturn;\n\t\t\t}\n\t\t\tif ( dropdown.value && parseInt( dropdown.value ) > 0 && dropdown instanceof HTMLSelectElement ) {\n\t\t\t\tdropdown.parentElement.submit();\n\t\t\t}\n\t\t}, 250 );\n\t}\n\tfunction onKeyUp( event ) {\n\t\tif ( 'Escape' === event.key ) {\n\t\t\tdropdown.dataset.lastkey = 'escape';\n\t\t} else {\n\t\t\tdelete dropdown.dataset.lastkey;\n\t\t}\n\t}\n\tfunction onClick() {\n\t\tdelete dropdown.dataset.lastkey;\n\t}\n\tdropdown.addEventListener( 'keyup', onKeyUp );\n\tdropdown.addEventListener( 'click', onClick );\n\tdropdown.addEventListener( 'change', onSelectChange );\n})( \"cat\" );\n\n\/\/# sourceURL=WP_Widget_Categories%3A%3Awidget\n<\/script>\n\t\t\t\t<\/div>\n\t\t\t\t<\/div>\n\t\t\t\t<div class=\"elementor-element elementor-element-e1d3ccd elementor-widget-divider--view-line elementor-widget elementor-widget-divider\" data-id=\"e1d3ccd\" data-element_type=\"widget\" data-e-type=\"widget\" data-widget_type=\"divider.default\">\n\t\t\t\t<div class=\"elementor-widget-container\">\n\t\t\t\t\t\t\t<div class=\"elementor-divider\">\n\t\t\t<span class=\"elementor-divider-separator\">\n\t\t\t\t\t\t<\/span>\n\t\t<\/div>\n\t\t\t\t\t\t<\/div>\n\t\t\t\t<\/div>\n\t\t\t\t<div class=\"elementor-element elementor-element-df5be14 eael-flip-box--3d eael-flipbox-content-align-center elementor-widget elementor-widget-eael-flip-box\" data-id=\"df5be14\" data-element_type=\"widget\" data-e-type=\"widget\" data-widget_type=\"eael-flip-box.default\">\n\t\t\t\t<div class=\"elementor-widget-container\">\n\t\t\t\t\t        <div class=\"eael-elements-flip-box-container eael-animate-flip eael-animate-left eael-content eael-flip-box-hover eael-flipbox-fixed-height eael-flipbox-dynamic\">\n\n            <div class=\"eael-elements-flip-box-flip-card\">\n                <div class=\"eael-elements-flip-box-front-container\">\n                    \n                    \n                        <div class=\"eael-elements-slider-display-table\">\n                            <div class=\"eael-elements-flip-box-vertical-align\">\n                                <div class=\"eael-elements-flip-box-padding\">\n                                    <div class=\"eael-elements-flip-box-icon-image\">\n                                                                                    <i aria-hidden=\"true\" class=\"ea-flipbox-icon fas fa-handshake\"><\/i>                                                                                    <\/div>\n                                    <h2 class=\"eael-elements-flip-box-heading\">SEMINARIA<\/h2>                                    <div class=\"eael-elements-flip-box-content\">\n\t                                    <blockquote><h2 class=\"elementor-heading-title elementor-size-default\"><span style=\"font-size: 14pt;color: #ffffff\">Razem dla zdrowia psychicznego dzieci i m\u0142odzie\u017cy<\/span><\/h2><\/blockquote>                                    <\/div>\n                                <\/div>\n                            <\/div>\n                        <\/div>\n                                    <\/div>\n\n                <div class=\"eael-elements-flip-box-rear-container\">\n                                                                <div class=\"eael-elements-slider-display-table\">\n                            <div class=\"eael-elements-flip-box-vertical-align\">\n                                <div class=\"eael-elements-flip-box-padding\">\n                                                                            <div class=\"eael-elements-flip-box-icon-image\">\n                                            <i aria-hidden=\"true\" class=\"ea-flipbox-icon fas fa-hand-holding-heart\"><\/i>                                                <\/div>\n                                                                                                            <h2 class=\"eael-elements-flip-box-heading\">SEMINARIA<\/h2>\n                                                                        <div class=\"eael-elements-flip-box-content\">\n                                                                            <\/div>\n\n                                                                            <a class=\"flipbox-button\" href=\"https:\/\/rotary.zamosc.pl\/index.php\/razem-dla-zdrowia-psychicznego-dzieci-i-mlodziezy\/\">\n                                                                                        ZAPRASZAMY                                            <i aria-hidden=\"true\" class=\"ea-flipbox-icon far fa-arrow-alt-circle-down\"><\/i>                                                <\/a>\n                                                                    <\/div>\n                            <\/div>\n                        <\/div>\n                                    <\/div>\n            <\/div>\n        <\/div>\n        \t\t\t\t<\/div>\n\t\t\t\t<\/div>\n\t\t\t\t\t<\/div>\n\t\t<\/div>\n\t\t\t\t\t<\/div>\n\t\t<\/section>\n\t\t\t\t<\/div>\n\t\t","protected":false},"excerpt":{"rendered":"<p>Stypendia dla uzdolnionej m\u0142odzie\u017cy z PLSP w Zamo\u015bciu 17 marca 2026 Rotary Club Zamo\u015b\u0107 ufundowa\u0142 dwa stypendia po 1500 z\u0142otych uzdolnionym&#8230; Czytaj wi\u0119cej&#8230; Zdrowie psychiczne dzieci i m\u0142odzie\u017cy w Polsce. 27 lutego 2026 &#8222; Ponad 2000 pr\u00f3b samob\u00f3jczych w samym ubieg\u0142ym roku to&#8230; Czytaj wi\u0119cej&#8230; 9 lutego 2026 Zaproszenie na Seminarium \u201eRodzina podstaw\u0105 zdrowia psychicznego&#8230;<\/p>\n","protected":false},"author":1,"featured_media":0,"parent":0,"menu_order":0,"comment_status":"closed","ping_status":"closed","template":"","meta":{"footnotes":""},"class_list":["post-6018","page","type-page","status-publish","hentry"],"rttpg_featured_image_url":null,"rttpg_author":{"display_name":"rotaryzamosc","author_link":"https:\/\/rotary.zamosc.pl\/index.php\/author\/rotaryzamosc\/"},"rttpg_comment":0,"rttpg_category":"","rttpg_excerpt":"Stypendia dla uzdolnionej m\u0142odzie\u017cy z PLSP w Zamo\u015bciu 17 marca 2026 Rotary Club Zamo\u015b\u0107 ufundowa\u0142 dwa stypendia po 1500 z\u0142otych uzdolnionym&#8230; Czytaj wi\u0119cej&#8230; Zdrowie psychiczne dzieci i m\u0142odzie\u017cy w Polsce. 27 lutego 2026 &#8222; Ponad 2000 pr\u00f3b samob\u00f3jczych w samym ubieg\u0142ym roku to&#8230; Czytaj wi\u0119cej&#8230; 9 lutego 2026 Zaproszenie na Seminarium \u201eRodzina podstaw\u0105 zdrowia psychicznego...","_links":{"self":[{"href":"https:\/\/rotary.zamosc.pl\/index.php\/wp-json\/wp\/v2\/pages\/6018","targetHints":{"allow":["GET"]}}],"collection":[{"href":"https:\/\/rotary.zamosc.pl\/index.php\/wp-json\/wp\/v2\/pages"}],"about":[{"href":"https:\/\/rotary.zamosc.pl\/index.php\/wp-json\/wp\/v2\/types\/page"}],"author":[{"embeddable":true,"href":"https:\/\/rotary.zamosc.pl\/index.php\/wp-json\/wp\/v2\/users\/1"}],"replies":[{"embeddable":true,"href":"https:\/\/rotary.zamosc.pl\/index.php\/wp-json\/wp\/v2\/comments?post=6018"}],"version-history":[{"count":195,"href":"https:\/\/rotary.zamosc.pl\/index.php\/wp-json\/wp\/v2\/pages\/6018\/revisions"}],"predecessor-version":[{"id":8186,"href":"https:\/\/rotary.zamosc.pl\/index.php\/wp-json\/wp\/v2\/pages\/6018\/revisions\/8186"}],"wp:attachment":[{"href":"https:\/\/rotary.zamosc.pl\/index.php\/wp-json\/wp\/v2\/media?parent=6018"}],"curies":[{"name":"wp","href":"https:\/\/api.w.org\/{rel}","templated":true}]}}